{"id":12,"date":"2025-08-27T10:47:57","date_gmt":"2025-08-27T08:47:57","guid":{"rendered":"https:\/\/aedcoro.com\/?page_id=12"},"modified":"2026-03-13T17:18:48","modified_gmt":"2026-03-13T16:18:48","slug":"inicio","status":"publish","type":"page","link":"https:\/\/aedcoro.com\/en\/","title":{"rendered":"Home"},"content":{"rendered":"\t\t<div data-elementor-type=\"wp-post\" data-elementor-id=\"12\" class=\"elementor elementor-12\" data-elementor-post-type=\"page\">\n\t\t\t\t<div class=\"elementor-element elementor-element-22d796b0 e-con-full e-flex e-con e-parent\" data-id=\"22d796b0\" data-element_type=\"container\" data-e-type=\"container\" data-settings=\"{&quot;background_background&quot;:&quot;slideshow&quot;,&quot;background_slideshow_gallery&quot;:[{&quot;id&quot;:563,&quot;url&quot;:&quot;https:\\\/\\\/aedcoro.com\\\/wp-content\\\/uploads\\\/Aedcoro_directores-coro_portada.jpg&quot;},{&quot;id&quot;:644,&quot;url&quot;:&quot;https:\\\/\\\/aedcoro.com\\\/wp-content\\\/uploads\\\/musica_1.jpg&quot;},{&quot;id&quot;:248,&quot;url&quot;:&quot;https:\\\/\\\/aedcoro.com\\\/wp-content\\\/uploads\\\/Quienes-somos.webp&quot;},{&quot;id&quot;:645,&quot;url&quot;:&quot;https:\\\/\\\/aedcoro.com\\\/wp-content\\\/uploads\\\/Coro_1.jpg&quot;}],&quot;background_slideshow_lazyload&quot;:&quot;yes&quot;,&quot;background_slideshow_ken_burns&quot;:&quot;yes&quot;,&quot;background_slideshow_loop&quot;:&quot;yes&quot;,&quot;background_slideshow_slide_duration&quot;:5000,&quot;background_slideshow_slide_transition&quot;:&quot;fade&quot;,&quot;background_slideshow_transition_duration&quot;:500,&quot;background_slideshow_ken_burns_zoom_direction&quot;:&quot;in&quot;}\">\n\t\t<div class=\"elementor-element elementor-element-357f449f e-flex e-con-boxed e-con e-child\" data-id=\"357f449f\" data-element_type=\"container\" data-e-type=\"container\">\n\t\t\t\t\t<div class=\"e-con-inner\">\n\t\t<div class=\"elementor-element elementor-element-7e6e777b e-con-full e-flex e-con e-child\" data-id=\"7e6e777b\" data-element_type=\"container\" data-e-type=\"container\">\n\t\t\t\t<div class=\"elementor-element elementor-element-397afb0f animated-slow elementor-invisible elementor-widget elementor-widget-heading\" data-id=\"397afb0f\" data-element_type=\"widget\" data-e-type=\"widget\" data-settings=\"{&quot;_animation&quot;:&quot;zoomIn&quot;}\" data-widget_type=\"heading.default\">\n\t\t\t\t<div class=\"elementor-widget-container\">\n\t\t\t\t\t<h1 class=\"elementor-heading-title elementor-size-default\">Asociaci\u00f3n Espa\u00f1ola de Directores de Coro<\/h1>\t\t\t\t<\/div>\n\t\t\t\t<\/div>\n\t\t\t\t<div class=\"elementor-element elementor-element-861ac60 animated-slow elementor-invisible elementor-widget elementor-widget-heading\" data-id=\"861ac60\" data-element_type=\"widget\" data-e-type=\"widget\" data-settings=\"{&quot;_animation&quot;:&quot;zoomIn&quot;}\" data-widget_type=\"heading.default\">\n\t\t\t\t<div class=\"elementor-widget-container\">\n\t\t\t\t\t<h2 class=\"elementor-heading-title elementor-size-default\">AED<span style=\"font-weight:300\">CORO<\/span><\/h2>\t\t\t\t<\/div>\n\t\t\t\t<\/div>\n\t\t\t\t<\/div>\n\t\t\t\t\t<\/div>\n\t\t\t\t<\/div>\n\t\t<div class=\"elementor-element elementor-element-67b07d0 e-grid e-con-boxed elementor-invisible e-con e-child\" data-id=\"67b07d0\" data-element_type=\"container\" data-e-type=\"container\" data-settings=\"{&quot;animation&quot;:&quot;fadeIn&quot;,&quot;animation_delay&quot;:200}\">\n\t\t\t\t\t<div class=\"e-con-inner\">\n\t\t<div class=\"elementor-element elementor-element-2d81c95f e-flex e-con-boxed e-con e-child\" data-id=\"2d81c95f\" data-element_type=\"container\" data-e-type=\"container\">\n\t\t\t\t\t<div class=\"e-con-inner\">\n\t\t\t\t<div class=\"elementor-element elementor-element-7dcfadcc elementor-widget elementor-widget-icon-box\" data-id=\"7dcfadcc\" data-element_type=\"widget\" data-e-type=\"widget\" data-widget_type=\"icon-box.default\">\n\t\t\t\t<div class=\"elementor-widget-container\">\n\t\t\t\t\t\t\t<div class=\"elementor-icon-box-wrapper\">\n\n\t\t\t\n\t\t\t\t\t\t<div class=\"elementor-icon-box-content\">\n\n\t\t\t\t\t\t\t\t\t<h3 class=\"elementor-icon-box-title\">\n\t\t\t\t\t\t<a href=\"https:\/\/aedcoro.com\/en\/la-asociacion\/\" >\n\t\t\t\t\t\t\tLa Asociaci\u00f3n\t\t\t\t\t\t<\/a>\n\t\t\t\t\t<\/h3>\n\t\t\t\t\n\t\t\t\t\t\t\t\t\t<p class=\"elementor-icon-box-description\">\n\t\t\t\t\t\tEspacio de encuentro y comunicaci\u00f3n desde el que dar voz a las inquietudes de los directores de coro.\t\t\t\t\t<\/p>\n\t\t\t\t\n\t\t\t<\/div>\n\t\t\t\n\t\t<\/div>\n\t\t\t\t\t\t<\/div>\n\t\t\t\t<\/div>\n\t\t\t\t<div class=\"elementor-element elementor-element-31cd00e elementor-widget elementor-widget-button\" data-id=\"31cd00e\" data-element_type=\"widget\" data-e-type=\"widget\" data-widget_type=\"button.default\">\n\t\t\t\t<div class=\"elementor-widget-container\">\n\t\t\t\t\t\t\t\t\t<div class=\"elementor-button-wrapper\">\n\t\t\t\t\t<a class=\"elementor-button elementor-button-link elementor-size-sm\" href=\"https:\/\/aedcoro.com\/en\/la-asociacion\/\">\n\t\t\t\t\t\t<span class=\"elementor-button-content-wrapper\">\n\t\t\t\t\t\t\t\t\t<span class=\"elementor-button-text\">Con\u00f3cenos<\/span>\n\t\t\t\t\t<\/span>\n\t\t\t\t\t<\/a>\n\t\t\t\t<\/div>\n\t\t\t\t\t\t\t\t<\/div>\n\t\t\t\t<\/div>\n\t\t\t\t\t<\/div>\n\t\t\t\t<\/div>\n\t\t<div class=\"elementor-element elementor-element-2f4dddbb e-flex e-con-boxed e-con e-child\" data-id=\"2f4dddbb\" data-element_type=\"container\" data-e-type=\"container\">\n\t\t\t\t\t<div class=\"e-con-inner\">\n\t\t\t\t<div class=\"elementor-element elementor-element-4fa631f6 elementor-widget elementor-widget-icon-box\" data-id=\"4fa631f6\" data-element_type=\"widget\" data-e-type=\"widget\" data-widget_type=\"icon-box.default\">\n\t\t\t\t<div class=\"elementor-widget-container\">\n\t\t\t\t\t\t\t<div class=\"elementor-icon-box-wrapper\">\n\n\t\t\t\n\t\t\t\t\t\t<div class=\"elementor-icon-box-content\">\n\n\t\t\t\t\t\t\t\t\t<h3 class=\"elementor-icon-box-title\">\n\t\t\t\t\t\t<span  >\n\t\t\t\t\t\t\tNuestros socios\t\t\t\t\t\t<\/span>\n\t\t\t\t\t<\/h3>\n\t\t\t\t\n\t\t\t\t\t\t\t\t\t<p class=\"elementor-icon-box-description\">\n\t\t\t\t\t\tAgrupamos a directores de coro de toda Espa\u00f1a y a una red amplia de entidades colaboradoras.\t\t\t\t\t<\/p>\n\t\t\t\t\n\t\t\t<\/div>\n\t\t\t\n\t\t<\/div>\n\t\t\t\t\t\t<\/div>\n\t\t\t\t<\/div>\n\t\t\t\t<div class=\"elementor-element elementor-element-55c04fa elementor-widget elementor-widget-button\" data-id=\"55c04fa\" data-element_type=\"widget\" data-e-type=\"widget\" data-widget_type=\"button.default\">\n\t\t\t\t<div class=\"elementor-widget-container\">\n\t\t\t\t\t\t\t\t\t<div class=\"elementor-button-wrapper\">\n\t\t\t\t\t<a class=\"elementor-button elementor-button-link elementor-size-sm\" href=\"\/socios\/\">\n\t\t\t\t\t\t<span class=\"elementor-button-content-wrapper\">\n\t\t\t\t\t\t\t\t\t<span class=\"elementor-button-text\">Qui\u00e9nes somos<\/span>\n\t\t\t\t\t<\/span>\n\t\t\t\t\t<\/a>\n\t\t\t\t<\/div>\n\t\t\t\t\t\t\t\t<\/div>\n\t\t\t\t<\/div>\n\t\t\t\t\t<\/div>\n\t\t\t\t<\/div>\n\t\t<div class=\"elementor-element elementor-element-582e05ae e-flex e-con-boxed e-con e-child\" data-id=\"582e05ae\" data-element_type=\"container\" data-e-type=\"container\">\n\t\t\t\t\t<div class=\"e-con-inner\">\n\t\t\t\t<div class=\"elementor-element elementor-element-253f841c elementor-widget elementor-widget-icon-box\" data-id=\"253f841c\" data-element_type=\"widget\" data-e-type=\"widget\" data-widget_type=\"icon-box.default\">\n\t\t\t\t<div class=\"elementor-widget-container\">\n\t\t\t\t\t\t\t<div class=\"elementor-icon-box-wrapper\">\n\n\t\t\t\n\t\t\t\t\t\t<div class=\"elementor-icon-box-content\">\n\n\t\t\t\t\t\t\t\t\t<h3 class=\"elementor-icon-box-title\">\n\t\t\t\t\t\t<span  >\n\t\t\t\t\t\t\tEventos\t\t\t\t\t\t<\/span>\n\t\t\t\t\t<\/h3>\n\t\t\t\t\n\t\t\t\t\t\t\t\t\t<p class=\"elementor-icon-box-description\">\n\t\t\t\t\t\tCompartimos las formaciones y eventos m\u00e1s relevantes del mundo coral. <br>\n\u00a1No te las pierdas!\t\t\t\t\t<\/p>\n\t\t\t\t\n\t\t\t<\/div>\n\t\t\t\n\t\t<\/div>\n\t\t\t\t\t\t<\/div>\n\t\t\t\t<\/div>\n\t\t\t\t<div class=\"elementor-element elementor-element-5e32ad9 elementor-widget elementor-widget-button\" data-id=\"5e32ad9\" data-element_type=\"widget\" data-e-type=\"widget\" data-widget_type=\"button.default\">\n\t\t\t\t<div class=\"elementor-widget-container\">\n\t\t\t\t\t\t\t\t\t<div class=\"elementor-button-wrapper\">\n\t\t\t\t\t<a class=\"elementor-button elementor-button-link elementor-size-sm\" href=\"\/eventos\">\n\t\t\t\t\t\t<span class=\"elementor-button-content-wrapper\">\n\t\t\t\t\t\t\t\t\t<span class=\"elementor-button-text\">Qu\u00e9 hacemos<\/span>\n\t\t\t\t\t<\/span>\n\t\t\t\t\t<\/a>\n\t\t\t\t<\/div>\n\t\t\t\t\t\t\t\t<\/div>\n\t\t\t\t<\/div>\n\t\t\t\t\t<\/div>\n\t\t\t\t<\/div>\n\t\t\t\t\t<\/div>\n\t\t\t\t<\/div>\n\t\t\t\t<\/div>\n\t\t<div class=\"elementor-element elementor-element-26294a96 e-flex e-con-boxed e-con e-parent\" data-id=\"26294a96\" data-element_type=\"container\" data-e-type=\"container\" data-settings=\"{&quot;background_background&quot;:&quot;classic&quot;}\">\n\t\t\t\t\t<div class=\"e-con-inner\">\n\t\t<div class=\"elementor-element elementor-element-4ae69653 e-con-full e-flex elementor-invisible e-con e-child\" data-id=\"4ae69653\" data-element_type=\"container\" data-e-type=\"container\" data-settings=\"{&quot;animation&quot;:&quot;fadeInRight&quot;}\">\n\t\t\t\t<div class=\"elementor-element elementor-element-191309e6 elementor-widget elementor-widget-heading\" data-id=\"191309e6\" data-element_type=\"widget\" data-e-type=\"widget\" data-widget_type=\"heading.default\">\n\t\t\t\t<div class=\"elementor-widget-container\">\n\t\t\t\t\t<h4 class=\"elementor-heading-title elementor-size-default\">AEDCORO<\/h4>\t\t\t\t<\/div>\n\t\t\t\t<\/div>\n\t\t\t\t<div class=\"elementor-element elementor-element-5907fa2d elementor-widget elementor-widget-heading\" data-id=\"5907fa2d\" data-element_type=\"widget\" data-e-type=\"widget\" data-widget_type=\"heading.default\">\n\t\t\t\t<div class=\"elementor-widget-container\">\n\t\t\t\t\t<h2 class=\"elementor-heading-title elementor-size-default\">Dando voz a la m\u00fasica coral<\/h2>\t\t\t\t<\/div>\n\t\t\t\t<\/div>\n\t\t\t\t<div class=\"elementor-element elementor-element-74cb53b3 elementor-widget elementor-widget-text-editor\" data-id=\"74cb53b3\" data-element_type=\"widget\" data-e-type=\"widget\" data-widget_type=\"text-editor.default\">\n\t\t\t\t<div class=\"elementor-widget-container\">\n\t\t\t\t\t\t\t\t\t<p>Somos la \u00fanica asociaci\u00f3n de directores de coro de \u00e1mbito nacional de nuestro pa\u00eds y trabajamos en coordinaci\u00f3n con otros actores del sector para dar voz a la m\u00fasica coral.<\/p>\t\t\t\t\t\t\t\t<\/div>\n\t\t\t\t<\/div>\n\t\t\t\t<\/div>\n\t\t<div class=\"elementor-element elementor-element-2603b87 e-con-full e-flex e-con e-child\" data-id=\"2603b87\" data-element_type=\"container\" data-e-type=\"container\">\n\t\t\t\t<div class=\"elementor-element elementor-element-f94d3e0 elementor-widget elementor-widget-image\" data-id=\"f94d3e0\" data-element_type=\"widget\" data-e-type=\"widget\" data-settings=\"{&quot;motion_fx_motion_fx_scrolling&quot;:&quot;yes&quot;,&quot;motion_fx_translateY_effect&quot;:&quot;yes&quot;,&quot;motion_fx_translateY_speed&quot;:{&quot;unit&quot;:&quot;px&quot;,&quot;size&quot;:2,&quot;sizes&quot;:[]},&quot;motion_fx_translateY_affectedRange&quot;:{&quot;unit&quot;:&quot;%&quot;,&quot;size&quot;:&quot;&quot;,&quot;sizes&quot;:{&quot;start&quot;:0,&quot;end&quot;:50}},&quot;motion_fx_translateX_effect&quot;:&quot;yes&quot;,&quot;motion_fx_translateX_speed&quot;:{&quot;unit&quot;:&quot;px&quot;,&quot;size&quot;:2,&quot;sizes&quot;:[]},&quot;motion_fx_translateX_affectedRange&quot;:{&quot;unit&quot;:&quot;%&quot;,&quot;size&quot;:&quot;&quot;,&quot;sizes&quot;:{&quot;start&quot;:0,&quot;end&quot;:50}},&quot;motion_fx_opacity_effect&quot;:&quot;yes&quot;,&quot;motion_fx_opacity_range&quot;:{&quot;unit&quot;:&quot;%&quot;,&quot;size&quot;:&quot;&quot;,&quot;sizes&quot;:{&quot;start&quot;:10,&quot;end&quot;:100}},&quot;motion_fx_scale_effect&quot;:&quot;yes&quot;,&quot;motion_fx_scale_speed&quot;:{&quot;unit&quot;:&quot;px&quot;,&quot;size&quot;:1,&quot;sizes&quot;:[]},&quot;motion_fx_scale_range&quot;:{&quot;unit&quot;:&quot;%&quot;,&quot;size&quot;:&quot;&quot;,&quot;sizes&quot;:{&quot;start&quot;:25,&quot;end&quot;:95}},&quot;motion_fx_opacity_direction&quot;:&quot;out-in&quot;,&quot;motion_fx_opacity_level&quot;:{&quot;unit&quot;:&quot;px&quot;,&quot;size&quot;:10,&quot;sizes&quot;:[]},&quot;motion_fx_scale_direction&quot;:&quot;out-in&quot;,&quot;motion_fx_devices&quot;:[&quot;desktop&quot;,&quot;tablet&quot;,&quot;mobile&quot;]}\" data-widget_type=\"image.default\">\n\t\t\t\t<div class=\"elementor-widget-container\">\n\t\t\t\t\t\t\t\t\t\t\t\t\t\t\t<img fetchpriority=\"high\" decoding=\"async\" width=\"800\" height=\"320\" src=\"https:\/\/aedcoro.com\/wp-content\/uploads\/Logo-AEDCORO_10aniversario_color_completo-1024x409.webp\" class=\"attachment-large size-large wp-image-11343\" alt=\"\" srcset=\"https:\/\/aedcoro.com\/wp-content\/uploads\/Logo-AEDCORO_10aniversario_color_completo-1024x409.webp 1024w, https:\/\/aedcoro.com\/wp-content\/uploads\/Logo-AEDCORO_10aniversario_color_completo-300x120.webp 300w, https:\/\/aedcoro.com\/wp-content\/uploads\/Logo-AEDCORO_10aniversario_color_completo-768x306.webp 768w, https:\/\/aedcoro.com\/wp-content\/uploads\/Logo-AEDCORO_10aniversario_color_completo-1536x613.webp 1536w, https:\/\/aedcoro.com\/wp-content\/uploads\/Logo-AEDCORO_10aniversario_color_completo-2048x817.webp 2048w, https:\/\/aedcoro.com\/wp-content\/uploads\/Logo-AEDCORO_10aniversario_color_completo-18x7.webp 18w, https:\/\/aedcoro.com\/wp-content\/uploads\/Logo-AEDCORO_10aniversario_color_completo-scaled.webp 2000w\" sizes=\"(max-width: 800px) 100vw, 800px\" \/>\t\t\t\t\t\t\t\t\t\t\t\t\t\t\t<\/div>\n\t\t\t\t<\/div>\n\t\t\t\t<\/div>\n\t\t\t\t\t<\/div>\n\t\t\t\t<\/div>\n\t\t<div class=\"elementor-element elementor-element-68c92281 e-flex e-con-boxed e-con e-parent\" data-id=\"68c92281\" data-element_type=\"container\" data-e-type=\"container\" data-settings=\"{&quot;background_background&quot;:&quot;classic&quot;}\">\n\t\t\t\t\t<div class=\"e-con-inner\">\n\t\t<div class=\"elementor-element elementor-element-4862a4d2 e-grid e-con-full e-con e-child\" data-id=\"4862a4d2\" data-element_type=\"container\" data-e-type=\"container\">\n\t\t<div class=\"elementor-element elementor-element-1c85c07 e-con-full e-flex e-con e-child\" data-id=\"1c85c07\" data-element_type=\"container\" data-e-type=\"container\">\n\t\t<div class=\"elementor-element elementor-element-36d981f e-con-full e-flex e-con e-child\" data-id=\"36d981f\" data-element_type=\"container\" data-e-type=\"container\">\n\t\t\t\t<div class=\"elementor-element elementor-element-61917f67 elementor-widget elementor-widget-heading\" data-id=\"61917f67\" data-element_type=\"widget\" data-e-type=\"widget\" data-widget_type=\"heading.default\">\n\t\t\t\t<div class=\"elementor-widget-container\">\n\t\t\t\t\t<h3 class=\"elementor-heading-title elementor-size-default\">Calendario<\/h3>\t\t\t\t<\/div>\n\t\t\t\t<\/div>\n\t\t\t\t<div class=\"elementor-element elementor-element-10e9336 elementor-widget elementor-widget-heading\" data-id=\"10e9336\" data-element_type=\"widget\" data-e-type=\"widget\" data-widget_type=\"heading.default\">\n\t\t\t\t<div class=\"elementor-widget-container\">\n\t\t\t\t\t<h2 class=\"elementor-heading-title elementor-size-default\">Pr\u00f3ximos eventos<\/h2>\t\t\t\t<\/div>\n\t\t\t\t<\/div>\n\t\t\t\t<div class=\"elementor-element elementor-element-3e256a33 elementor-widget-divider--view-line elementor-widget elementor-widget-divider\" data-id=\"3e256a33\" data-element_type=\"widget\" data-e-type=\"widget\" data-widget_type=\"divider.default\">\n\t\t\t\t<div class=\"elementor-widget-container\">\n\t\t\t\t\t\t\t<div class=\"elementor-divider\">\n\t\t\t<span class=\"elementor-divider-separator\">\n\t\t\t\t\t\t<\/span>\n\t\t<\/div>\n\t\t\t\t\t\t<\/div>\n\t\t\t\t<\/div>\n\t\t\t\t<\/div>\n\t\t<div class=\"elementor-element elementor-element-50963f3 e-con-full e-flex e-con e-child\" data-id=\"50963f3\" data-element_type=\"container\" data-e-type=\"container\">\n\t\t\t\t<div class=\"elementor-element elementor-element-b3cc9fc elementor-widget elementor-widget-text-editor\" data-id=\"b3cc9fc\" data-element_type=\"widget\" data-e-type=\"widget\" data-widget_type=\"text-editor.default\">\n\t\t\t\t<div class=\"elementor-widget-container\">\n\t\t\t\t\t\t\t\t\t<p>Aqu\u00ed agrupamos los cert\u00e1menes, formaciones, congresos y eventos m\u00e1s relevantes dentro del mundo coral.<\/p><p><strong>\u00a1Permanece atento y no te pierdas nada!\u00a0<\/strong><\/p>\t\t\t\t\t\t\t\t<\/div>\n\t\t\t\t<\/div>\n\t\t\t\t<\/div>\n\t\t\t\t<\/div>\n\t\t<div class=\"elementor-element elementor-element-63ae8dbc e-flex e-con-boxed elementor-invisible e-con e-child\" data-id=\"63ae8dbc\" data-element_type=\"container\" data-e-type=\"container\" data-settings=\"{&quot;background_background&quot;:&quot;classic&quot;,&quot;animation&quot;:&quot;fadeInRight&quot;}\">\n\t\t\t\t\t<div class=\"e-con-inner\">\n\t\t\t\t<div class=\"elementor-element elementor-element-86e91b3 elementor-widget elementor-widget-html\" data-id=\"86e91b3\" data-element_type=\"widget\" data-e-type=\"widget\" data-widget_type=\"html.default\">\n\t\t\t\t<div class=\"elementor-widget-container\">\n\t\t\t\t\t<style scoped> iframe[data-tec-events-ece-iframe=\"true\"] { width: 100%; height: calc( 100vw + 100px ); max-width: 100%; } @media screen and (min-width: 600px) { iframe[data-tec-events-ece-iframe=\"true\"] { height: 100vw; } } @media screen and (min-width: 853px) { iframe[data-tec-events-ece-iframe=\"true\"] { height: 1065px; } } <\/style> <iframe data-tec-events-ece-iframe=\"true\" src=\"https:\/\/aedcoro.com\/calendar-embed\/7InBjMqY3kO\/embed\/\" frameborder=\"0\" ><\/iframe>\t\t\t\t<\/div>\n\t\t\t\t<\/div>\n\t\t\t\t\t<\/div>\n\t\t\t\t<\/div>\n\t\t\t\t<\/div>\n\t\t\t\t\t<\/div>\n\t\t\t\t<\/div>\n\t\t<div class=\"elementor-element elementor-element-659727d6 e-con-full e-flex e-con e-parent\" data-id=\"659727d6\" data-element_type=\"container\" data-e-type=\"container\" data-settings=\"{&quot;background_background&quot;:&quot;classic&quot;}\">\n\t\t<div class=\"elementor-element elementor-element-3c772c7a e-flex e-con-boxed e-con e-child\" data-id=\"3c772c7a\" data-element_type=\"container\" data-e-type=\"container\">\n\t\t\t\t\t<div class=\"e-con-inner\">\n\t\t<div class=\"elementor-element elementor-element-37719792 e-con-full e-flex elementor-invisible e-con e-child\" data-id=\"37719792\" data-element_type=\"container\" data-e-type=\"container\" data-settings=\"{&quot;animation&quot;:&quot;fadeInLeft&quot;}\">\n\t\t\t\t<div class=\"elementor-element elementor-element-5259a579 elementor-widget elementor-widget-heading\" data-id=\"5259a579\" data-element_type=\"widget\" data-e-type=\"widget\" data-widget_type=\"heading.default\">\n\t\t\t\t<div class=\"elementor-widget-container\">\n\t\t\t\t\t<h2 class=\"elementor-heading-title elementor-size-default\">Poniendo el valor la m\u00fasica coral <\/h2>\t\t\t\t<\/div>\n\t\t\t\t<\/div>\n\t\t\t\t<div class=\"elementor-element elementor-element-775e3e08 elementor-widget elementor-widget-text-editor\" data-id=\"775e3e08\" data-element_type=\"widget\" data-e-type=\"widget\" data-widget_type=\"text-editor.default\">\n\t\t\t\t<div class=\"elementor-widget-container\">\n\t\t\t\t\t\t\t\t\t<p>Visibilizamos la m\u00fasica coral para que tenga el reconocimiento que merece ante la sociedad y las instituciones.<\/p>\t\t\t\t\t\t\t\t<\/div>\n\t\t\t\t<\/div>\n\t\t\t\t<div class=\"elementor-element elementor-element-264133e7 elementor-widget elementor-widget-button\" data-id=\"264133e7\" data-element_type=\"widget\" data-e-type=\"widget\" data-widget_type=\"button.default\">\n\t\t\t\t<div class=\"elementor-widget-container\">\n\t\t\t\t\t\t\t\t\t<div class=\"elementor-button-wrapper\">\n\t\t\t\t\t<a class=\"elementor-button elementor-button-link elementor-size-sm\" href=\"https:\/\/aedcoro.com\/en\/la-asociacion\/\">\n\t\t\t\t\t\t<span class=\"elementor-button-content-wrapper\">\n\t\t\t\t\t\t\t\t\t<span class=\"elementor-button-text\">Conoce m\u00e1s sobre AEDCORO<\/span>\n\t\t\t\t\t<\/span>\n\t\t\t\t\t<\/a>\n\t\t\t\t<\/div>\n\t\t\t\t\t\t\t\t<\/div>\n\t\t\t\t<\/div>\n\t\t\t\t<\/div>\n\t\t\t\t\t<\/div>\n\t\t\t\t<\/div>\n\t\t\t\t<\/div>\n\t\t<div class=\"elementor-element elementor-element-369d07c e-flex e-con-boxed e-con e-parent\" data-id=\"369d07c\" data-element_type=\"container\" data-e-type=\"container\" data-settings=\"{&quot;background_background&quot;:&quot;classic&quot;}\">\n\t\t\t\t\t<div class=\"e-con-inner\">\n\t\t<div class=\"elementor-element elementor-element-64fd355f e-con-full e-flex elementor-invisible e-con e-child\" data-id=\"64fd355f\" data-element_type=\"container\" data-e-type=\"container\" data-settings=\"{&quot;animation&quot;:&quot;fadeInLeft&quot;}\">\n\t\t<div class=\"elementor-element elementor-element-c88119f e-con-full e-flex e-con e-child\" data-id=\"c88119f\" data-element_type=\"container\" data-e-type=\"container\">\n\t\t\t\t<div class=\"elementor-element elementor-element-423ae77c elementor-widget elementor-widget-heading\" data-id=\"423ae77c\" data-element_type=\"widget\" data-e-type=\"widget\" data-widget_type=\"heading.default\">\n\t\t\t\t<div class=\"elementor-widget-container\">\n\t\t\t\t\t<div class=\"elementor-heading-title elementor-size-default\">Novedades<\/div>\t\t\t\t<\/div>\n\t\t\t\t<\/div>\n\t\t\t\t<div class=\"elementor-element elementor-element-16f8c086 elementor-widget elementor-widget-heading\" data-id=\"16f8c086\" data-element_type=\"widget\" data-e-type=\"widget\" data-widget_type=\"heading.default\">\n\t\t\t\t<div class=\"elementor-widget-container\">\n\t\t\t\t\t<h2 class=\"elementor-heading-title elementor-size-default\">S\u00edguenos en redes<\/h2>\t\t\t\t<\/div>\n\t\t\t\t<\/div>\n\t\t\t\t<div class=\"elementor-element elementor-element-a66d046 elementor-widget-divider--view-line elementor-widget elementor-widget-divider\" data-id=\"a66d046\" data-element_type=\"widget\" data-e-type=\"widget\" data-widget_type=\"divider.default\">\n\t\t\t\t<div class=\"elementor-widget-container\">\n\t\t\t\t\t\t\t<div class=\"elementor-divider\">\n\t\t\t<span class=\"elementor-divider-separator\">\n\t\t\t\t\t\t<\/span>\n\t\t<\/div>\n\t\t\t\t\t\t<\/div>\n\t\t\t\t<\/div>\n\t\t\t\t<div class=\"elementor-element elementor-element-7462d20 elementor-widget elementor-widget-text-editor\" data-id=\"7462d20\" data-element_type=\"widget\" data-e-type=\"widget\" data-widget_type=\"text-editor.default\">\n\t\t\t\t<div class=\"elementor-widget-container\">\n\t\t\t\t\t\t\t\t\t<p>\u00a1No te pierdas las actividades y las novedades del mundo coral y permanece atento a nuestras redes!<\/p>\t\t\t\t\t\t\t\t<\/div>\n\t\t\t\t<\/div>\n\t\t\t\t<\/div>\n\t\t<div class=\"elementor-element elementor-element-457a897 e-con-full e-flex e-con e-child\" data-id=\"457a897\" data-element_type=\"container\" data-e-type=\"container\">\n\t\t\t\t<div class=\"elementor-element elementor-element-de6fe73 elementor-shape-circle e-grid-align-left e-grid-align-tablet-center elementor-grid-0 elementor-widget elementor-widget-social-icons\" data-id=\"de6fe73\" data-element_type=\"widget\" data-e-type=\"widget\" data-widget_type=\"social-icons.default\">\n\t\t\t\t<div class=\"elementor-widget-container\">\n\t\t\t\t\t\t\t<div class=\"elementor-social-icons-wrapper elementor-grid\" role=\"list\">\n\t\t\t\t\t\t\t<span class=\"elementor-grid-item\" role=\"listitem\">\n\t\t\t\t\t<a class=\"elementor-icon elementor-social-icon elementor-social-icon-facebook-f elementor-animation-pop elementor-repeater-item-2ea8627\" href=\"https:\/\/www.facebook.com\/aedcoro\/\" target=\"_blank\">\n\t\t\t\t\t\t<span class=\"elementor-screen-only\">Facebook-f<\/span>\n\t\t\t\t\t\t<svg aria-hidden=\"true\" class=\"e-font-icon-svg e-fab-facebook-f\" viewBox=\"0 0 320 512\" xmlns=\"http:\/\/www.w3.org\/2000\/svg\"><path d=\"M279.14 288l14.22-92.66h-88.91v-60.13c0-25.35 12.42-50.06 52.24-50.06h40.42V6.26S260.43 0 225.36 0c-73.22 0-121.08 44.38-121.08 124.72v70.62H22.89V288h81.39v224h100.17V288z\"><\/path><\/svg>\t\t\t\t\t<\/a>\n\t\t\t\t<\/span>\n\t\t\t\t\t\t\t<span class=\"elementor-grid-item\" role=\"listitem\">\n\t\t\t\t\t<a class=\"elementor-icon elementor-social-icon elementor-social-icon-instagram elementor-animation-pop elementor-repeater-item-15a0920\" href=\"https:\/\/www.instagram.com\/aedcoro\/\" target=\"_blank\">\n\t\t\t\t\t\t<span class=\"elementor-screen-only\">Instagram<\/span>\n\t\t\t\t\t\t<svg aria-hidden=\"true\" class=\"e-font-icon-svg e-fab-instagram\" viewBox=\"0 0 448 512\" xmlns=\"http:\/\/www.w3.org\/2000\/svg\"><path d=\"M224.1 141c-63.6 0-114.9 51.3-114.9 114.9s51.3 114.9 114.9 114.9S339 319.5 339 255.9 287.7 141 224.1 141zm0 189.6c-41.1 0-74.7-33.5-74.7-74.7s33.5-74.7 74.7-74.7 74.7 33.5 74.7 74.7-33.6 74.7-74.7 74.7zm146.4-194.3c0 14.9-12 26.8-26.8 26.8-14.9 0-26.8-12-26.8-26.8s12-26.8 26.8-26.8 26.8 12 26.8 26.8zm76.1 27.2c-1.7-35.9-9.9-67.7-36.2-93.9-26.2-26.2-58-34.4-93.9-36.2-37-2.1-147.9-2.1-184.9 0-35.8 1.7-67.6 9.9-93.9 36.1s-34.4 58-36.2 93.9c-2.1 37-2.1 147.9 0 184.9 1.7 35.9 9.9 67.7 36.2 93.9s58 34.4 93.9 36.2c37 2.1 147.9 2.1 184.9 0 35.9-1.7 67.7-9.9 93.9-36.2 26.2-26.2 34.4-58 36.2-93.9 2.1-37 2.1-147.8 0-184.8zM398.8 388c-7.8 19.6-22.9 34.7-42.6 42.6-29.5 11.7-99.5 9-132.1 9s-102.7 2.6-132.1-9c-19.6-7.8-34.7-22.9-42.6-42.6-11.7-29.5-9-99.5-9-132.1s-2.6-102.7 9-132.1c7.8-19.6 22.9-34.7 42.6-42.6 29.5-11.7 99.5-9 132.1-9s102.7-2.6 132.1 9c19.6 7.8 34.7 22.9 42.6 42.6 11.7 29.5 9 99.5 9 132.1s2.7 102.7-9 132.1z\"><\/path><\/svg>\t\t\t\t\t<\/a>\n\t\t\t\t<\/span>\n\t\t\t\t\t\t\t<span class=\"elementor-grid-item\" role=\"listitem\">\n\t\t\t\t\t<a class=\"elementor-icon elementor-social-icon elementor-social-icon-x-twitter elementor-animation-pop elementor-repeater-item-7c43c32\" href=\"https:\/\/x.com\/aedcoro\" target=\"_blank\">\n\t\t\t\t\t\t<span class=\"elementor-screen-only\">X-twitter<\/span>\n\t\t\t\t\t\t<svg aria-hidden=\"true\" class=\"e-font-icon-svg e-fab-x-twitter\" viewBox=\"0 0 512 512\" xmlns=\"http:\/\/www.w3.org\/2000\/svg\"><path d=\"M389.2 48h70.6L305.6 224.2 487 464H345L233.7 318.6 106.5 464H35.8L200.7 275.5 26.8 48H172.4L272.9 180.9 389.2 48zM364.4 421.8h39.1L151.1 88h-42L364.4 421.8z\"><\/path><\/svg>\t\t\t\t\t<\/a>\n\t\t\t\t<\/span>\n\t\t\t\t\t\t\t<span class=\"elementor-grid-item\" role=\"listitem\">\n\t\t\t\t\t<a class=\"elementor-icon elementor-social-icon elementor-social-icon-youtube elementor-animation-pop elementor-repeater-item-5a995a1\" href=\"https:\/\/www.youtube.com\/channel\/UCx3RJQ3BMA4KmkstsrIZk-w\" target=\"_blank\">\n\t\t\t\t\t\t<span class=\"elementor-screen-only\">Youtube<\/span>\n\t\t\t\t\t\t<svg aria-hidden=\"true\" class=\"e-font-icon-svg e-fab-youtube\" viewBox=\"0 0 576 512\" xmlns=\"http:\/\/www.w3.org\/2000\/svg\"><path d=\"M549.655 124.083c-6.281-23.65-24.787-42.276-48.284-48.597C458.781 64 288 64 288 64S117.22 64 74.629 75.486c-23.497 6.322-42.003 24.947-48.284 48.597-11.412 42.867-11.412 132.305-11.412 132.305s0 89.438 11.412 132.305c6.281 23.65 24.787 41.5 48.284 47.821C117.22 448 288 448 288 448s170.78 0 213.371-11.486c23.497-6.321 42.003-24.171 48.284-47.821 11.412-42.867 11.412-132.305 11.412-132.305s0-89.438-11.412-132.305zm-317.51 213.508V175.185l142.739 81.205-142.739 81.201z\"><\/path><\/svg>\t\t\t\t\t<\/a>\n\t\t\t\t<\/span>\n\t\t\t\t\t<\/div>\n\t\t\t\t\t\t<\/div>\n\t\t\t\t<\/div>\n\t\t\t\t<\/div>\n\t\t\t\t<\/div>\n\t\t<div class=\"elementor-element elementor-element-ba68b9c e-con-full e-flex e-con e-child\" data-id=\"ba68b9c\" data-element_type=\"container\" data-e-type=\"container\">\n\t\t\t\t<div class=\"elementor-element elementor-element-d49a5cb elementor-widget elementor-widget-shortcode\" data-id=\"d49a5cb\" data-element_type=\"widget\" data-e-type=\"widget\" data-widget_type=\"shortcode.default\">\n\t\t\t\t<div class=\"elementor-widget-container\">\n\t\t\t\t\t\t\t<div class=\"elementor-shortcode\">\n<div id=\"sb_instagram\"  class=\"sbi sbi_mob_col_1 sbi_tab_col_2 sbi_col_4 sbi_width_resp\" style=\"padding-bottom: 10px;\"\t data-feedid=\"*1\"  data-res=\"auto\" data-cols=\"4\" data-colsmobile=\"1\" data-colstablet=\"2\" data-num=\"12\" data-nummobile=\"8\" data-item-padding=\"5\"\t data-shortcode-atts=\"{&quot;feed&quot;:&quot;1&quot;}\"  data-postid=\"12\" data-locatornonce=\"7da6b76d31\" data-imageaspectratio=\"3:4\" data-sbi-flags=\"favorLocal,gdpr\">\n\t<div class=\"sb_instagram_header  sbi_medium\"   >\n\t<a class=\"sbi_header_link\" target=\"_blank\"\n\t   rel=\"nofollow noopener\" href=\"https:\/\/www.instagram.com\/aedcoro\/\" title=\"@aedcoro\">\n\t\t<div class=\"sbi_header_text\">\n\t\t\t<div class=\"sbi_header_img\"  data-avatar-url=\"https:\/\/scontent-mad2-1.cdninstagram.com\/v\/t51.82787-19\/642990557_18081119927203871_2136565045452556818_n.jpg?stp=dst-jpg_s206x206_tt6&amp;_nc_cat=108&amp;ccb=7-5&amp;_nc_sid=bf7eb4&amp;efg=eyJ2ZW5jb2RlX3RhZyI6InByb2ZpbGVfcGljLnd3dy4xMDgwLkMzIn0%3D&amp;_nc_ohc=IeErARHEv1UQ7kNvwFTHBmK&amp;_nc_oc=AdpUkHOdxxu27kyjoTKO5GBz2ACpc6fDLDs9Sd0N9wocdqRKopiN7sWItQd-vOOnVwQ&amp;_nc_zt=24&amp;_nc_ht=scontent-mad2-1.cdninstagram.com&amp;edm=AP4hL3IEAAAA&amp;_nc_gid=UFQEWmn1OmkCuAJOaS8c6g&amp;_nc_tpa=Q5bMBQEuaOrqM7xP-Ci5tKdrS4kBkIDc9ACqsyYD6eS0LbxU_V7wz0ROrjxB8rFfBAiwxo8GmkNr9njm_w&amp;oh=00_Af5IWDg36F7gW3McrIvVl5r-U21XlbjUkg8lYWG6eDnzuA&amp;oe=69FC8DD2\">\n\t\t\t\t\t\t\t\t\t<div class=\"sbi_header_img_hover\"  ><svg class=\"sbi_new_logo fa-instagram fa-w-14\" aria-hidden=\"true\" data-fa-processed=\"\" aria-label=\"Instagram\" data-prefix=\"fab\" data-icon=\"instagram\" role=\"img\" viewBox=\"0 0 448 512\">\n                    <path fill=\"currentColor\" d=\"M224.1 141c-63.6 0-114.9 51.3-114.9 114.9s51.3 114.9 114.9 114.9S339 319.5 339 255.9 287.7 141 224.1 141zm0 189.6c-41.1 0-74.7-33.5-74.7-74.7s33.5-74.7 74.7-74.7 74.7 33.5 74.7 74.7-33.6 74.7-74.7 74.7zm146.4-194.3c0 14.9-12 26.8-26.8 26.8-14.9 0-26.8-12-26.8-26.8s12-26.8 26.8-26.8 26.8 12 26.8 26.8zm76.1 27.2c-1.7-35.9-9.9-67.7-36.2-93.9-26.2-26.2-58-34.4-93.9-36.2-37-2.1-147.9-2.1-184.9 0-35.8 1.7-67.6 9.9-93.9 36.1s-34.4 58-36.2 93.9c-2.1 37-2.1 147.9 0 184.9 1.7 35.9 9.9 67.7 36.2 93.9s58 34.4 93.9 36.2c37 2.1 147.9 2.1 184.9 0 35.9-1.7 67.7-9.9 93.9-36.2 26.2-26.2 34.4-58 36.2-93.9 2.1-37 2.1-147.8 0-184.8zM398.8 388c-7.8 19.6-22.9 34.7-42.6 42.6-29.5 11.7-99.5 9-132.1 9s-102.7 2.6-132.1-9c-19.6-7.8-34.7-22.9-42.6-42.6-11.7-29.5-9-99.5-9-132.1s-2.6-102.7 9-132.1c7.8-19.6 22.9-34.7 42.6-42.6 29.5-11.7 99.5-9 132.1-9s102.7-2.6 132.1 9c19.6 7.8 34.7 22.9 42.6 42.6 11.7 29.5 9 99.5 9 132.1s2.7 102.7-9 132.1z\"><\/path>\n                <\/svg><\/div>\n\t\t\t\t\t<img decoding=\"async\"  src=\"https:\/\/aedcoro.com\/wp-content\/uploads\/sb-instagram-feed-images\/aedcoro.webp\" alt=\"\" width=\"50\" height=\"50\">\n\t\t\t\t\n\t\t\t\t\t\t\t<\/div>\n\n\t\t\t<div class=\"sbi_feedtheme_header_text\">\n\t\t\t\t<h3>aedcoro<\/h3>\n\t\t\t\t\t\t\t\t\t<p class=\"sbi_bio\">Asociaci\u00f3n Espa\u00f1ola de Directores de Coro.<br>\nTenemos el prop\u00f3sito de poner en valor la m\u00fasica coral y la labor que realizamos los directores de coro.<\/p>\n\t\t\t\t\t\t\t<\/div>\n\t\t<\/div>\n\t<\/a>\n<\/div>\n\n\t<div id=\"sbi_images\"  style=\"gap: 10px;\">\n\t\t<div class=\"sbi_item sbi_type_image sbi_new sbi_transition\"\n\tid=\"sbi_18053061491507285\" data-date=\"1776444723\">\n\t<div class=\"sbi_photo_wrap\">\n\t\t<a class=\"sbi_photo\" href=\"https:\/\/www.instagram.com\/p\/DXPW3kCDZRK\/\" target=\"_blank\" rel=\"noopener nofollow\"\n\t\t\tdata-full-res=\"https:\/\/scontent-mad1-1.cdninstagram.com\/v\/t51.82787-15\/670559411_18086434115203871_7096172229904837926_n.jpg?stp=dst-jpg_e35_tt6&#038;_nc_cat=103&#038;ccb=7-5&#038;_nc_sid=18de74&#038;efg=eyJlZmdfdGFnIjoiRkVFRC5iZXN0X2ltYWdlX3VybGdlbi5DMyJ9&#038;_nc_ohc=rnmR4xd_jWMQ7kNvwEU_5Yq&#038;_nc_oc=AdqzRFmV4vNbz1BD2x9LC_FTLFfAlmj4WWNPDDMxx8FvP6dnvHO-_73VxLN3EnwpU0o&#038;_nc_zt=23&#038;_nc_ht=scontent-mad1-1.cdninstagram.com&#038;edm=ANo9K5cEAAAA&#038;_nc_gid=nNFC0zT2zY8NRZN8qZJDtQ&#038;_nc_tpa=Q5bMBQGyjjmbKGiD8HQ067t3dHz9JaeZ5YGcLgVxb5Ang3Rx3Ghm4H1PJc7vT5_8Hezw20VpFUjSIIJ6nw&#038;oh=00_Af4piyjguUtTYMZAATkhaSi5-Ne7qUvxC1JaU3rHwgi8fQ&#038;oe=69FC7B21\"\n\t\t\tdata-img-src-set=\"{&quot;d&quot;:&quot;https:\\\/\\\/scontent-mad1-1.cdninstagram.com\\\/v\\\/t51.82787-15\\\/670559411_18086434115203871_7096172229904837926_n.jpg?stp=dst-jpg_e35_tt6&amp;_nc_cat=103&amp;ccb=7-5&amp;_nc_sid=18de74&amp;efg=eyJlZmdfdGFnIjoiRkVFRC5iZXN0X2ltYWdlX3VybGdlbi5DMyJ9&amp;_nc_ohc=rnmR4xd_jWMQ7kNvwEU_5Yq&amp;_nc_oc=AdqzRFmV4vNbz1BD2x9LC_FTLFfAlmj4WWNPDDMxx8FvP6dnvHO-_73VxLN3EnwpU0o&amp;_nc_zt=23&amp;_nc_ht=scontent-mad1-1.cdninstagram.com&amp;edm=ANo9K5cEAAAA&amp;_nc_gid=nNFC0zT2zY8NRZN8qZJDtQ&amp;_nc_tpa=Q5bMBQGyjjmbKGiD8HQ067t3dHz9JaeZ5YGcLgVxb5Ang3Rx3Ghm4H1PJc7vT5_8Hezw20VpFUjSIIJ6nw&amp;oh=00_Af4piyjguUtTYMZAATkhaSi5-Ne7qUvxC1JaU3rHwgi8fQ&amp;oe=69FC7B21&quot;,&quot;150&quot;:&quot;https:\\\/\\\/scontent-mad1-1.cdninstagram.com\\\/v\\\/t51.82787-15\\\/670559411_18086434115203871_7096172229904837926_n.jpg?stp=dst-jpg_e35_tt6&amp;_nc_cat=103&amp;ccb=7-5&amp;_nc_sid=18de74&amp;efg=eyJlZmdfdGFnIjoiRkVFRC5iZXN0X2ltYWdlX3VybGdlbi5DMyJ9&amp;_nc_ohc=rnmR4xd_jWMQ7kNvwEU_5Yq&amp;_nc_oc=AdqzRFmV4vNbz1BD2x9LC_FTLFfAlmj4WWNPDDMxx8FvP6dnvHO-_73VxLN3EnwpU0o&amp;_nc_zt=23&amp;_nc_ht=scontent-mad1-1.cdninstagram.com&amp;edm=ANo9K5cEAAAA&amp;_nc_gid=nNFC0zT2zY8NRZN8qZJDtQ&amp;_nc_tpa=Q5bMBQGyjjmbKGiD8HQ067t3dHz9JaeZ5YGcLgVxb5Ang3Rx3Ghm4H1PJc7vT5_8Hezw20VpFUjSIIJ6nw&amp;oh=00_Af4piyjguUtTYMZAATkhaSi5-Ne7qUvxC1JaU3rHwgi8fQ&amp;oe=69FC7B21&quot;,&quot;320&quot;:&quot;https:\\\/\\\/scontent-mad1-1.cdninstagram.com\\\/v\\\/t51.82787-15\\\/670559411_18086434115203871_7096172229904837926_n.jpg?stp=dst-jpg_e35_tt6&amp;_nc_cat=103&amp;ccb=7-5&amp;_nc_sid=18de74&amp;efg=eyJlZmdfdGFnIjoiRkVFRC5iZXN0X2ltYWdlX3VybGdlbi5DMyJ9&amp;_nc_ohc=rnmR4xd_jWMQ7kNvwEU_5Yq&amp;_nc_oc=AdqzRFmV4vNbz1BD2x9LC_FTLFfAlmj4WWNPDDMxx8FvP6dnvHO-_73VxLN3EnwpU0o&amp;_nc_zt=23&amp;_nc_ht=scontent-mad1-1.cdninstagram.com&amp;edm=ANo9K5cEAAAA&amp;_nc_gid=nNFC0zT2zY8NRZN8qZJDtQ&amp;_nc_tpa=Q5bMBQGyjjmbKGiD8HQ067t3dHz9JaeZ5YGcLgVxb5Ang3Rx3Ghm4H1PJc7vT5_8Hezw20VpFUjSIIJ6nw&amp;oh=00_Af4piyjguUtTYMZAATkhaSi5-Ne7qUvxC1JaU3rHwgi8fQ&amp;oe=69FC7B21&quot;,&quot;640&quot;:&quot;https:\\\/\\\/scontent-mad1-1.cdninstagram.com\\\/v\\\/t51.82787-15\\\/670559411_18086434115203871_7096172229904837926_n.jpg?stp=dst-jpg_e35_tt6&amp;_nc_cat=103&amp;ccb=7-5&amp;_nc_sid=18de74&amp;efg=eyJlZmdfdGFnIjoiRkVFRC5iZXN0X2ltYWdlX3VybGdlbi5DMyJ9&amp;_nc_ohc=rnmR4xd_jWMQ7kNvwEU_5Yq&amp;_nc_oc=AdqzRFmV4vNbz1BD2x9LC_FTLFfAlmj4WWNPDDMxx8FvP6dnvHO-_73VxLN3EnwpU0o&amp;_nc_zt=23&amp;_nc_ht=scontent-mad1-1.cdninstagram.com&amp;edm=ANo9K5cEAAAA&amp;_nc_gid=nNFC0zT2zY8NRZN8qZJDtQ&amp;_nc_tpa=Q5bMBQGyjjmbKGiD8HQ067t3dHz9JaeZ5YGcLgVxb5Ang3Rx3Ghm4H1PJc7vT5_8Hezw20VpFUjSIIJ6nw&amp;oh=00_Af4piyjguUtTYMZAATkhaSi5-Ne7qUvxC1JaU3rHwgi8fQ&amp;oe=69FC7B21&quot;}\">\n\t\t\t<span class=\"sbi-screenreader\">\ud83c\udfb6\u2728 Ma\u00f1ana arranca la ilusi\u00f3n coral en Torrevieja \u2728<\/span>\n\t\t\t\t\t\t\t\t\t<img decoding=\"async\" src=\"https:\/\/aedcoro.com\/wp-content\/plugins\/instagram-feed\/img\/placeholder.png\" alt=\"\ud83c\udfb6\u2728 Ma\u00f1ana arranca la ilusi\u00f3n coral en Torrevieja \u2728\ud83c\udfb6\n\nEl 31\u00ba Certamen Internacional Juvenil de Habaneras de Torrevieja comienza este 18 de abril a las 18:00 h en el Teatro Municipal, reuniendo a j\u00f3venes voces de distintos lugares en torno a uno de los g\u00e9neros m\u00e1s emblem\u00e1ticos de nuestra tradici\u00f3n coral. \n\nUn encuentro que, edici\u00f3n tras edici\u00f3n, se consolida como espacio de crecimiento, aprendizaje y convivencia para las nuevas generaciones de cantores, manteniendo viva la esencia de la habanera y proyect\u00e1ndola hacia el futuro.\n\nDesde AEDCORO celebramos especialmente esta cita, en la que contamos con la participaci\u00f3n de asociados tanto en el jurado como en los coros participantes, reflejo del compromiso y la implicaci\u00f3n de nuestra comunidad en el desarrollo del canto coral juvenil.\n\n\u00a1Mucha suerte a todos los coros participantes! \ud83c\udfbc\n\n\ud83c\udfac Pod\u00e9is seguirlo en directo en el siguiente enlace: https:\/\/youtube.com\/@certamenhabanerastorrevieja?si=o6pN-RbrPlfKqv4V\n\n#AEDCORO #certamentorrevieja #CantoCoral #M\u00fasicaCoral #Torrevieja\" aria-hidden=\"true\">\n\t\t<\/a>\n\t<\/div>\n<\/div><div class=\"sbi_item sbi_type_image sbi_new sbi_transition\"\n\tid=\"sbi_18044826977532124\" data-date=\"1775856580\">\n\t<div class=\"sbi_photo_wrap\">\n\t\t<a class=\"sbi_photo\" href=\"https:\/\/www.instagram.com\/p\/DW912rOjRy1\/\" target=\"_blank\" rel=\"noopener nofollow\"\n\t\t\tdata-full-res=\"https:\/\/scontent-mad1-1.cdninstagram.com\/v\/t51.82787-15\/670509956_18085754204203871_4232275432974608610_n.webp?stp=dst-jpg_e35_tt6&#038;_nc_cat=103&#038;ccb=7-5&#038;_nc_sid=18de74&#038;efg=eyJlZmdfdGFnIjoiRkVFRC5iZXN0X2ltYWdlX3VybGdlbi5DMyJ9&#038;_nc_ohc=20PvBXMl6UsQ7kNvwHa4vKr&#038;_nc_oc=AdrayGQwhsvTXpgPuhKBElFS9Peg5mLDRmKRH6FCo3eDLOQj0q4M7PjlVhjUCe8NEKI&#038;_nc_zt=23&#038;_nc_ht=scontent-mad1-1.cdninstagram.com&#038;edm=ANo9K5cEAAAA&#038;_nc_gid=nNFC0zT2zY8NRZN8qZJDtQ&#038;_nc_tpa=Q5bMBQFzScBGNnyHKpuIX-mYxxRSV4ReRiWPUWdMm6BlGpSfvEXU7FirC8kZhminZU79l2xfZNVEhO5IyA&#038;oh=00_Af4r2CdcWkbs0hTDf7WxIiTv1OSAWrrhP02MTJdXineR9A&#038;oe=69FC9F87\"\n\t\t\tdata-img-src-set=\"{&quot;d&quot;:&quot;https:\\\/\\\/scontent-mad1-1.cdninstagram.com\\\/v\\\/t51.82787-15\\\/670509956_18085754204203871_4232275432974608610_n.webp?stp=dst-jpg_e35_tt6&amp;_nc_cat=103&amp;ccb=7-5&amp;_nc_sid=18de74&amp;efg=eyJlZmdfdGFnIjoiRkVFRC5iZXN0X2ltYWdlX3VybGdlbi5DMyJ9&amp;_nc_ohc=20PvBXMl6UsQ7kNvwHa4vKr&amp;_nc_oc=AdrayGQwhsvTXpgPuhKBElFS9Peg5mLDRmKRH6FCo3eDLOQj0q4M7PjlVhjUCe8NEKI&amp;_nc_zt=23&amp;_nc_ht=scontent-mad1-1.cdninstagram.com&amp;edm=ANo9K5cEAAAA&amp;_nc_gid=nNFC0zT2zY8NRZN8qZJDtQ&amp;_nc_tpa=Q5bMBQFzScBGNnyHKpuIX-mYxxRSV4ReRiWPUWdMm6BlGpSfvEXU7FirC8kZhminZU79l2xfZNVEhO5IyA&amp;oh=00_Af4r2CdcWkbs0hTDf7WxIiTv1OSAWrrhP02MTJdXineR9A&amp;oe=69FC9F87&quot;,&quot;150&quot;:&quot;https:\\\/\\\/scontent-mad1-1.cdninstagram.com\\\/v\\\/t51.82787-15\\\/670509956_18085754204203871_4232275432974608610_n.webp?stp=dst-jpg_e35_tt6&amp;_nc_cat=103&amp;ccb=7-5&amp;_nc_sid=18de74&amp;efg=eyJlZmdfdGFnIjoiRkVFRC5iZXN0X2ltYWdlX3VybGdlbi5DMyJ9&amp;_nc_ohc=20PvBXMl6UsQ7kNvwHa4vKr&amp;_nc_oc=AdrayGQwhsvTXpgPuhKBElFS9Peg5mLDRmKRH6FCo3eDLOQj0q4M7PjlVhjUCe8NEKI&amp;_nc_zt=23&amp;_nc_ht=scontent-mad1-1.cdninstagram.com&amp;edm=ANo9K5cEAAAA&amp;_nc_gid=nNFC0zT2zY8NRZN8qZJDtQ&amp;_nc_tpa=Q5bMBQFzScBGNnyHKpuIX-mYxxRSV4ReRiWPUWdMm6BlGpSfvEXU7FirC8kZhminZU79l2xfZNVEhO5IyA&amp;oh=00_Af4r2CdcWkbs0hTDf7WxIiTv1OSAWrrhP02MTJdXineR9A&amp;oe=69FC9F87&quot;,&quot;320&quot;:&quot;https:\\\/\\\/scontent-mad1-1.cdninstagram.com\\\/v\\\/t51.82787-15\\\/670509956_18085754204203871_4232275432974608610_n.webp?stp=dst-jpg_e35_tt6&amp;_nc_cat=103&amp;ccb=7-5&amp;_nc_sid=18de74&amp;efg=eyJlZmdfdGFnIjoiRkVFRC5iZXN0X2ltYWdlX3VybGdlbi5DMyJ9&amp;_nc_ohc=20PvBXMl6UsQ7kNvwHa4vKr&amp;_nc_oc=AdrayGQwhsvTXpgPuhKBElFS9Peg5mLDRmKRH6FCo3eDLOQj0q4M7PjlVhjUCe8NEKI&amp;_nc_zt=23&amp;_nc_ht=scontent-mad1-1.cdninstagram.com&amp;edm=ANo9K5cEAAAA&amp;_nc_gid=nNFC0zT2zY8NRZN8qZJDtQ&amp;_nc_tpa=Q5bMBQFzScBGNnyHKpuIX-mYxxRSV4ReRiWPUWdMm6BlGpSfvEXU7FirC8kZhminZU79l2xfZNVEhO5IyA&amp;oh=00_Af4r2CdcWkbs0hTDf7WxIiTv1OSAWrrhP02MTJdXineR9A&amp;oe=69FC9F87&quot;,&quot;640&quot;:&quot;https:\\\/\\\/scontent-mad1-1.cdninstagram.com\\\/v\\\/t51.82787-15\\\/670509956_18085754204203871_4232275432974608610_n.webp?stp=dst-jpg_e35_tt6&amp;_nc_cat=103&amp;ccb=7-5&amp;_nc_sid=18de74&amp;efg=eyJlZmdfdGFnIjoiRkVFRC5iZXN0X2ltYWdlX3VybGdlbi5DMyJ9&amp;_nc_ohc=20PvBXMl6UsQ7kNvwHa4vKr&amp;_nc_oc=AdrayGQwhsvTXpgPuhKBElFS9Peg5mLDRmKRH6FCo3eDLOQj0q4M7PjlVhjUCe8NEKI&amp;_nc_zt=23&amp;_nc_ht=scontent-mad1-1.cdninstagram.com&amp;edm=ANo9K5cEAAAA&amp;_nc_gid=nNFC0zT2zY8NRZN8qZJDtQ&amp;_nc_tpa=Q5bMBQFzScBGNnyHKpuIX-mYxxRSV4ReRiWPUWdMm6BlGpSfvEXU7FirC8kZhminZU79l2xfZNVEhO5IyA&amp;oh=00_Af4r2CdcWkbs0hTDf7WxIiTv1OSAWrrhP02MTJdXineR9A&amp;oe=69FC9F87&quot;}\">\n\t\t\t<span class=\"sbi-screenreader\">Hoy ha comenzado\nel Certamen Coral \nen Ejea de los<\/span>\n\t\t\t\t\t\t\t\t\t<img decoding=\"async\" src=\"https:\/\/aedcoro.com\/wp-content\/plugins\/instagram-feed\/img\/placeholder.png\" alt=\"Hoy ha comenzado\nel Certamen Coral \nen Ejea de los Caballeros (Zaragoza), \nenmarcado en las Fiestas del Agua \nde dicha ciudad. \nAdem\u00e1s, la Coral Polif\u00f3nica de Ejea, \nconsiderada la agrupaci\u00f3n coral \nm\u00e1s veterana de Arag\u00f3n, \ncelebra su 75 aniversario, \ny ha inaugurado el fin de semana.\n\nEn 2021, fue declarado \nActividad de Inter\u00e9s\nTur\u00edstico de Arag\u00f3n \npor su valor cultural y educativo, \nas\u00ed como por su contribuci\u00f3n \na la proyecci\u00f3n de la imagen \ntur\u00edstica de la regi\u00f3n. \n\nLa obra obligada de esta 52\u00aa edici\u00f3n \nes \u201cMa\u00f1ana\u201d, del compositor \nCarlos Esteban Gracia. \nCada a\u00f1o se encarga una obra, \ncon temas populares\ny del folklore aragon\u00e9s, \npermitiendo construir\nun patrimonio cultural \nde valor incalculable.\n\nLas 7 agrupaciones corales\nseleccionadas son: \nla Escuela Coral Jard\u00edn Menesteo, \nde El Puerto de Santa Mar\u00eda; \nel Coro Las Veredas,\nde Colmenarejo; \nla Coral Sant\u00edsima Trinidad,\nde Valencia; \nel Coro Juvenil La Voz\nde las Emociones, de \u00c1vila; \nTeselas Ensemble Vocal, \nde Zaragoza; \nel Coro de Voces Iguales \ndel Real Conservatorio Superior \nde M\u00fasica Victoria Eugenia \nde Granada; \ny la Coral Jove del Conservatori \nde Sant Cugat del Vall\u00e8s.\n\nEnrique Azurza es \nel director art\u00edstico del Certamen \ny estar\u00e1 acompa\u00f1ado\npor Elena Ruiz-Ortega,\nIgor Ijurra, Montserrat R\u00edos,\n\u00d3scar Rodr\u00edguez, Xabier Sarasola\ny Elisa G\u00f3mez, \ncomo miembros del jurado.\n\nEste a\u00f1o hay una novedad \ny es que el coro que gane\nel primer premio, \nen la categor\u00eda adulto, \nparticipar\u00e1, como siempre, \nen el Gran Premio Nacional \nde Canto Coral 2027. \nPero si gana este GP, \nadem\u00e1s del premio econ\u00f3mico, \ndar\u00e1 un concierto en la Semana\nde M\u00fasica Religiosa de Cuenca, \nuno de los festivales musicales\nm\u00e1s prestigiosos a nivel\nnacional como internacional.\n\nPara el movimiento coral aragon\u00e9s \nes una cita muy especial\ny nos invitan a unirnos \ud83e\udd1d\n\n\ud83c\udfb5 52 Certamen Coral en Ejea de los Caballeros\n\ud83d\uddd3 Del 10 al 12 de abril de 2026\n\ud83d\udccd Polideportivo Municipal de Ejea de los Caballeros\n\nM\u00e1s informaci\u00f3n \u2139\ufe0f en:\nhttps:\/\/www.ejea.es\/ejea-de-los-caballeros-vuelve-a-convertirse-en-capital-del-canto-coral-en-su-52a-edicion\/ \n\nVarios de nuestros socios\nvan a concursar\ncomo miembros del jurado\no con sus coros.\nMucha suerte a todos\" aria-hidden=\"true\">\n\t\t<\/a>\n\t<\/div>\n<\/div><div class=\"sbi_item sbi_type_image sbi_new sbi_transition\"\n\tid=\"sbi_18105737177307690\" data-date=\"1775492377\">\n\t<div class=\"sbi_photo_wrap\">\n\t\t<a class=\"sbi_photo\" href=\"https:\/\/www.instagram.com\/p\/DWy_MgCDSJm\/\" target=\"_blank\" rel=\"noopener nofollow\"\n\t\t\tdata-full-res=\"https:\/\/scontent-mad1-1.cdninstagram.com\/v\/t51.82787-15\/662331461_18085370174203871_6820985392812723559_n.webp?stp=dst-jpg_e35_tt6&#038;_nc_cat=106&#038;ccb=7-5&#038;_nc_sid=18de74&#038;efg=eyJlZmdfdGFnIjoiRkVFRC5iZXN0X2ltYWdlX3VybGdlbi5DMyJ9&#038;_nc_ohc=W5mriCJIJd4Q7kNvwEsYA-t&#038;_nc_oc=AdqRbEra_IUB7Fp3cOSL_rrBFRjnF7cXEWVzThCZlYOJUmNmfTI5li2En9_dTidzpbc&#038;_nc_zt=23&#038;_nc_ht=scontent-mad1-1.cdninstagram.com&#038;edm=ANo9K5cEAAAA&#038;_nc_gid=nNFC0zT2zY8NRZN8qZJDtQ&#038;_nc_tpa=Q5bMBQGBMNtqyiFumpkSPAWlxCOLHY7gylNRNtxMg0z9kK_T6FB2ZJA3wvzgmcV6J5YdymJlUVrJVqtj7w&#038;oh=00_Af5EwUC4X7b2q7Wq5I0sDstQYacc3hmTEAWrIUk2KoEelg&#038;oe=69FC77B7\"\n\t\t\tdata-img-src-set=\"{&quot;d&quot;:&quot;https:\\\/\\\/scontent-mad1-1.cdninstagram.com\\\/v\\\/t51.82787-15\\\/662331461_18085370174203871_6820985392812723559_n.webp?stp=dst-jpg_e35_tt6&amp;_nc_cat=106&amp;ccb=7-5&amp;_nc_sid=18de74&amp;efg=eyJlZmdfdGFnIjoiRkVFRC5iZXN0X2ltYWdlX3VybGdlbi5DMyJ9&amp;_nc_ohc=W5mriCJIJd4Q7kNvwEsYA-t&amp;_nc_oc=AdqRbEra_IUB7Fp3cOSL_rrBFRjnF7cXEWVzThCZlYOJUmNmfTI5li2En9_dTidzpbc&amp;_nc_zt=23&amp;_nc_ht=scontent-mad1-1.cdninstagram.com&amp;edm=ANo9K5cEAAAA&amp;_nc_gid=nNFC0zT2zY8NRZN8qZJDtQ&amp;_nc_tpa=Q5bMBQGBMNtqyiFumpkSPAWlxCOLHY7gylNRNtxMg0z9kK_T6FB2ZJA3wvzgmcV6J5YdymJlUVrJVqtj7w&amp;oh=00_Af5EwUC4X7b2q7Wq5I0sDstQYacc3hmTEAWrIUk2KoEelg&amp;oe=69FC77B7&quot;,&quot;150&quot;:&quot;https:\\\/\\\/scontent-mad1-1.cdninstagram.com\\\/v\\\/t51.82787-15\\\/662331461_18085370174203871_6820985392812723559_n.webp?stp=dst-jpg_e35_tt6&amp;_nc_cat=106&amp;ccb=7-5&amp;_nc_sid=18de74&amp;efg=eyJlZmdfdGFnIjoiRkVFRC5iZXN0X2ltYWdlX3VybGdlbi5DMyJ9&amp;_nc_ohc=W5mriCJIJd4Q7kNvwEsYA-t&amp;_nc_oc=AdqRbEra_IUB7Fp3cOSL_rrBFRjnF7cXEWVzThCZlYOJUmNmfTI5li2En9_dTidzpbc&amp;_nc_zt=23&amp;_nc_ht=scontent-mad1-1.cdninstagram.com&amp;edm=ANo9K5cEAAAA&amp;_nc_gid=nNFC0zT2zY8NRZN8qZJDtQ&amp;_nc_tpa=Q5bMBQGBMNtqyiFumpkSPAWlxCOLHY7gylNRNtxMg0z9kK_T6FB2ZJA3wvzgmcV6J5YdymJlUVrJVqtj7w&amp;oh=00_Af5EwUC4X7b2q7Wq5I0sDstQYacc3hmTEAWrIUk2KoEelg&amp;oe=69FC77B7&quot;,&quot;320&quot;:&quot;https:\\\/\\\/scontent-mad1-1.cdninstagram.com\\\/v\\\/t51.82787-15\\\/662331461_18085370174203871_6820985392812723559_n.webp?stp=dst-jpg_e35_tt6&amp;_nc_cat=106&amp;ccb=7-5&amp;_nc_sid=18de74&amp;efg=eyJlZmdfdGFnIjoiRkVFRC5iZXN0X2ltYWdlX3VybGdlbi5DMyJ9&amp;_nc_ohc=W5mriCJIJd4Q7kNvwEsYA-t&amp;_nc_oc=AdqRbEra_IUB7Fp3cOSL_rrBFRjnF7cXEWVzThCZlYOJUmNmfTI5li2En9_dTidzpbc&amp;_nc_zt=23&amp;_nc_ht=scontent-mad1-1.cdninstagram.com&amp;edm=ANo9K5cEAAAA&amp;_nc_gid=nNFC0zT2zY8NRZN8qZJDtQ&amp;_nc_tpa=Q5bMBQGBMNtqyiFumpkSPAWlxCOLHY7gylNRNtxMg0z9kK_T6FB2ZJA3wvzgmcV6J5YdymJlUVrJVqtj7w&amp;oh=00_Af5EwUC4X7b2q7Wq5I0sDstQYacc3hmTEAWrIUk2KoEelg&amp;oe=69FC77B7&quot;,&quot;640&quot;:&quot;https:\\\/\\\/scontent-mad1-1.cdninstagram.com\\\/v\\\/t51.82787-15\\\/662331461_18085370174203871_6820985392812723559_n.webp?stp=dst-jpg_e35_tt6&amp;_nc_cat=106&amp;ccb=7-5&amp;_nc_sid=18de74&amp;efg=eyJlZmdfdGFnIjoiRkVFRC5iZXN0X2ltYWdlX3VybGdlbi5DMyJ9&amp;_nc_ohc=W5mriCJIJd4Q7kNvwEsYA-t&amp;_nc_oc=AdqRbEra_IUB7Fp3cOSL_rrBFRjnF7cXEWVzThCZlYOJUmNmfTI5li2En9_dTidzpbc&amp;_nc_zt=23&amp;_nc_ht=scontent-mad1-1.cdninstagram.com&amp;edm=ANo9K5cEAAAA&amp;_nc_gid=nNFC0zT2zY8NRZN8qZJDtQ&amp;_nc_tpa=Q5bMBQGBMNtqyiFumpkSPAWlxCOLHY7gylNRNtxMg0z9kK_T6FB2ZJA3wvzgmcV6J5YdymJlUVrJVqtj7w&amp;oh=00_Af5EwUC4X7b2q7Wq5I0sDstQYacc3hmTEAWrIUk2KoEelg&amp;oe=69FC77B7&quot;}\">\n\t\t\t<span class=\"sbi-screenreader\">Primera reuni\u00f3n \nde la nueva Junta Directiva \nde A<\/span>\n\t\t\t\t\t\t\t\t\t<img decoding=\"async\" src=\"https:\/\/aedcoro.com\/wp-content\/plugins\/instagram-feed\/img\/placeholder.png\" alt=\"Primera reuni\u00f3n \nde la nueva Junta Directiva \nde AEDCORO, \npresidida por Alberto Palac\u00edn.\n\nHa sido intensa y productiva, \nllena de ilusi\u00f3n, \nganas de trabajar \ny nuevas ideas \nque os iremos contando \npoco a poco.\" aria-hidden=\"true\">\n\t\t<\/a>\n\t<\/div>\n<\/div><div class=\"sbi_item sbi_type_carousel sbi_new sbi_transition\"\n\tid=\"sbi_18095058608035302\" data-date=\"1775384629\">\n\t<div class=\"sbi_photo_wrap\">\n\t\t<a class=\"sbi_photo\" href=\"https:\/\/www.instagram.com\/p\/DWvxrw7jWX8\/\" target=\"_blank\" rel=\"noopener nofollow\"\n\t\t\tdata-full-res=\"https:\/\/scontent-mad2-1.cdninstagram.com\/v\/t51.82787-15\/658608059_18085248404203871_8326321562700674114_n.webp?stp=dst-jpg_e35_tt6&#038;_nc_cat=100&#038;ccb=7-5&#038;_nc_sid=18de74&#038;efg=eyJlZmdfdGFnIjoiQ0FST1VTRUxfSVRFTS5iZXN0X2ltYWdlX3VybGdlbi5DMyJ9&#038;_nc_ohc=G7YNiVnmQ-EQ7kNvwGAtqRf&#038;_nc_oc=Adqj1YjI5NdBlWvAcnFemMQkeNi7LuNGm2S0V4VtYyaQTIx7763h9BGUGa_WjuYOeAU&#038;_nc_zt=23&#038;_nc_ht=scontent-mad2-1.cdninstagram.com&#038;edm=ANo9K5cEAAAA&#038;_nc_gid=nNFC0zT2zY8NRZN8qZJDtQ&#038;_nc_tpa=Q5bMBQH9URb0rW0d8a40e-sc1hF5RoDjVky6_7k7H8DPeeBFYnod7gEC5FfFj3mZ6sPGzOOAXfcZkgmIaw&#038;oh=00_Af7uZb56xCXo7XA6d0On0CRaApTnDrdhEnH5UNnVfooqgQ&#038;oe=69FC81C0\"\n\t\t\tdata-img-src-set=\"{&quot;d&quot;:&quot;https:\\\/\\\/scontent-mad2-1.cdninstagram.com\\\/v\\\/t51.82787-15\\\/658608059_18085248404203871_8326321562700674114_n.webp?stp=dst-jpg_e35_tt6&amp;_nc_cat=100&amp;ccb=7-5&amp;_nc_sid=18de74&amp;efg=eyJlZmdfdGFnIjoiQ0FST1VTRUxfSVRFTS5iZXN0X2ltYWdlX3VybGdlbi5DMyJ9&amp;_nc_ohc=G7YNiVnmQ-EQ7kNvwGAtqRf&amp;_nc_oc=Adqj1YjI5NdBlWvAcnFemMQkeNi7LuNGm2S0V4VtYyaQTIx7763h9BGUGa_WjuYOeAU&amp;_nc_zt=23&amp;_nc_ht=scontent-mad2-1.cdninstagram.com&amp;edm=ANo9K5cEAAAA&amp;_nc_gid=nNFC0zT2zY8NRZN8qZJDtQ&amp;_nc_tpa=Q5bMBQH9URb0rW0d8a40e-sc1hF5RoDjVky6_7k7H8DPeeBFYnod7gEC5FfFj3mZ6sPGzOOAXfcZkgmIaw&amp;oh=00_Af7uZb56xCXo7XA6d0On0CRaApTnDrdhEnH5UNnVfooqgQ&amp;oe=69FC81C0&quot;,&quot;150&quot;:&quot;https:\\\/\\\/scontent-mad2-1.cdninstagram.com\\\/v\\\/t51.82787-15\\\/658608059_18085248404203871_8326321562700674114_n.webp?stp=dst-jpg_e35_tt6&amp;_nc_cat=100&amp;ccb=7-5&amp;_nc_sid=18de74&amp;efg=eyJlZmdfdGFnIjoiQ0FST1VTRUxfSVRFTS5iZXN0X2ltYWdlX3VybGdlbi5DMyJ9&amp;_nc_ohc=G7YNiVnmQ-EQ7kNvwGAtqRf&amp;_nc_oc=Adqj1YjI5NdBlWvAcnFemMQkeNi7LuNGm2S0V4VtYyaQTIx7763h9BGUGa_WjuYOeAU&amp;_nc_zt=23&amp;_nc_ht=scontent-mad2-1.cdninstagram.com&amp;edm=ANo9K5cEAAAA&amp;_nc_gid=nNFC0zT2zY8NRZN8qZJDtQ&amp;_nc_tpa=Q5bMBQH9URb0rW0d8a40e-sc1hF5RoDjVky6_7k7H8DPeeBFYnod7gEC5FfFj3mZ6sPGzOOAXfcZkgmIaw&amp;oh=00_Af7uZb56xCXo7XA6d0On0CRaApTnDrdhEnH5UNnVfooqgQ&amp;oe=69FC81C0&quot;,&quot;320&quot;:&quot;https:\\\/\\\/scontent-mad2-1.cdninstagram.com\\\/v\\\/t51.82787-15\\\/658608059_18085248404203871_8326321562700674114_n.webp?stp=dst-jpg_e35_tt6&amp;_nc_cat=100&amp;ccb=7-5&amp;_nc_sid=18de74&amp;efg=eyJlZmdfdGFnIjoiQ0FST1VTRUxfSVRFTS5iZXN0X2ltYWdlX3VybGdlbi5DMyJ9&amp;_nc_ohc=G7YNiVnmQ-EQ7kNvwGAtqRf&amp;_nc_oc=Adqj1YjI5NdBlWvAcnFemMQkeNi7LuNGm2S0V4VtYyaQTIx7763h9BGUGa_WjuYOeAU&amp;_nc_zt=23&amp;_nc_ht=scontent-mad2-1.cdninstagram.com&amp;edm=ANo9K5cEAAAA&amp;_nc_gid=nNFC0zT2zY8NRZN8qZJDtQ&amp;_nc_tpa=Q5bMBQH9URb0rW0d8a40e-sc1hF5RoDjVky6_7k7H8DPeeBFYnod7gEC5FfFj3mZ6sPGzOOAXfcZkgmIaw&amp;oh=00_Af7uZb56xCXo7XA6d0On0CRaApTnDrdhEnH5UNnVfooqgQ&amp;oe=69FC81C0&quot;,&quot;640&quot;:&quot;https:\\\/\\\/scontent-mad2-1.cdninstagram.com\\\/v\\\/t51.82787-15\\\/658608059_18085248404203871_8326321562700674114_n.webp?stp=dst-jpg_e35_tt6&amp;_nc_cat=100&amp;ccb=7-5&amp;_nc_sid=18de74&amp;efg=eyJlZmdfdGFnIjoiQ0FST1VTRUxfSVRFTS5iZXN0X2ltYWdlX3VybGdlbi5DMyJ9&amp;_nc_ohc=G7YNiVnmQ-EQ7kNvwGAtqRf&amp;_nc_oc=Adqj1YjI5NdBlWvAcnFemMQkeNi7LuNGm2S0V4VtYyaQTIx7763h9BGUGa_WjuYOeAU&amp;_nc_zt=23&amp;_nc_ht=scontent-mad2-1.cdninstagram.com&amp;edm=ANo9K5cEAAAA&amp;_nc_gid=nNFC0zT2zY8NRZN8qZJDtQ&amp;_nc_tpa=Q5bMBQH9URb0rW0d8a40e-sc1hF5RoDjVky6_7k7H8DPeeBFYnod7gEC5FfFj3mZ6sPGzOOAXfcZkgmIaw&amp;oh=00_Af7uZb56xCXo7XA6d0On0CRaApTnDrdhEnH5UNnVfooqgQ&amp;oe=69FC81C0&quot;}\">\n\t\t\t<span class=\"sbi-screenreader\">Justo hace una semana \nde nuestra Asamblea General<\/span>\n\t\t\t<svg class=\"svg-inline--fa fa-clone fa-w-16 sbi_lightbox_carousel_icon\" aria-hidden=\"true\" aria-label=\"Clone\" data-fa-pro\u0192cessed=\"\" data-prefix=\"far\" data-icon=\"clone\" role=\"img\" xmlns=\"http:\/\/www.w3.org\/2000\/svg\" viewBox=\"0 0 512 512\">\n                    <path fill=\"currentColor\" d=\"M464 0H144c-26.51 0-48 21.49-48 48v48H48c-26.51 0-48 21.49-48 48v320c0 26.51 21.49 48 48 48h320c26.51 0 48-21.49 48-48v-48h48c26.51 0 48-21.49 48-48V48c0-26.51-21.49-48-48-48zM362 464H54a6 6 0 0 1-6-6V150a6 6 0 0 1 6-6h42v224c0 26.51 21.49 48 48 48h224v42a6 6 0 0 1-6 6zm96-96H150a6 6 0 0 1-6-6V54a6 6 0 0 1 6-6h308a6 6 0 0 1 6 6v308a6 6 0 0 1-6 6z\"><\/path>\n                <\/svg>\t\t\t\t\t\t<img decoding=\"async\" src=\"https:\/\/aedcoro.com\/wp-content\/plugins\/instagram-feed\/img\/placeholder.png\" alt=\"Justo hace una semana \nde nuestra Asamblea General 2026, \npero no fue una m\u00e1s.\n\nLlegamos al Teatro-Auditorio \nJos\u00e9 Luis Perales de Cuenca \ny nos ten\u00edan preparada \nuna m\u00e1quina de caf\u00e9 \ncon unas pastas, agua, etc. \nNos trataron genial\ny les estamos muy agradecidos.\n\nTodo comenz\u00f3 como siempre:\nenchufando ordenadores y cables, \ncon problemas de conexi\u00f3n \nhasta que se solucionaron, \npero lleg\u00f3 la hora de exponer \nel trabajo realizado, \ny el que no ha dado tiempo a hacer \npor diversos motivos, \ny ah\u00ed fue cuando Ram\u00f3n Gil \nempez\u00f3 a darnos las gracias \na todos los que hemos estado \nen su equipo a lo largo \nde estos 8 a\u00f1os de mandato\ny a todos los socios.\n\nY tambi\u00e9n se agradeci\u00f3 \na Alberto, Ana, Joan, \nElena, Xavi y Sof\u00eda,\nsu trabajo, tiempo, esfuerzo \ny labor en estos a\u00f1os.\n\nFue una reuni\u00f3n \nmuy bonita, emotiva y especial,\npues todos reconocimos \nla labor que han realizado, \ntanto Ram\u00f3n como M\u00f3nica,\ny lo que hemos aprendido \ny nos han ense\u00f1ado desde\nel trabajo, la experiencia, \nla humildad, el esfuerzo, \nel ejemplo, la paciencia, \nel cari\u00f1o,...\n\nOs estamos \ninfinitamente agradecidos\nporque hab\u00e9is hecho \nque nuestra asociaci\u00f3n \nhaya crecido y enriquecido,\ntanto a nivel profesional \ncomo humano.\n\n\u00a1Gracias \ud83e\udec2 por tanto!\nOs queremos \u2764\ufe0f.\" aria-hidden=\"true\">\n\t\t<\/a>\n\t<\/div>\n<\/div><div class=\"sbi_item sbi_type_carousel sbi_new sbi_transition\"\n\tid=\"sbi_18113404936606410\" data-date=\"1775339912\">\n\t<div class=\"sbi_photo_wrap\">\n\t\t<a class=\"sbi_photo\" href=\"https:\/\/www.instagram.com\/p\/DWucZLOje3P\/\" target=\"_blank\" rel=\"noopener nofollow\"\n\t\t\tdata-full-res=\"https:\/\/scontent-mad1-1.cdninstagram.com\/v\/t51.82787-15\/658608070_18085205213203871_1139297076457137082_n.webp?stp=dst-jpg_e35_tt6&#038;_nc_cat=107&#038;ccb=7-5&#038;_nc_sid=18de74&#038;efg=eyJlZmdfdGFnIjoiQ0FST1VTRUxfSVRFTS5iZXN0X2ltYWdlX3VybGdlbi5DMyJ9&#038;_nc_ohc=pQ3p0gzglCEQ7kNvwGlDTu1&#038;_nc_oc=Adr1kVIbZyI21rPqQ8xc-q8LyXoXDA8-tZOx2zGCFWI2VLQUhnDR3fus4-ywkfTxN9Q&#038;_nc_zt=23&#038;_nc_ht=scontent-mad1-1.cdninstagram.com&#038;edm=ANo9K5cEAAAA&#038;_nc_gid=nNFC0zT2zY8NRZN8qZJDtQ&#038;_nc_tpa=Q5bMBQENikkjIrhcTwq2VaEJIUtVcfyd-U6xOUiDsydktWlt3JQ6YoAPgka2ErRQyCZ3ch5ulz_YXEYjsw&#038;oh=00_Af6r5T9do94MIBnyZSbP6bS4ejZ7vF3hfmVoxK_EA9llUg&#038;oe=69FC8030\"\n\t\t\tdata-img-src-set=\"{&quot;d&quot;:&quot;https:\\\/\\\/scontent-mad1-1.cdninstagram.com\\\/v\\\/t51.82787-15\\\/658608070_18085205213203871_1139297076457137082_n.webp?stp=dst-jpg_e35_tt6&amp;_nc_cat=107&amp;ccb=7-5&amp;_nc_sid=18de74&amp;efg=eyJlZmdfdGFnIjoiQ0FST1VTRUxfSVRFTS5iZXN0X2ltYWdlX3VybGdlbi5DMyJ9&amp;_nc_ohc=pQ3p0gzglCEQ7kNvwGlDTu1&amp;_nc_oc=Adr1kVIbZyI21rPqQ8xc-q8LyXoXDA8-tZOx2zGCFWI2VLQUhnDR3fus4-ywkfTxN9Q&amp;_nc_zt=23&amp;_nc_ht=scontent-mad1-1.cdninstagram.com&amp;edm=ANo9K5cEAAAA&amp;_nc_gid=nNFC0zT2zY8NRZN8qZJDtQ&amp;_nc_tpa=Q5bMBQENikkjIrhcTwq2VaEJIUtVcfyd-U6xOUiDsydktWlt3JQ6YoAPgka2ErRQyCZ3ch5ulz_YXEYjsw&amp;oh=00_Af6r5T9do94MIBnyZSbP6bS4ejZ7vF3hfmVoxK_EA9llUg&amp;oe=69FC8030&quot;,&quot;150&quot;:&quot;https:\\\/\\\/scontent-mad1-1.cdninstagram.com\\\/v\\\/t51.82787-15\\\/658608070_18085205213203871_1139297076457137082_n.webp?stp=dst-jpg_e35_tt6&amp;_nc_cat=107&amp;ccb=7-5&amp;_nc_sid=18de74&amp;efg=eyJlZmdfdGFnIjoiQ0FST1VTRUxfSVRFTS5iZXN0X2ltYWdlX3VybGdlbi5DMyJ9&amp;_nc_ohc=pQ3p0gzglCEQ7kNvwGlDTu1&amp;_nc_oc=Adr1kVIbZyI21rPqQ8xc-q8LyXoXDA8-tZOx2zGCFWI2VLQUhnDR3fus4-ywkfTxN9Q&amp;_nc_zt=23&amp;_nc_ht=scontent-mad1-1.cdninstagram.com&amp;edm=ANo9K5cEAAAA&amp;_nc_gid=nNFC0zT2zY8NRZN8qZJDtQ&amp;_nc_tpa=Q5bMBQENikkjIrhcTwq2VaEJIUtVcfyd-U6xOUiDsydktWlt3JQ6YoAPgka2ErRQyCZ3ch5ulz_YXEYjsw&amp;oh=00_Af6r5T9do94MIBnyZSbP6bS4ejZ7vF3hfmVoxK_EA9llUg&amp;oe=69FC8030&quot;,&quot;320&quot;:&quot;https:\\\/\\\/scontent-mad1-1.cdninstagram.com\\\/v\\\/t51.82787-15\\\/658608070_18085205213203871_1139297076457137082_n.webp?stp=dst-jpg_e35_tt6&amp;_nc_cat=107&amp;ccb=7-5&amp;_nc_sid=18de74&amp;efg=eyJlZmdfdGFnIjoiQ0FST1VTRUxfSVRFTS5iZXN0X2ltYWdlX3VybGdlbi5DMyJ9&amp;_nc_ohc=pQ3p0gzglCEQ7kNvwGlDTu1&amp;_nc_oc=Adr1kVIbZyI21rPqQ8xc-q8LyXoXDA8-tZOx2zGCFWI2VLQUhnDR3fus4-ywkfTxN9Q&amp;_nc_zt=23&amp;_nc_ht=scontent-mad1-1.cdninstagram.com&amp;edm=ANo9K5cEAAAA&amp;_nc_gid=nNFC0zT2zY8NRZN8qZJDtQ&amp;_nc_tpa=Q5bMBQENikkjIrhcTwq2VaEJIUtVcfyd-U6xOUiDsydktWlt3JQ6YoAPgka2ErRQyCZ3ch5ulz_YXEYjsw&amp;oh=00_Af6r5T9do94MIBnyZSbP6bS4ejZ7vF3hfmVoxK_EA9llUg&amp;oe=69FC8030&quot;,&quot;640&quot;:&quot;https:\\\/\\\/scontent-mad1-1.cdninstagram.com\\\/v\\\/t51.82787-15\\\/658608070_18085205213203871_1139297076457137082_n.webp?stp=dst-jpg_e35_tt6&amp;_nc_cat=107&amp;ccb=7-5&amp;_nc_sid=18de74&amp;efg=eyJlZmdfdGFnIjoiQ0FST1VTRUxfSVRFTS5iZXN0X2ltYWdlX3VybGdlbi5DMyJ9&amp;_nc_ohc=pQ3p0gzglCEQ7kNvwGlDTu1&amp;_nc_oc=Adr1kVIbZyI21rPqQ8xc-q8LyXoXDA8-tZOx2zGCFWI2VLQUhnDR3fus4-ywkfTxN9Q&amp;_nc_zt=23&amp;_nc_ht=scontent-mad1-1.cdninstagram.com&amp;edm=ANo9K5cEAAAA&amp;_nc_gid=nNFC0zT2zY8NRZN8qZJDtQ&amp;_nc_tpa=Q5bMBQENikkjIrhcTwq2VaEJIUtVcfyd-U6xOUiDsydktWlt3JQ6YoAPgka2ErRQyCZ3ch5ulz_YXEYjsw&amp;oh=00_Af6r5T9do94MIBnyZSbP6bS4ejZ7vF3hfmVoxK_EA9llUg&amp;oe=69FC8030&quot;}\">\n\t\t\t<span class=\"sbi-screenreader\">Estuvimos en la preciosa \nCatedral de Cuenca \nescu<\/span>\n\t\t\t<svg class=\"svg-inline--fa fa-clone fa-w-16 sbi_lightbox_carousel_icon\" aria-hidden=\"true\" aria-label=\"Clone\" data-fa-pro\u0192cessed=\"\" data-prefix=\"far\" data-icon=\"clone\" role=\"img\" xmlns=\"http:\/\/www.w3.org\/2000\/svg\" viewBox=\"0 0 512 512\">\n                    <path fill=\"currentColor\" d=\"M464 0H144c-26.51 0-48 21.49-48 48v48H48c-26.51 0-48 21.49-48 48v320c0 26.51 21.49 48 48 48h320c26.51 0 48-21.49 48-48v-48h48c26.51 0 48-21.49 48-48V48c0-26.51-21.49-48-48-48zM362 464H54a6 6 0 0 1-6-6V150a6 6 0 0 1 6-6h42v224c0 26.51 21.49 48 48 48h224v42a6 6 0 0 1-6 6zm96-96H150a6 6 0 0 1-6-6V54a6 6 0 0 1 6-6h308a6 6 0 0 1 6 6v308a6 6 0 0 1-6 6z\"><\/path>\n                <\/svg>\t\t\t\t\t\t<img decoding=\"async\" src=\"https:\/\/aedcoro.com\/wp-content\/plugins\/instagram-feed\/img\/placeholder.png\" alt=\"Estuvimos en la preciosa \nCatedral de Cuenca \nescuchando el concierto inaugural \nde la 63\u00b0 Semana \nde M\u00fasica Religiosa: \n&quot;Peace and War&quot; \npor el Huelgas Ensemble, \ndirigido por Paul van Nevel.\n\nInterpretaron una Misa an\u00f3nima \nescrita en Borgo\u00f1a, hacia 1480, \nbasada en la melod\u00eda de \n&quot;El hombre armado&quot;.\n\nFuimos muy privilegiados,\npues pudimos escuchar \na este magn\u00edfico conjunto \nen el que el nivel roza la perfecci\u00f3n,\nel sonido estuvo cuidado \nen todo momento \ny nos transmiti\u00f3 mucha paz \ud83d\udd4a\ufe0f.\" aria-hidden=\"true\">\n\t\t<\/a>\n\t<\/div>\n<\/div><div class=\"sbi_item sbi_type_carousel sbi_new sbi_transition\"\n\tid=\"sbi_18516191911075627\" data-date=\"1775299248\">\n\t<div class=\"sbi_photo_wrap\">\n\t\t<a class=\"sbi_photo\" href=\"https:\/\/www.instagram.com\/p\/DWtO1PXjcVN\/\" target=\"_blank\" rel=\"noopener nofollow\"\n\t\t\tdata-full-res=\"https:\/\/scontent-mad1-1.cdninstagram.com\/v\/t51.82787-15\/657720677_18085157054203871_5111835088202447277_n.webp?stp=dst-jpg_e35_tt6&#038;_nc_cat=102&#038;ccb=7-5&#038;_nc_sid=18de74&#038;efg=eyJlZmdfdGFnIjoiQ0FST1VTRUxfSVRFTS5iZXN0X2ltYWdlX3VybGdlbi5DMyJ9&#038;_nc_ohc=wFO1BRa7-lMQ7kNvwExjKSY&#038;_nc_oc=AdrmruCmWJBVeQdc9GtTJiYG0-qT4hSsb6yroja0EqzCYPbQaoanHKQtfxuTS1xGMCw&#038;_nc_zt=23&#038;_nc_ht=scontent-mad1-1.cdninstagram.com&#038;edm=ANo9K5cEAAAA&#038;_nc_gid=nNFC0zT2zY8NRZN8qZJDtQ&#038;_nc_tpa=Q5bMBQEkeDzq9jsTG9ngoIqYa9YSBHLgQr336kl5YF8nxjEfqeNYatTUN1eW2EIV8I4YoiMb6epmNE6E3A&#038;oh=00_Af5ahYSGZGhgt9nyK5EqZ0ZRWfANIdDPfs18n-FKgTrLLw&#038;oe=69FC6B88\"\n\t\t\tdata-img-src-set=\"{&quot;d&quot;:&quot;https:\\\/\\\/scontent-mad1-1.cdninstagram.com\\\/v\\\/t51.82787-15\\\/657720677_18085157054203871_5111835088202447277_n.webp?stp=dst-jpg_e35_tt6&amp;_nc_cat=102&amp;ccb=7-5&amp;_nc_sid=18de74&amp;efg=eyJlZmdfdGFnIjoiQ0FST1VTRUxfSVRFTS5iZXN0X2ltYWdlX3VybGdlbi5DMyJ9&amp;_nc_ohc=wFO1BRa7-lMQ7kNvwExjKSY&amp;_nc_oc=AdrmruCmWJBVeQdc9GtTJiYG0-qT4hSsb6yroja0EqzCYPbQaoanHKQtfxuTS1xGMCw&amp;_nc_zt=23&amp;_nc_ht=scontent-mad1-1.cdninstagram.com&amp;edm=ANo9K5cEAAAA&amp;_nc_gid=nNFC0zT2zY8NRZN8qZJDtQ&amp;_nc_tpa=Q5bMBQEkeDzq9jsTG9ngoIqYa9YSBHLgQr336kl5YF8nxjEfqeNYatTUN1eW2EIV8I4YoiMb6epmNE6E3A&amp;oh=00_Af5ahYSGZGhgt9nyK5EqZ0ZRWfANIdDPfs18n-FKgTrLLw&amp;oe=69FC6B88&quot;,&quot;150&quot;:&quot;https:\\\/\\\/scontent-mad1-1.cdninstagram.com\\\/v\\\/t51.82787-15\\\/657720677_18085157054203871_5111835088202447277_n.webp?stp=dst-jpg_e35_tt6&amp;_nc_cat=102&amp;ccb=7-5&amp;_nc_sid=18de74&amp;efg=eyJlZmdfdGFnIjoiQ0FST1VTRUxfSVRFTS5iZXN0X2ltYWdlX3VybGdlbi5DMyJ9&amp;_nc_ohc=wFO1BRa7-lMQ7kNvwExjKSY&amp;_nc_oc=AdrmruCmWJBVeQdc9GtTJiYG0-qT4hSsb6yroja0EqzCYPbQaoanHKQtfxuTS1xGMCw&amp;_nc_zt=23&amp;_nc_ht=scontent-mad1-1.cdninstagram.com&amp;edm=ANo9K5cEAAAA&amp;_nc_gid=nNFC0zT2zY8NRZN8qZJDtQ&amp;_nc_tpa=Q5bMBQEkeDzq9jsTG9ngoIqYa9YSBHLgQr336kl5YF8nxjEfqeNYatTUN1eW2EIV8I4YoiMb6epmNE6E3A&amp;oh=00_Af5ahYSGZGhgt9nyK5EqZ0ZRWfANIdDPfs18n-FKgTrLLw&amp;oe=69FC6B88&quot;,&quot;320&quot;:&quot;https:\\\/\\\/scontent-mad1-1.cdninstagram.com\\\/v\\\/t51.82787-15\\\/657720677_18085157054203871_5111835088202447277_n.webp?stp=dst-jpg_e35_tt6&amp;_nc_cat=102&amp;ccb=7-5&amp;_nc_sid=18de74&amp;efg=eyJlZmdfdGFnIjoiQ0FST1VTRUxfSVRFTS5iZXN0X2ltYWdlX3VybGdlbi5DMyJ9&amp;_nc_ohc=wFO1BRa7-lMQ7kNvwExjKSY&amp;_nc_oc=AdrmruCmWJBVeQdc9GtTJiYG0-qT4hSsb6yroja0EqzCYPbQaoanHKQtfxuTS1xGMCw&amp;_nc_zt=23&amp;_nc_ht=scontent-mad1-1.cdninstagram.com&amp;edm=ANo9K5cEAAAA&amp;_nc_gid=nNFC0zT2zY8NRZN8qZJDtQ&amp;_nc_tpa=Q5bMBQEkeDzq9jsTG9ngoIqYa9YSBHLgQr336kl5YF8nxjEfqeNYatTUN1eW2EIV8I4YoiMb6epmNE6E3A&amp;oh=00_Af5ahYSGZGhgt9nyK5EqZ0ZRWfANIdDPfs18n-FKgTrLLw&amp;oe=69FC6B88&quot;,&quot;640&quot;:&quot;https:\\\/\\\/scontent-mad1-1.cdninstagram.com\\\/v\\\/t51.82787-15\\\/657720677_18085157054203871_5111835088202447277_n.webp?stp=dst-jpg_e35_tt6&amp;_nc_cat=102&amp;ccb=7-5&amp;_nc_sid=18de74&amp;efg=eyJlZmdfdGFnIjoiQ0FST1VTRUxfSVRFTS5iZXN0X2ltYWdlX3VybGdlbi5DMyJ9&amp;_nc_ohc=wFO1BRa7-lMQ7kNvwExjKSY&amp;_nc_oc=AdrmruCmWJBVeQdc9GtTJiYG0-qT4hSsb6yroja0EqzCYPbQaoanHKQtfxuTS1xGMCw&amp;_nc_zt=23&amp;_nc_ht=scontent-mad1-1.cdninstagram.com&amp;edm=ANo9K5cEAAAA&amp;_nc_gid=nNFC0zT2zY8NRZN8qZJDtQ&amp;_nc_tpa=Q5bMBQEkeDzq9jsTG9ngoIqYa9YSBHLgQr336kl5YF8nxjEfqeNYatTUN1eW2EIV8I4YoiMb6epmNE6E3A&amp;oh=00_Af5ahYSGZGhgt9nyK5EqZ0ZRWfANIdDPfs18n-FKgTrLLw&amp;oe=69FC6B88&quot;}\">\n\t\t\t<span class=\"sbi-screenreader\">Finalizamos el taller \ne hicimos una videoconferen<\/span>\n\t\t\t<svg class=\"svg-inline--fa fa-clone fa-w-16 sbi_lightbox_carousel_icon\" aria-hidden=\"true\" aria-label=\"Clone\" data-fa-pro\u0192cessed=\"\" data-prefix=\"far\" data-icon=\"clone\" role=\"img\" xmlns=\"http:\/\/www.w3.org\/2000\/svg\" viewBox=\"0 0 512 512\">\n                    <path fill=\"currentColor\" d=\"M464 0H144c-26.51 0-48 21.49-48 48v48H48c-26.51 0-48 21.49-48 48v320c0 26.51 21.49 48 48 48h320c26.51 0 48-21.49 48-48v-48h48c26.51 0 48-21.49 48-48V48c0-26.51-21.49-48-48-48zM362 464H54a6 6 0 0 1-6-6V150a6 6 0 0 1 6-6h42v224c0 26.51 21.49 48 48 48h224v42a6 6 0 0 1-6 6zm96-96H150a6 6 0 0 1-6-6V54a6 6 0 0 1 6-6h308a6 6 0 0 1 6 6v308a6 6 0 0 1-6 6z\"><\/path>\n                <\/svg>\t\t\t\t\t\t<img decoding=\"async\" src=\"https:\/\/aedcoro.com\/wp-content\/plugins\/instagram-feed\/img\/placeholder.png\" alt=\"Finalizamos el taller \ne hicimos una videoconferencia \ud83c\udfa6\ncon Dante Andreo, desde Argentina.\n\nFue muy interesante \nporque el compositor \ud83c\udfbc,\ncon la humildad que le caracteriza,\nnos explic\u00f3 algunos rasgos importantes de sus composiciones \ny, adem\u00e1s, \npudimos conocerlo a\u00fan m\u00e1s \ny fue todo un honor.\n\n\u00a1Muchas gracias MAESTRO!\" aria-hidden=\"true\">\n\t\t<\/a>\n\t<\/div>\n<\/div><div class=\"sbi_item sbi_type_carousel sbi_new sbi_transition\"\n\tid=\"sbi_18211233094323014\" data-date=\"1775258838\">\n\t<div class=\"sbi_photo_wrap\">\n\t\t<a class=\"sbi_photo\" href=\"https:\/\/www.instagram.com\/p\/DWsBwZMiIQu\/\" target=\"_blank\" rel=\"noopener nofollow\"\n\t\t\tdata-full-res=\"https:\/\/scontent-mad2-1.cdninstagram.com\/v\/t51.82787-15\/660296520_18085118948203871_8390126336323004939_n.webp?stp=dst-jpg_e35_tt6&#038;_nc_cat=100&#038;ccb=7-5&#038;_nc_sid=18de74&#038;efg=eyJlZmdfdGFnIjoiQ0FST1VTRUxfSVRFTS5iZXN0X2ltYWdlX3VybGdlbi5DMyJ9&#038;_nc_ohc=YMPhJaOmstsQ7kNvwE3r6aU&#038;_nc_oc=AdreNPpDZAdWkwDrAsrLm-h6xSMvewjo50evl8WVaFG3JDffjR49VIWrDn8GdI4YRtU&#038;_nc_zt=23&#038;_nc_ht=scontent-mad2-1.cdninstagram.com&#038;edm=ANo9K5cEAAAA&#038;_nc_gid=nNFC0zT2zY8NRZN8qZJDtQ&#038;_nc_tpa=Q5bMBQES2X6u0BHpxeO3FMhW08KML8tuqD4Bb3rvb59JZMMVBnF-6wWSJ1OXxgaAk9Dkd5zlp4u79FuJWA&#038;oh=00_Af4UbrzBYY2s-zKy6EKprdO7CHht6sKP-mxlYhpwruNOeA&#038;oe=69FC9044\"\n\t\t\tdata-img-src-set=\"{&quot;d&quot;:&quot;https:\\\/\\\/scontent-mad2-1.cdninstagram.com\\\/v\\\/t51.82787-15\\\/660296520_18085118948203871_8390126336323004939_n.webp?stp=dst-jpg_e35_tt6&amp;_nc_cat=100&amp;ccb=7-5&amp;_nc_sid=18de74&amp;efg=eyJlZmdfdGFnIjoiQ0FST1VTRUxfSVRFTS5iZXN0X2ltYWdlX3VybGdlbi5DMyJ9&amp;_nc_ohc=YMPhJaOmstsQ7kNvwE3r6aU&amp;_nc_oc=AdreNPpDZAdWkwDrAsrLm-h6xSMvewjo50evl8WVaFG3JDffjR49VIWrDn8GdI4YRtU&amp;_nc_zt=23&amp;_nc_ht=scontent-mad2-1.cdninstagram.com&amp;edm=ANo9K5cEAAAA&amp;_nc_gid=nNFC0zT2zY8NRZN8qZJDtQ&amp;_nc_tpa=Q5bMBQES2X6u0BHpxeO3FMhW08KML8tuqD4Bb3rvb59JZMMVBnF-6wWSJ1OXxgaAk9Dkd5zlp4u79FuJWA&amp;oh=00_Af4UbrzBYY2s-zKy6EKprdO7CHht6sKP-mxlYhpwruNOeA&amp;oe=69FC9044&quot;,&quot;150&quot;:&quot;https:\\\/\\\/scontent-mad2-1.cdninstagram.com\\\/v\\\/t51.82787-15\\\/660296520_18085118948203871_8390126336323004939_n.webp?stp=dst-jpg_e35_tt6&amp;_nc_cat=100&amp;ccb=7-5&amp;_nc_sid=18de74&amp;efg=eyJlZmdfdGFnIjoiQ0FST1VTRUxfSVRFTS5iZXN0X2ltYWdlX3VybGdlbi5DMyJ9&amp;_nc_ohc=YMPhJaOmstsQ7kNvwE3r6aU&amp;_nc_oc=AdreNPpDZAdWkwDrAsrLm-h6xSMvewjo50evl8WVaFG3JDffjR49VIWrDn8GdI4YRtU&amp;_nc_zt=23&amp;_nc_ht=scontent-mad2-1.cdninstagram.com&amp;edm=ANo9K5cEAAAA&amp;_nc_gid=nNFC0zT2zY8NRZN8qZJDtQ&amp;_nc_tpa=Q5bMBQES2X6u0BHpxeO3FMhW08KML8tuqD4Bb3rvb59JZMMVBnF-6wWSJ1OXxgaAk9Dkd5zlp4u79FuJWA&amp;oh=00_Af4UbrzBYY2s-zKy6EKprdO7CHht6sKP-mxlYhpwruNOeA&amp;oe=69FC9044&quot;,&quot;320&quot;:&quot;https:\\\/\\\/scontent-mad2-1.cdninstagram.com\\\/v\\\/t51.82787-15\\\/660296520_18085118948203871_8390126336323004939_n.webp?stp=dst-jpg_e35_tt6&amp;_nc_cat=100&amp;ccb=7-5&amp;_nc_sid=18de74&amp;efg=eyJlZmdfdGFnIjoiQ0FST1VTRUxfSVRFTS5iZXN0X2ltYWdlX3VybGdlbi5DMyJ9&amp;_nc_ohc=YMPhJaOmstsQ7kNvwE3r6aU&amp;_nc_oc=AdreNPpDZAdWkwDrAsrLm-h6xSMvewjo50evl8WVaFG3JDffjR49VIWrDn8GdI4YRtU&amp;_nc_zt=23&amp;_nc_ht=scontent-mad2-1.cdninstagram.com&amp;edm=ANo9K5cEAAAA&amp;_nc_gid=nNFC0zT2zY8NRZN8qZJDtQ&amp;_nc_tpa=Q5bMBQES2X6u0BHpxeO3FMhW08KML8tuqD4Bb3rvb59JZMMVBnF-6wWSJ1OXxgaAk9Dkd5zlp4u79FuJWA&amp;oh=00_Af4UbrzBYY2s-zKy6EKprdO7CHht6sKP-mxlYhpwruNOeA&amp;oe=69FC9044&quot;,&quot;640&quot;:&quot;https:\\\/\\\/scontent-mad2-1.cdninstagram.com\\\/v\\\/t51.82787-15\\\/660296520_18085118948203871_8390126336323004939_n.webp?stp=dst-jpg_e35_tt6&amp;_nc_cat=100&amp;ccb=7-5&amp;_nc_sid=18de74&amp;efg=eyJlZmdfdGFnIjoiQ0FST1VTRUxfSVRFTS5iZXN0X2ltYWdlX3VybGdlbi5DMyJ9&amp;_nc_ohc=YMPhJaOmstsQ7kNvwE3r6aU&amp;_nc_oc=AdreNPpDZAdWkwDrAsrLm-h6xSMvewjo50evl8WVaFG3JDffjR49VIWrDn8GdI4YRtU&amp;_nc_zt=23&amp;_nc_ht=scontent-mad2-1.cdninstagram.com&amp;edm=ANo9K5cEAAAA&amp;_nc_gid=nNFC0zT2zY8NRZN8qZJDtQ&amp;_nc_tpa=Q5bMBQES2X6u0BHpxeO3FMhW08KML8tuqD4Bb3rvb59JZMMVBnF-6wWSJ1OXxgaAk9Dkd5zlp4u79FuJWA&amp;oh=00_Af4UbrzBYY2s-zKy6EKprdO7CHht6sKP-mxlYhpwruNOeA&amp;oe=69FC9044&quot;}\">\n\t\t\t<span class=\"sbi-screenreader\">Algunas fotos \ud83d\udcf8 m\u00e1s \nde nuestra tienda deC\u00f6ro\nque <\/span>\n\t\t\t<svg class=\"svg-inline--fa fa-clone fa-w-16 sbi_lightbox_carousel_icon\" aria-hidden=\"true\" aria-label=\"Clone\" data-fa-pro\u0192cessed=\"\" data-prefix=\"far\" data-icon=\"clone\" role=\"img\" xmlns=\"http:\/\/www.w3.org\/2000\/svg\" viewBox=\"0 0 512 512\">\n                    <path fill=\"currentColor\" d=\"M464 0H144c-26.51 0-48 21.49-48 48v48H48c-26.51 0-48 21.49-48 48v320c0 26.51 21.49 48 48 48h320c26.51 0 48-21.49 48-48v-48h48c26.51 0 48-21.49 48-48V48c0-26.51-21.49-48-48-48zM362 464H54a6 6 0 0 1-6-6V150a6 6 0 0 1 6-6h42v224c0 26.51 21.49 48 48 48h224v42a6 6 0 0 1-6 6zm96-96H150a6 6 0 0 1-6-6V54a6 6 0 0 1 6-6h308a6 6 0 0 1 6 6v308a6 6 0 0 1-6 6z\"><\/path>\n                <\/svg>\t\t\t\t\t\t<img decoding=\"async\" src=\"https:\/\/aedcoro.com\/wp-content\/plugins\/instagram-feed\/img\/placeholder.png\" alt=\"Algunas fotos \ud83d\udcf8 m\u00e1s \nde nuestra tienda deC\u00f6ro\nque estuvo abierta \ntambi\u00e9n por la tarde gracias a \nIn\u00e9s Moya Gonz\u00e1lez.\" aria-hidden=\"true\">\n\t\t<\/a>\n\t<\/div>\n<\/div><div class=\"sbi_item sbi_type_carousel sbi_new sbi_transition\"\n\tid=\"sbi_18058610966439306\" data-date=\"1775249999\">\n\t<div class=\"sbi_photo_wrap\">\n\t\t<a class=\"sbi_photo\" href=\"https:\/\/www.instagram.com\/p\/DWrw5hBDdC9\/\" target=\"_blank\" rel=\"noopener nofollow\"\n\t\t\tdata-full-res=\"https:\/\/scontent-mad1-1.cdninstagram.com\/v\/t51.82787-15\/658436560_18085112315203871_8742820887573950576_n.webp?stp=dst-jpg_e35_tt6&#038;_nc_cat=102&#038;ccb=7-5&#038;_nc_sid=18de74&#038;efg=eyJlZmdfdGFnIjoiQ0FST1VTRUxfSVRFTS5iZXN0X2ltYWdlX3VybGdlbi5DMyJ9&#038;_nc_ohc=hCFZYKLWedkQ7kNvwH7iLr0&#038;_nc_oc=Ado5G90XQugcHu4LUK8aLTQ6RiyREz_v4DOQ57E7Xv1-8IlFAj_obisBrfN8xnE_M6g&#038;_nc_zt=23&#038;_nc_ht=scontent-mad1-1.cdninstagram.com&#038;edm=ANo9K5cEAAAA&#038;_nc_gid=nNFC0zT2zY8NRZN8qZJDtQ&#038;_nc_tpa=Q5bMBQFnq09zV7QAzXjoWFXG_kTt5x-TaNXd3Omn_7l63i8SyFuHkIJUI3UfbUcF2s5EskJ2LgRJ2HpBzw&#038;oh=00_Af4AGssYpZh2NbVBeUHv6NlY6OlFEur5MqWJxEQ7HXDKAA&#038;oe=69FC6C32\"\n\t\t\tdata-img-src-set=\"{&quot;d&quot;:&quot;https:\\\/\\\/scontent-mad1-1.cdninstagram.com\\\/v\\\/t51.82787-15\\\/658436560_18085112315203871_8742820887573950576_n.webp?stp=dst-jpg_e35_tt6&amp;_nc_cat=102&amp;ccb=7-5&amp;_nc_sid=18de74&amp;efg=eyJlZmdfdGFnIjoiQ0FST1VTRUxfSVRFTS5iZXN0X2ltYWdlX3VybGdlbi5DMyJ9&amp;_nc_ohc=hCFZYKLWedkQ7kNvwH7iLr0&amp;_nc_oc=Ado5G90XQugcHu4LUK8aLTQ6RiyREz_v4DOQ57E7Xv1-8IlFAj_obisBrfN8xnE_M6g&amp;_nc_zt=23&amp;_nc_ht=scontent-mad1-1.cdninstagram.com&amp;edm=ANo9K5cEAAAA&amp;_nc_gid=nNFC0zT2zY8NRZN8qZJDtQ&amp;_nc_tpa=Q5bMBQFnq09zV7QAzXjoWFXG_kTt5x-TaNXd3Omn_7l63i8SyFuHkIJUI3UfbUcF2s5EskJ2LgRJ2HpBzw&amp;oh=00_Af4AGssYpZh2NbVBeUHv6NlY6OlFEur5MqWJxEQ7HXDKAA&amp;oe=69FC6C32&quot;,&quot;150&quot;:&quot;https:\\\/\\\/scontent-mad1-1.cdninstagram.com\\\/v\\\/t51.82787-15\\\/658436560_18085112315203871_8742820887573950576_n.webp?stp=dst-jpg_e35_tt6&amp;_nc_cat=102&amp;ccb=7-5&amp;_nc_sid=18de74&amp;efg=eyJlZmdfdGFnIjoiQ0FST1VTRUxfSVRFTS5iZXN0X2ltYWdlX3VybGdlbi5DMyJ9&amp;_nc_ohc=hCFZYKLWedkQ7kNvwH7iLr0&amp;_nc_oc=Ado5G90XQugcHu4LUK8aLTQ6RiyREz_v4DOQ57E7Xv1-8IlFAj_obisBrfN8xnE_M6g&amp;_nc_zt=23&amp;_nc_ht=scontent-mad1-1.cdninstagram.com&amp;edm=ANo9K5cEAAAA&amp;_nc_gid=nNFC0zT2zY8NRZN8qZJDtQ&amp;_nc_tpa=Q5bMBQFnq09zV7QAzXjoWFXG_kTt5x-TaNXd3Omn_7l63i8SyFuHkIJUI3UfbUcF2s5EskJ2LgRJ2HpBzw&amp;oh=00_Af4AGssYpZh2NbVBeUHv6NlY6OlFEur5MqWJxEQ7HXDKAA&amp;oe=69FC6C32&quot;,&quot;320&quot;:&quot;https:\\\/\\\/scontent-mad1-1.cdninstagram.com\\\/v\\\/t51.82787-15\\\/658436560_18085112315203871_8742820887573950576_n.webp?stp=dst-jpg_e35_tt6&amp;_nc_cat=102&amp;ccb=7-5&amp;_nc_sid=18de74&amp;efg=eyJlZmdfdGFnIjoiQ0FST1VTRUxfSVRFTS5iZXN0X2ltYWdlX3VybGdlbi5DMyJ9&amp;_nc_ohc=hCFZYKLWedkQ7kNvwH7iLr0&amp;_nc_oc=Ado5G90XQugcHu4LUK8aLTQ6RiyREz_v4DOQ57E7Xv1-8IlFAj_obisBrfN8xnE_M6g&amp;_nc_zt=23&amp;_nc_ht=scontent-mad1-1.cdninstagram.com&amp;edm=ANo9K5cEAAAA&amp;_nc_gid=nNFC0zT2zY8NRZN8qZJDtQ&amp;_nc_tpa=Q5bMBQFnq09zV7QAzXjoWFXG_kTt5x-TaNXd3Omn_7l63i8SyFuHkIJUI3UfbUcF2s5EskJ2LgRJ2HpBzw&amp;oh=00_Af4AGssYpZh2NbVBeUHv6NlY6OlFEur5MqWJxEQ7HXDKAA&amp;oe=69FC6C32&quot;,&quot;640&quot;:&quot;https:\\\/\\\/scontent-mad1-1.cdninstagram.com\\\/v\\\/t51.82787-15\\\/658436560_18085112315203871_8742820887573950576_n.webp?stp=dst-jpg_e35_tt6&amp;_nc_cat=102&amp;ccb=7-5&amp;_nc_sid=18de74&amp;efg=eyJlZmdfdGFnIjoiQ0FST1VTRUxfSVRFTS5iZXN0X2ltYWdlX3VybGdlbi5DMyJ9&amp;_nc_ohc=hCFZYKLWedkQ7kNvwH7iLr0&amp;_nc_oc=Ado5G90XQugcHu4LUK8aLTQ6RiyREz_v4DOQ57E7Xv1-8IlFAj_obisBrfN8xnE_M6g&amp;_nc_zt=23&amp;_nc_ht=scontent-mad1-1.cdninstagram.com&amp;edm=ANo9K5cEAAAA&amp;_nc_gid=nNFC0zT2zY8NRZN8qZJDtQ&amp;_nc_tpa=Q5bMBQFnq09zV7QAzXjoWFXG_kTt5x-TaNXd3Omn_7l63i8SyFuHkIJUI3UfbUcF2s5EskJ2LgRJ2HpBzw&amp;oh=00_Af4AGssYpZh2NbVBeUHv6NlY6OlFEur5MqWJxEQ7HXDKAA&amp;oe=69FC6C32&quot;}\">\n\t\t\t<span class=\"sbi-screenreader\">Continuamos \ncon algunas fotos \ud83d\udcf8 \nde las actividad<\/span>\n\t\t\t<svg class=\"svg-inline--fa fa-clone fa-w-16 sbi_lightbox_carousel_icon\" aria-hidden=\"true\" aria-label=\"Clone\" data-fa-pro\u0192cessed=\"\" data-prefix=\"far\" data-icon=\"clone\" role=\"img\" xmlns=\"http:\/\/www.w3.org\/2000\/svg\" viewBox=\"0 0 512 512\">\n                    <path fill=\"currentColor\" d=\"M464 0H144c-26.51 0-48 21.49-48 48v48H48c-26.51 0-48 21.49-48 48v320c0 26.51 21.49 48 48 48h320c26.51 0 48-21.49 48-48v-48h48c26.51 0 48-21.49 48-48V48c0-26.51-21.49-48-48-48zM362 464H54a6 6 0 0 1-6-6V150a6 6 0 0 1 6-6h42v224c0 26.51 21.49 48 48 48h224v42a6 6 0 0 1-6 6zm96-96H150a6 6 0 0 1-6-6V54a6 6 0 0 1 6-6h308a6 6 0 0 1 6 6v308a6 6 0 0 1-6 6z\"><\/path>\n                <\/svg>\t\t\t\t\t\t<img decoding=\"async\" src=\"https:\/\/aedcoro.com\/wp-content\/plugins\/instagram-feed\/img\/placeholder.png\" alt=\"Continuamos \ncon algunas fotos \ud83d\udcf8 \nde las actividades \ndel fin de semana pasado. \n\nEl s\u00e1bado por la tarde \nseguimos con la segunda parte \ndel Taller Coral &quot;Atl\u00e1ntico Interior&quot; \ny gracias a la gu\u00eda y ayuda \nde Jose Herrero, \ndescubrimos y disfrutamos \nmucho m\u00e1s \nde la maravillosa m\u00fasica \nde nuestro nuevo Socio de Honor: \nDante Andreo.\" aria-hidden=\"true\">\n\t\t<\/a>\n\t<\/div>\n<\/div><div class=\"sbi_item sbi_type_image sbi_new sbi_transition\"\n\tid=\"sbi_18096846052833633\" data-date=\"1774957363\">\n\t<div class=\"sbi_photo_wrap\">\n\t\t<a class=\"sbi_photo\" href=\"https:\/\/www.instagram.com\/p\/DWjCvHdDcq8\/\" target=\"_blank\" rel=\"noopener nofollow\"\n\t\t\tdata-full-res=\"https:\/\/scontent-mad1-1.cdninstagram.com\/v\/t51.82787-15\/657400336_18084758060203871_534651440046972282_n.webp?stp=dst-jpg_e35_tt6&#038;_nc_cat=107&#038;ccb=7-5&#038;_nc_sid=18de74&#038;efg=eyJlZmdfdGFnIjoiRkVFRC5iZXN0X2ltYWdlX3VybGdlbi5DMyJ9&#038;_nc_ohc=CKbOT85e41cQ7kNvwHBYzBZ&#038;_nc_oc=AdrZzzfRrmnGdllJvMFuqExBcLt7zFlhlJOLtkdYxonimnDlfu11oy0qcHesYLfAoNw&#038;_nc_zt=23&#038;_nc_ht=scontent-mad1-1.cdninstagram.com&#038;edm=ANo9K5cEAAAA&#038;_nc_gid=nNFC0zT2zY8NRZN8qZJDtQ&#038;_nc_tpa=Q5bMBQHYQMUtcyt3417VhZDpkU-X3dkndKdTudS67bRKhNPuPSQWr91UmWC8bmFPd_JwcYnoiwWvH_cR7g&#038;oh=00_Af6izWfCH9SwDEcvIkuQirXMDzPecdB-OhpwZOp9vnmyow&#038;oe=69FC7923\"\n\t\t\tdata-img-src-set=\"{&quot;d&quot;:&quot;https:\\\/\\\/scontent-mad1-1.cdninstagram.com\\\/v\\\/t51.82787-15\\\/657400336_18084758060203871_534651440046972282_n.webp?stp=dst-jpg_e35_tt6&amp;_nc_cat=107&amp;ccb=7-5&amp;_nc_sid=18de74&amp;efg=eyJlZmdfdGFnIjoiRkVFRC5iZXN0X2ltYWdlX3VybGdlbi5DMyJ9&amp;_nc_ohc=CKbOT85e41cQ7kNvwHBYzBZ&amp;_nc_oc=AdrZzzfRrmnGdllJvMFuqExBcLt7zFlhlJOLtkdYxonimnDlfu11oy0qcHesYLfAoNw&amp;_nc_zt=23&amp;_nc_ht=scontent-mad1-1.cdninstagram.com&amp;edm=ANo9K5cEAAAA&amp;_nc_gid=nNFC0zT2zY8NRZN8qZJDtQ&amp;_nc_tpa=Q5bMBQHYQMUtcyt3417VhZDpkU-X3dkndKdTudS67bRKhNPuPSQWr91UmWC8bmFPd_JwcYnoiwWvH_cR7g&amp;oh=00_Af6izWfCH9SwDEcvIkuQirXMDzPecdB-OhpwZOp9vnmyow&amp;oe=69FC7923&quot;,&quot;150&quot;:&quot;https:\\\/\\\/scontent-mad1-1.cdninstagram.com\\\/v\\\/t51.82787-15\\\/657400336_18084758060203871_534651440046972282_n.webp?stp=dst-jpg_e35_tt6&amp;_nc_cat=107&amp;ccb=7-5&amp;_nc_sid=18de74&amp;efg=eyJlZmdfdGFnIjoiRkVFRC5iZXN0X2ltYWdlX3VybGdlbi5DMyJ9&amp;_nc_ohc=CKbOT85e41cQ7kNvwHBYzBZ&amp;_nc_oc=AdrZzzfRrmnGdllJvMFuqExBcLt7zFlhlJOLtkdYxonimnDlfu11oy0qcHesYLfAoNw&amp;_nc_zt=23&amp;_nc_ht=scontent-mad1-1.cdninstagram.com&amp;edm=ANo9K5cEAAAA&amp;_nc_gid=nNFC0zT2zY8NRZN8qZJDtQ&amp;_nc_tpa=Q5bMBQHYQMUtcyt3417VhZDpkU-X3dkndKdTudS67bRKhNPuPSQWr91UmWC8bmFPd_JwcYnoiwWvH_cR7g&amp;oh=00_Af6izWfCH9SwDEcvIkuQirXMDzPecdB-OhpwZOp9vnmyow&amp;oe=69FC7923&quot;,&quot;320&quot;:&quot;https:\\\/\\\/scontent-mad1-1.cdninstagram.com\\\/v\\\/t51.82787-15\\\/657400336_18084758060203871_534651440046972282_n.webp?stp=dst-jpg_e35_tt6&amp;_nc_cat=107&amp;ccb=7-5&amp;_nc_sid=18de74&amp;efg=eyJlZmdfdGFnIjoiRkVFRC5iZXN0X2ltYWdlX3VybGdlbi5DMyJ9&amp;_nc_ohc=CKbOT85e41cQ7kNvwHBYzBZ&amp;_nc_oc=AdrZzzfRrmnGdllJvMFuqExBcLt7zFlhlJOLtkdYxonimnDlfu11oy0qcHesYLfAoNw&amp;_nc_zt=23&amp;_nc_ht=scontent-mad1-1.cdninstagram.com&amp;edm=ANo9K5cEAAAA&amp;_nc_gid=nNFC0zT2zY8NRZN8qZJDtQ&amp;_nc_tpa=Q5bMBQHYQMUtcyt3417VhZDpkU-X3dkndKdTudS67bRKhNPuPSQWr91UmWC8bmFPd_JwcYnoiwWvH_cR7g&amp;oh=00_Af6izWfCH9SwDEcvIkuQirXMDzPecdB-OhpwZOp9vnmyow&amp;oe=69FC7923&quot;,&quot;640&quot;:&quot;https:\\\/\\\/scontent-mad1-1.cdninstagram.com\\\/v\\\/t51.82787-15\\\/657400336_18084758060203871_534651440046972282_n.webp?stp=dst-jpg_e35_tt6&amp;_nc_cat=107&amp;ccb=7-5&amp;_nc_sid=18de74&amp;efg=eyJlZmdfdGFnIjoiRkVFRC5iZXN0X2ltYWdlX3VybGdlbi5DMyJ9&amp;_nc_ohc=CKbOT85e41cQ7kNvwHBYzBZ&amp;_nc_oc=AdrZzzfRrmnGdllJvMFuqExBcLt7zFlhlJOLtkdYxonimnDlfu11oy0qcHesYLfAoNw&amp;_nc_zt=23&amp;_nc_ht=scontent-mad1-1.cdninstagram.com&amp;edm=ANo9K5cEAAAA&amp;_nc_gid=nNFC0zT2zY8NRZN8qZJDtQ&amp;_nc_tpa=Q5bMBQHYQMUtcyt3417VhZDpkU-X3dkndKdTudS67bRKhNPuPSQWr91UmWC8bmFPd_JwcYnoiwWvH_cR7g&amp;oh=00_Af6izWfCH9SwDEcvIkuQirXMDzPecdB-OhpwZOp9vnmyow&amp;oe=69FC7923&quot;}\">\n\t\t\t<span class=\"sbi-screenreader\">El pasado fin de semana \nAEDCORO celebr\u00f3 \nsu Asamb<\/span>\n\t\t\t\t\t\t\t\t\t<img decoding=\"async\" src=\"https:\/\/aedcoro.com\/wp-content\/plugins\/instagram-feed\/img\/placeholder.png\" alt=\"El pasado fin de semana \nAEDCORO celebr\u00f3 \nsu Asamblea General en Cuenca, \ndentro de la 63\u00b0 Semana \nde M\u00fasica Religiosa, \ncuyo director art\u00edstico \nes Andoni Sierra.\n\nEn ella hubo \nmomentos muy emotivos, \npues conclu\u00eda el mandato \nque ha liderado Ram\u00f3n Gil, \ntras 8 a\u00f1os llenos de infinito trabajo, \ntes\u00f3n, sabidur\u00eda, problemas, \ndedicaci\u00f3n, cari\u00f1o e ilusi\u00f3n, \npara el crecimiento \nde nuestra asociaci\u00f3n.\nAdem\u00e1s, siempre ha contado \ncon el apoyo fiel de M\u00f2nica Perales \n(secretaria), siendo de gran val\u00eda \nsu figura en la sombra, escuchando, \nguiando, consolando y ayudando \nen todos los sentidos.\nAl igual que del resto de la Junta: \nAlberto Palac\u00edn (tesorero), \nAna Val (vocal de socios y asuntos internos), \nJoan Company (vocal de relaciones institucionales y asuntos pol\u00edticos), \nElena Rosso (vocal de juventud y coros infantiles), \nXavier Garc\u00eda (vocal de relaciones internacionales) y \nSof\u00eda Pintor (vocal de comunicaci\u00f3n), \na los que les estamos \ninmensamente agradecidos \npor toda su labor \npara el enriquecimiento \nde nuestra comunidad.\n\nLa reuni\u00f3n termin\u00f3 \ncon la presentaci\u00f3n \ndel proyecto del nuevo presidente \ny la votaci\u00f3n de \u00e9ste, \naprobado por unanimidad.\n\nEl equipo est\u00e1 compuesto por: \nPresidente: \nAlberto Palac\u00edn (Asturias-Granada)\n\nSecretaria: \nSof\u00eda Pintor (Ciudad Real\u2013Cuenca)\n\nTesorera: \nClaudia Corral (Madrid) \n\nVocal de Relaciones Institucionales \ny Profesionalizaci\u00f3n: \nBasilio Astulez (Vizcaya) \n\nVocal de Investigaci\u00f3n \ny Publicaciones: \nAlfonso Elorriaga (Madrid) \n\nVocal de Innovaci\u00f3n Educativa, Diversidad e Inclusi\u00f3n: \nMargarita Mu\u00f1oz (Murcia) \n\nVocal de Relaciones Internacionales \ny Editoriales: \nBernardo Latini (Argentina\u2013Barcelona) \n\nVocal de Comunicaci\u00f3n \ny Participaci\u00f3n: \nAna Rioja (Sevilla) \n\nCon esta renovaci\u00f3n, \nAEDCORO conmemora \nsu d\u00e9cimo aniversario \nreafirmando su compromiso \ncon la representaci\u00f3n del colectivo \nde directores y directoras de coro, \nel fortalecimiento \nde redes profesionales \ny la promoci\u00f3n de iniciativas \norientadas a impulsar el desarrollo \ny la visibilidad del sector coral\n en Espa\u00f1a.\" aria-hidden=\"true\">\n\t\t<\/a>\n\t<\/div>\n<\/div><div class=\"sbi_item sbi_type_image sbi_new sbi_transition\"\n\tid=\"sbi_17967228405048725\" data-date=\"1774873635\">\n\t<div class=\"sbi_photo_wrap\">\n\t\t<a class=\"sbi_photo\" href=\"https:\/\/www.instagram.com\/p\/DWgjCXiDbFz\/\" target=\"_blank\" rel=\"noopener nofollow\"\n\t\t\tdata-full-res=\"https:\/\/scontent-mad2-1.cdninstagram.com\/v\/t51.82787-15\/658496570_18084669506203871_8843398624252438163_n.webp?stp=dst-jpg_e35_tt6&#038;_nc_cat=100&#038;ccb=7-5&#038;_nc_sid=18de74&#038;efg=eyJlZmdfdGFnIjoiRkVFRC5iZXN0X2ltYWdlX3VybGdlbi5DMyJ9&#038;_nc_ohc=xrayQ1JeXBgQ7kNvwGJvXAX&#038;_nc_oc=AdrKCYMLJnMJ6KP10SFKn9zvqlD4R4rWu2ocJl29SVGNuyPrhPuDgsV-tRZXp46W0zY&#038;_nc_zt=23&#038;_nc_ht=scontent-mad2-1.cdninstagram.com&#038;edm=ANo9K5cEAAAA&#038;_nc_gid=nNFC0zT2zY8NRZN8qZJDtQ&#038;_nc_tpa=Q5bMBQF21p6hX6eXik-ux0O0W4O1Z_mVJnalkQMQY5XHW5AY5PfHTXfnL8SBYlz3i55cBFDkvDvwCieGjA&#038;oh=00_Af4QhzWeBbnNIx60UbbBAmcPDvll1LyAo2aBslEQbr_vvQ&#038;oe=69FC7E9A\"\n\t\t\tdata-img-src-set=\"{&quot;d&quot;:&quot;https:\\\/\\\/scontent-mad2-1.cdninstagram.com\\\/v\\\/t51.82787-15\\\/658496570_18084669506203871_8843398624252438163_n.webp?stp=dst-jpg_e35_tt6&amp;_nc_cat=100&amp;ccb=7-5&amp;_nc_sid=18de74&amp;efg=eyJlZmdfdGFnIjoiRkVFRC5iZXN0X2ltYWdlX3VybGdlbi5DMyJ9&amp;_nc_ohc=xrayQ1JeXBgQ7kNvwGJvXAX&amp;_nc_oc=AdrKCYMLJnMJ6KP10SFKn9zvqlD4R4rWu2ocJl29SVGNuyPrhPuDgsV-tRZXp46W0zY&amp;_nc_zt=23&amp;_nc_ht=scontent-mad2-1.cdninstagram.com&amp;edm=ANo9K5cEAAAA&amp;_nc_gid=nNFC0zT2zY8NRZN8qZJDtQ&amp;_nc_tpa=Q5bMBQF21p6hX6eXik-ux0O0W4O1Z_mVJnalkQMQY5XHW5AY5PfHTXfnL8SBYlz3i55cBFDkvDvwCieGjA&amp;oh=00_Af4QhzWeBbnNIx60UbbBAmcPDvll1LyAo2aBslEQbr_vvQ&amp;oe=69FC7E9A&quot;,&quot;150&quot;:&quot;https:\\\/\\\/scontent-mad2-1.cdninstagram.com\\\/v\\\/t51.82787-15\\\/658496570_18084669506203871_8843398624252438163_n.webp?stp=dst-jpg_e35_tt6&amp;_nc_cat=100&amp;ccb=7-5&amp;_nc_sid=18de74&amp;efg=eyJlZmdfdGFnIjoiRkVFRC5iZXN0X2ltYWdlX3VybGdlbi5DMyJ9&amp;_nc_ohc=xrayQ1JeXBgQ7kNvwGJvXAX&amp;_nc_oc=AdrKCYMLJnMJ6KP10SFKn9zvqlD4R4rWu2ocJl29SVGNuyPrhPuDgsV-tRZXp46W0zY&amp;_nc_zt=23&amp;_nc_ht=scontent-mad2-1.cdninstagram.com&amp;edm=ANo9K5cEAAAA&amp;_nc_gid=nNFC0zT2zY8NRZN8qZJDtQ&amp;_nc_tpa=Q5bMBQF21p6hX6eXik-ux0O0W4O1Z_mVJnalkQMQY5XHW5AY5PfHTXfnL8SBYlz3i55cBFDkvDvwCieGjA&amp;oh=00_Af4QhzWeBbnNIx60UbbBAmcPDvll1LyAo2aBslEQbr_vvQ&amp;oe=69FC7E9A&quot;,&quot;320&quot;:&quot;https:\\\/\\\/scontent-mad2-1.cdninstagram.com\\\/v\\\/t51.82787-15\\\/658496570_18084669506203871_8843398624252438163_n.webp?stp=dst-jpg_e35_tt6&amp;_nc_cat=100&amp;ccb=7-5&amp;_nc_sid=18de74&amp;efg=eyJlZmdfdGFnIjoiRkVFRC5iZXN0X2ltYWdlX3VybGdlbi5DMyJ9&amp;_nc_ohc=xrayQ1JeXBgQ7kNvwGJvXAX&amp;_nc_oc=AdrKCYMLJnMJ6KP10SFKn9zvqlD4R4rWu2ocJl29SVGNuyPrhPuDgsV-tRZXp46W0zY&amp;_nc_zt=23&amp;_nc_ht=scontent-mad2-1.cdninstagram.com&amp;edm=ANo9K5cEAAAA&amp;_nc_gid=nNFC0zT2zY8NRZN8qZJDtQ&amp;_nc_tpa=Q5bMBQF21p6hX6eXik-ux0O0W4O1Z_mVJnalkQMQY5XHW5AY5PfHTXfnL8SBYlz3i55cBFDkvDvwCieGjA&amp;oh=00_Af4QhzWeBbnNIx60UbbBAmcPDvll1LyAo2aBslEQbr_vvQ&amp;oe=69FC7E9A&quot;,&quot;640&quot;:&quot;https:\\\/\\\/scontent-mad2-1.cdninstagram.com\\\/v\\\/t51.82787-15\\\/658496570_18084669506203871_8843398624252438163_n.webp?stp=dst-jpg_e35_tt6&amp;_nc_cat=100&amp;ccb=7-5&amp;_nc_sid=18de74&amp;efg=eyJlZmdfdGFnIjoiRkVFRC5iZXN0X2ltYWdlX3VybGdlbi5DMyJ9&amp;_nc_ohc=xrayQ1JeXBgQ7kNvwGJvXAX&amp;_nc_oc=AdrKCYMLJnMJ6KP10SFKn9zvqlD4R4rWu2ocJl29SVGNuyPrhPuDgsV-tRZXp46W0zY&amp;_nc_zt=23&amp;_nc_ht=scontent-mad2-1.cdninstagram.com&amp;edm=ANo9K5cEAAAA&amp;_nc_gid=nNFC0zT2zY8NRZN8qZJDtQ&amp;_nc_tpa=Q5bMBQF21p6hX6eXik-ux0O0W4O1Z_mVJnalkQMQY5XHW5AY5PfHTXfnL8SBYlz3i55cBFDkvDvwCieGjA&amp;oh=00_Af4QhzWeBbnNIx60UbbBAmcPDvll1LyAo2aBslEQbr_vvQ&amp;oe=69FC7E9A&quot;}\">\n\t\t\t<span class=\"sbi-screenreader\">LOS DIRECTORES \nDE CORO ESPA\u00d1OLES \nRENUEVAN SU LID<\/span>\n\t\t\t\t\t\t\t\t\t<img decoding=\"async\" src=\"https:\/\/aedcoro.com\/wp-content\/plugins\/instagram-feed\/img\/placeholder.png\" alt=\"LOS DIRECTORES \nDE CORO ESPA\u00d1OLES \nRENUEVAN SU LIDERAZGO \nEN CUENCA.\n\nCUENCA, 29 de marzo de 2026.\u2014 \nLa Asociaci\u00f3n Espa\u00f1ola \nde Directores de Coro (AEDCORO) \ncelebr\u00f3 el pasado fin de semana \nsu Asamblea General en Cuenca, \nen el marco de \nla Semana de M\u00fasica Religiosa, \nconsolidando este encuentro \ncomo uno de los principales espacios de reuni\u00f3n \ndel sector coral en Espa\u00f1a. \n\nEntre los d\u00edas 27 y 29 de marzo, \nla asociaci\u00f3n desarroll\u00f3 \nun intenso programa de actividades \nque incluy\u00f3 el taller \nAtl\u00e1ntico Interior, impartido por \nel director canario Jos\u00e9 Herrero \ny centrado en la obra \ndel compositor argentino \nDante Andreo; \nun coloquio con el reconocido director Paul van Nevel, \nal frente del conjunto vocal \nHuelgas Ensemble \ny con el Director Art\u00edstico \nde la Semana de M\u00fasica Religiosa, Andoni Sierra. \nTodas estas actividades \nreforzaron el papel de AEDCORO \ncomo plataforma de formaci\u00f3n, \nconexi\u00f3n y desarrollo \ndel \u00e1mbito coral. \n\nEn el transcurso de la Asamblea \nse celebr\u00f3, adem\u00e1s, la elecci\u00f3n \nde la nueva Junta Directiva \nde la entidad, hasta ahora presidida \npor Ram\u00f3n Gil. \nEl nuevo equipo estar\u00e1 encabezado \npor Alberto Palac\u00edn \ny contar\u00e1 con la participaci\u00f3n \nde destacados profesionales procedentes de distintos puntos \nde Espa\u00f1a. \n\nCon esta renovaci\u00f3n, \nAEDCORO conmemora \nsu d\u00e9cimo aniversario \nreafirmando su compromiso \ncon la representaci\u00f3n del colectivo \nde directores y directoras de coro, \nel fortalecimiento \nde redes profesionales \ny la promoci\u00f3n \nde iniciativas orientadas \na impulsar el desarrollo \ny la visibilidad del sector coral \nen Espa\u00f1a.\" aria-hidden=\"true\">\n\t\t<\/a>\n\t<\/div>\n<\/div><div class=\"sbi_item sbi_type_carousel sbi_new sbi_transition\"\n\tid=\"sbi_18076622834403422\" data-date=\"1774728656\">\n\t<div class=\"sbi_photo_wrap\">\n\t\t<a class=\"sbi_photo\" href=\"https:\/\/www.instagram.com\/p\/DWcOg71jUgx\/\" target=\"_blank\" rel=\"noopener nofollow\"\n\t\t\tdata-full-res=\"https:\/\/scontent-mad2-1.cdninstagram.com\/v\/t51.82787-15\/657528483_18084510509203871_3709459669524432553_n.webp?stp=dst-jpg_e35_tt6&#038;_nc_cat=110&#038;ccb=7-5&#038;_nc_sid=18de74&#038;efg=eyJlZmdfdGFnIjoiQ0FST1VTRUxfSVRFTS5iZXN0X2ltYWdlX3VybGdlbi5DMyJ9&#038;_nc_ohc=LbxhKwg0xf0Q7kNvwGJL9Ob&#038;_nc_oc=Adr-UljI28qh_5PuwImrU50YGmsi4vT8UPzplabmSvZFkEBxyT3E7HnIqAdaX_ycutc&#038;_nc_zt=23&#038;_nc_ht=scontent-mad2-1.cdninstagram.com&#038;edm=ANo9K5cEAAAA&#038;_nc_gid=nNFC0zT2zY8NRZN8qZJDtQ&#038;_nc_tpa=Q5bMBQG-ufh7INCXXOS7iASj3Od_0wRtJwDNUZMnJ-p90oL7tPzn8-SxPfjjFLYbO5gqRT3FCRQmYNRqKw&#038;oh=00_Af6zeZ1t2bTI7ywqc7hHX5omIeyTfoz7r9dAofl6_N7E_Q&#038;oe=69FC9F63\"\n\t\t\tdata-img-src-set=\"{&quot;d&quot;:&quot;https:\\\/\\\/scontent-mad2-1.cdninstagram.com\\\/v\\\/t51.82787-15\\\/657528483_18084510509203871_3709459669524432553_n.webp?stp=dst-jpg_e35_tt6&amp;_nc_cat=110&amp;ccb=7-5&amp;_nc_sid=18de74&amp;efg=eyJlZmdfdGFnIjoiQ0FST1VTRUxfSVRFTS5iZXN0X2ltYWdlX3VybGdlbi5DMyJ9&amp;_nc_ohc=LbxhKwg0xf0Q7kNvwGJL9Ob&amp;_nc_oc=Adr-UljI28qh_5PuwImrU50YGmsi4vT8UPzplabmSvZFkEBxyT3E7HnIqAdaX_ycutc&amp;_nc_zt=23&amp;_nc_ht=scontent-mad2-1.cdninstagram.com&amp;edm=ANo9K5cEAAAA&amp;_nc_gid=nNFC0zT2zY8NRZN8qZJDtQ&amp;_nc_tpa=Q5bMBQG-ufh7INCXXOS7iASj3Od_0wRtJwDNUZMnJ-p90oL7tPzn8-SxPfjjFLYbO5gqRT3FCRQmYNRqKw&amp;oh=00_Af6zeZ1t2bTI7ywqc7hHX5omIeyTfoz7r9dAofl6_N7E_Q&amp;oe=69FC9F63&quot;,&quot;150&quot;:&quot;https:\\\/\\\/scontent-mad2-1.cdninstagram.com\\\/v\\\/t51.82787-15\\\/657528483_18084510509203871_3709459669524432553_n.webp?stp=dst-jpg_e35_tt6&amp;_nc_cat=110&amp;ccb=7-5&amp;_nc_sid=18de74&amp;efg=eyJlZmdfdGFnIjoiQ0FST1VTRUxfSVRFTS5iZXN0X2ltYWdlX3VybGdlbi5DMyJ9&amp;_nc_ohc=LbxhKwg0xf0Q7kNvwGJL9Ob&amp;_nc_oc=Adr-UljI28qh_5PuwImrU50YGmsi4vT8UPzplabmSvZFkEBxyT3E7HnIqAdaX_ycutc&amp;_nc_zt=23&amp;_nc_ht=scontent-mad2-1.cdninstagram.com&amp;edm=ANo9K5cEAAAA&amp;_nc_gid=nNFC0zT2zY8NRZN8qZJDtQ&amp;_nc_tpa=Q5bMBQG-ufh7INCXXOS7iASj3Od_0wRtJwDNUZMnJ-p90oL7tPzn8-SxPfjjFLYbO5gqRT3FCRQmYNRqKw&amp;oh=00_Af6zeZ1t2bTI7ywqc7hHX5omIeyTfoz7r9dAofl6_N7E_Q&amp;oe=69FC9F63&quot;,&quot;320&quot;:&quot;https:\\\/\\\/scontent-mad2-1.cdninstagram.com\\\/v\\\/t51.82787-15\\\/657528483_18084510509203871_3709459669524432553_n.webp?stp=dst-jpg_e35_tt6&amp;_nc_cat=110&amp;ccb=7-5&amp;_nc_sid=18de74&amp;efg=eyJlZmdfdGFnIjoiQ0FST1VTRUxfSVRFTS5iZXN0X2ltYWdlX3VybGdlbi5DMyJ9&amp;_nc_ohc=LbxhKwg0xf0Q7kNvwGJL9Ob&amp;_nc_oc=Adr-UljI28qh_5PuwImrU50YGmsi4vT8UPzplabmSvZFkEBxyT3E7HnIqAdaX_ycutc&amp;_nc_zt=23&amp;_nc_ht=scontent-mad2-1.cdninstagram.com&amp;edm=ANo9K5cEAAAA&amp;_nc_gid=nNFC0zT2zY8NRZN8qZJDtQ&amp;_nc_tpa=Q5bMBQG-ufh7INCXXOS7iASj3Od_0wRtJwDNUZMnJ-p90oL7tPzn8-SxPfjjFLYbO5gqRT3FCRQmYNRqKw&amp;oh=00_Af6zeZ1t2bTI7ywqc7hHX5omIeyTfoz7r9dAofl6_N7E_Q&amp;oe=69FC9F63&quot;,&quot;640&quot;:&quot;https:\\\/\\\/scontent-mad2-1.cdninstagram.com\\\/v\\\/t51.82787-15\\\/657528483_18084510509203871_3709459669524432553_n.webp?stp=dst-jpg_e35_tt6&amp;_nc_cat=110&amp;ccb=7-5&amp;_nc_sid=18de74&amp;efg=eyJlZmdfdGFnIjoiQ0FST1VTRUxfSVRFTS5iZXN0X2ltYWdlX3VybGdlbi5DMyJ9&amp;_nc_ohc=LbxhKwg0xf0Q7kNvwGJL9Ob&amp;_nc_oc=Adr-UljI28qh_5PuwImrU50YGmsi4vT8UPzplabmSvZFkEBxyT3E7HnIqAdaX_ycutc&amp;_nc_zt=23&amp;_nc_ht=scontent-mad2-1.cdninstagram.com&amp;edm=ANo9K5cEAAAA&amp;_nc_gid=nNFC0zT2zY8NRZN8qZJDtQ&amp;_nc_tpa=Q5bMBQG-ufh7INCXXOS7iASj3Od_0wRtJwDNUZMnJ-p90oL7tPzn8-SxPfjjFLYbO5gqRT3FCRQmYNRqKw&amp;oh=00_Af6zeZ1t2bTI7ywqc7hHX5omIeyTfoz7r9dAofl6_N7E_Q&amp;oe=69FC9F63&quot;}\">\n\t\t\t<span class=\"sbi-screenreader\">Qu\u00e9 interesante y cercana \nha sido la charla-coloq<\/span>\n\t\t\t<svg class=\"svg-inline--fa fa-clone fa-w-16 sbi_lightbox_carousel_icon\" aria-hidden=\"true\" aria-label=\"Clone\" data-fa-pro\u0192cessed=\"\" data-prefix=\"far\" data-icon=\"clone\" role=\"img\" xmlns=\"http:\/\/www.w3.org\/2000\/svg\" viewBox=\"0 0 512 512\">\n                    <path fill=\"currentColor\" d=\"M464 0H144c-26.51 0-48 21.49-48 48v48H48c-26.51 0-48 21.49-48 48v320c0 26.51 21.49 48 48 48h320c26.51 0 48-21.49 48-48v-48h48c26.51 0 48-21.49 48-48V48c0-26.51-21.49-48-48-48zM362 464H54a6 6 0 0 1-6-6V150a6 6 0 0 1 6-6h42v224c0 26.51 21.49 48 48 48h224v42a6 6 0 0 1-6 6zm96-96H150a6 6 0 0 1-6-6V54a6 6 0 0 1 6-6h308a6 6 0 0 1 6 6v308a6 6 0 0 1-6 6z\"><\/path>\n                <\/svg>\t\t\t\t\t\t<img decoding=\"async\" src=\"https:\/\/aedcoro.com\/wp-content\/plugins\/instagram-feed\/img\/placeholder.png\" alt=\"Qu\u00e9 interesante y cercana \nha sido la charla-coloquio \nque hemos tenido \ncon Paul van Nevel, \ndirector del conjunto belga \nHuelgas Ensemble.\n\nEstamos muy agradecidos \nde haber podido compartir \neste tiempo con \u00e9l \ny haber aprendido \nde su sabidur\u00eda y experiencia.\n\n\u00a1Todo un placer Maestro!\" aria-hidden=\"true\">\n\t\t<\/a>\n\t<\/div>\n<\/div><div class=\"sbi_item sbi_type_image sbi_new sbi_transition\"\n\tid=\"sbi_18353312218235780\" data-date=\"1774720969\">\n\t<div class=\"sbi_photo_wrap\">\n\t\t<a class=\"sbi_photo\" href=\"https:\/\/www.instagram.com\/p\/DWb_2bijQNp\/\" target=\"_blank\" rel=\"noopener nofollow\"\n\t\t\tdata-full-res=\"https:\/\/scontent-mad2-1.cdninstagram.com\/v\/t51.82787-15\/658831150_18084502052203871_8063240316838373001_n.webp?stp=dst-jpg_e35_tt6&#038;_nc_cat=111&#038;ccb=7-5&#038;_nc_sid=18de74&#038;efg=eyJlZmdfdGFnIjoiRkVFRC5iZXN0X2ltYWdlX3VybGdlbi5DMyJ9&#038;_nc_ohc=-CdNFXrvbAsQ7kNvwF-RZKp&#038;_nc_oc=Adrg98hVcha-0Jv3A9oBA386yAQbxuCcHoIgmJ4RTWH5H8lMBnoC-53RyROetz0WM6k&#038;_nc_zt=23&#038;_nc_ht=scontent-mad2-1.cdninstagram.com&#038;edm=ANo9K5cEAAAA&#038;_nc_gid=nNFC0zT2zY8NRZN8qZJDtQ&#038;_nc_tpa=Q5bMBQFN4h-CpS4PUTRhnC9P08BzPX-QVRR2UeNLmoAHKVEuPtzNWR32lJKGD3-GRDgqZDrCDKGhg0uLfw&#038;oh=00_Af5JcPBJa_N9ChhxKDrbbh45nPU37PC3CKTTtDPguxXtoQ&#038;oe=69FC7255\"\n\t\t\tdata-img-src-set=\"{&quot;d&quot;:&quot;https:\\\/\\\/scontent-mad2-1.cdninstagram.com\\\/v\\\/t51.82787-15\\\/658831150_18084502052203871_8063240316838373001_n.webp?stp=dst-jpg_e35_tt6&amp;_nc_cat=111&amp;ccb=7-5&amp;_nc_sid=18de74&amp;efg=eyJlZmdfdGFnIjoiRkVFRC5iZXN0X2ltYWdlX3VybGdlbi5DMyJ9&amp;_nc_ohc=-CdNFXrvbAsQ7kNvwF-RZKp&amp;_nc_oc=Adrg98hVcha-0Jv3A9oBA386yAQbxuCcHoIgmJ4RTWH5H8lMBnoC-53RyROetz0WM6k&amp;_nc_zt=23&amp;_nc_ht=scontent-mad2-1.cdninstagram.com&amp;edm=ANo9K5cEAAAA&amp;_nc_gid=nNFC0zT2zY8NRZN8qZJDtQ&amp;_nc_tpa=Q5bMBQFN4h-CpS4PUTRhnC9P08BzPX-QVRR2UeNLmoAHKVEuPtzNWR32lJKGD3-GRDgqZDrCDKGhg0uLfw&amp;oh=00_Af5JcPBJa_N9ChhxKDrbbh45nPU37PC3CKTTtDPguxXtoQ&amp;oe=69FC7255&quot;,&quot;150&quot;:&quot;https:\\\/\\\/scontent-mad2-1.cdninstagram.com\\\/v\\\/t51.82787-15\\\/658831150_18084502052203871_8063240316838373001_n.webp?stp=dst-jpg_e35_tt6&amp;_nc_cat=111&amp;ccb=7-5&amp;_nc_sid=18de74&amp;efg=eyJlZmdfdGFnIjoiRkVFRC5iZXN0X2ltYWdlX3VybGdlbi5DMyJ9&amp;_nc_ohc=-CdNFXrvbAsQ7kNvwF-RZKp&amp;_nc_oc=Adrg98hVcha-0Jv3A9oBA386yAQbxuCcHoIgmJ4RTWH5H8lMBnoC-53RyROetz0WM6k&amp;_nc_zt=23&amp;_nc_ht=scontent-mad2-1.cdninstagram.com&amp;edm=ANo9K5cEAAAA&amp;_nc_gid=nNFC0zT2zY8NRZN8qZJDtQ&amp;_nc_tpa=Q5bMBQFN4h-CpS4PUTRhnC9P08BzPX-QVRR2UeNLmoAHKVEuPtzNWR32lJKGD3-GRDgqZDrCDKGhg0uLfw&amp;oh=00_Af5JcPBJa_N9ChhxKDrbbh45nPU37PC3CKTTtDPguxXtoQ&amp;oe=69FC7255&quot;,&quot;320&quot;:&quot;https:\\\/\\\/scontent-mad2-1.cdninstagram.com\\\/v\\\/t51.82787-15\\\/658831150_18084502052203871_8063240316838373001_n.webp?stp=dst-jpg_e35_tt6&amp;_nc_cat=111&amp;ccb=7-5&amp;_nc_sid=18de74&amp;efg=eyJlZmdfdGFnIjoiRkVFRC5iZXN0X2ltYWdlX3VybGdlbi5DMyJ9&amp;_nc_ohc=-CdNFXrvbAsQ7kNvwF-RZKp&amp;_nc_oc=Adrg98hVcha-0Jv3A9oBA386yAQbxuCcHoIgmJ4RTWH5H8lMBnoC-53RyROetz0WM6k&amp;_nc_zt=23&amp;_nc_ht=scontent-mad2-1.cdninstagram.com&amp;edm=ANo9K5cEAAAA&amp;_nc_gid=nNFC0zT2zY8NRZN8qZJDtQ&amp;_nc_tpa=Q5bMBQFN4h-CpS4PUTRhnC9P08BzPX-QVRR2UeNLmoAHKVEuPtzNWR32lJKGD3-GRDgqZDrCDKGhg0uLfw&amp;oh=00_Af5JcPBJa_N9ChhxKDrbbh45nPU37PC3CKTTtDPguxXtoQ&amp;oe=69FC7255&quot;,&quot;640&quot;:&quot;https:\\\/\\\/scontent-mad2-1.cdninstagram.com\\\/v\\\/t51.82787-15\\\/658831150_18084502052203871_8063240316838373001_n.webp?stp=dst-jpg_e35_tt6&amp;_nc_cat=111&amp;ccb=7-5&amp;_nc_sid=18de74&amp;efg=eyJlZmdfdGFnIjoiRkVFRC5iZXN0X2ltYWdlX3VybGdlbi5DMyJ9&amp;_nc_ohc=-CdNFXrvbAsQ7kNvwF-RZKp&amp;_nc_oc=Adrg98hVcha-0Jv3A9oBA386yAQbxuCcHoIgmJ4RTWH5H8lMBnoC-53RyROetz0WM6k&amp;_nc_zt=23&amp;_nc_ht=scontent-mad2-1.cdninstagram.com&amp;edm=ANo9K5cEAAAA&amp;_nc_gid=nNFC0zT2zY8NRZN8qZJDtQ&amp;_nc_tpa=Q5bMBQFN4h-CpS4PUTRhnC9P08BzPX-QVRR2UeNLmoAHKVEuPtzNWR32lJKGD3-GRDgqZDrCDKGhg0uLfw&amp;oh=00_Af5JcPBJa_N9ChhxKDrbbh45nPU37PC3CKTTtDPguxXtoQ&amp;oe=69FC7255&quot;}\">\n\t\t\t<span class=\"sbi-screenreader\">El Coro de Voces Blancas\ndel CPM de Tenerife \ud83c\udfb6,\nga<\/span>\n\t\t\t\t\t\t\t\t\t<img decoding=\"async\" src=\"https:\/\/aedcoro.com\/wp-content\/plugins\/instagram-feed\/img\/placeholder.png\" alt=\"El Coro de Voces Blancas\ndel CPM de Tenerife \ud83c\udfb6,\nganador del Gran Premio Nacional \nde Canto Coral 2025 \nen San Vicente de la Barquera, \nha interpretado \n&quot;The Armed man: A mass for peace&quot; \nde Sir Karl Jenkins.\n\n\u00a1Enhorabuena por el trabajo \ntan minucioso que hab\u00e9is realizado \ny que hemos degustado, \nhaci\u00e9ndonos pensar y reflexionar \nsobre la paz, la vida y la muerte, \nlas diferentes culturas \nque coexisten en el mundo \ud83c\udf0e \ny, sobretodo, \nnos hac\u00e9is tener esperanza \ud83d\udd4a\ufe0f\nen la m\u00fasica coral juvenil,\nsiendo una opci\u00f3n tan valiosa\npara los j\u00f3venes de hoy en d\u00eda.\" aria-hidden=\"true\">\n\t\t<\/a>\n\t<\/div>\n<\/div>\t<\/div>\n\n\t<div id=\"sbi_load\" >\n\n\t\t\t<button class=\"sbi_load_btn\"\n\t\t\ttype=\"button\"  style=\"background: rgb(27,28,38);\">\n\t\t\t<span class=\"sbi_btn_text\" >Ver m\u00e1s<\/span>\n\t\t\t<span class=\"sbi_loader sbi_hidden\" style=\"background-color: rgb(255, 255, 255);\" aria-hidden=\"true\"><\/span>\n\t\t<\/button>\n\t\n\t\t\t<span class=\"sbi_follow_btn sbi_custom\" >\n\t\t\t<a target=\"_blank\"\n\t\t\t\trel=\"nofollow noopener\"  href=\"https:\/\/www.instagram.com\/aedcoro\/\" style=\"background: rgb(213,56,41);\">\n\t\t\t\t<svg class=\"svg-inline--fa fa-instagram fa-w-14\" aria-hidden=\"true\" data-fa-processed=\"\" aria-label=\"Instagram\" data-prefix=\"fab\" data-icon=\"instagram\" role=\"img\" viewBox=\"0 0 448 512\">\n                    <path fill=\"currentColor\" d=\"M224.1 141c-63.6 0-114.9 51.3-114.9 114.9s51.3 114.9 114.9 114.9S339 319.5 339 255.9 287.7 141 224.1 141zm0 189.6c-41.1 0-74.7-33.5-74.7-74.7s33.5-74.7 74.7-74.7 74.7 33.5 74.7 74.7-33.6 74.7-74.7 74.7zm146.4-194.3c0 14.9-12 26.8-26.8 26.8-14.9 0-26.8-12-26.8-26.8s12-26.8 26.8-26.8 26.8 12 26.8 26.8zm76.1 27.2c-1.7-35.9-9.9-67.7-36.2-93.9-26.2-26.2-58-34.4-93.9-36.2-37-2.1-147.9-2.1-184.9 0-35.8 1.7-67.6 9.9-93.9 36.1s-34.4 58-36.2 93.9c-2.1 37-2.1 147.9 0 184.9 1.7 35.9 9.9 67.7 36.2 93.9s58 34.4 93.9 36.2c37 2.1 147.9 2.1 184.9 0 35.9-1.7 67.7-9.9 93.9-36.2 26.2-26.2 34.4-58 36.2-93.9 2.1-37 2.1-147.8 0-184.8zM398.8 388c-7.8 19.6-22.9 34.7-42.6 42.6-29.5 11.7-99.5 9-132.1 9s-102.7 2.6-132.1-9c-19.6-7.8-34.7-22.9-42.6-42.6-11.7-29.5-9-99.5-9-132.1s-2.6-102.7 9-132.1c7.8-19.6 22.9-34.7 42.6-42.6 29.5-11.7 99.5-9 132.1-9s102.7-2.6 132.1 9c19.6 7.8 34.7 22.9 42.6 42.6 11.7 29.5 9 99.5 9 132.1s2.7 102.7-9 132.1z\"><\/path>\n                <\/svg>\t\t\t\t<span>S\u00edguenos en Instagram<\/span>\n\t\t\t<\/a>\n\t\t<\/span>\n\t\n<\/div>\n\t\t<span class=\"sbi_resized_image_data\" data-feed-id=\"*1\"\n\t\t  data-resized=\"{&quot;18076622834403422&quot;:{&quot;id&quot;:&quot;657528483_18084510509203871_3709459669524432553_n&quot;,&quot;ratio&quot;:&quot;1.00&quot;,&quot;sizes&quot;:{&quot;full&quot;:640,&quot;low&quot;:320,&quot;thumb&quot;:150},&quot;extension&quot;:&quot;.jpg&quot;},&quot;18353312218235780&quot;:{&quot;id&quot;:&quot;658831150_18084502052203871_8063240316838373001_n&quot;,&quot;ratio&quot;:&quot;1.33&quot;,&quot;sizes&quot;:{&quot;full&quot;:640,&quot;low&quot;:320,&quot;thumb&quot;:150},&quot;extension&quot;:&quot;.jpg&quot;},&quot;17967228405048725&quot;:{&quot;id&quot;:&quot;658496570_18084669506203871_8843398624252438163_n&quot;,&quot;ratio&quot;:&quot;1.50&quot;,&quot;sizes&quot;:{&quot;full&quot;:640,&quot;low&quot;:320,&quot;thumb&quot;:150},&quot;extension&quot;:&quot;.jpg&quot;},&quot;18096846052833633&quot;:{&quot;id&quot;:&quot;657400336_18084758060203871_534651440046972282_n&quot;,&quot;ratio&quot;:&quot;0.80&quot;,&quot;sizes&quot;:{&quot;full&quot;:640,&quot;low&quot;:320,&quot;thumb&quot;:150},&quot;extension&quot;:&quot;.jpg&quot;},&quot;18211233094323014&quot;:{&quot;id&quot;:&quot;660296520_18085118948203871_8390126336323004939_n&quot;,&quot;ratio&quot;:&quot;1.00&quot;,&quot;sizes&quot;:{&quot;full&quot;:640,&quot;low&quot;:320,&quot;thumb&quot;:150},&quot;extension&quot;:&quot;.jpg&quot;},&quot;18058610966439306&quot;:{&quot;id&quot;:&quot;658436560_18085112315203871_8742820887573950576_n&quot;,&quot;ratio&quot;:&quot;1.00&quot;,&quot;sizes&quot;:{&quot;full&quot;:640,&quot;low&quot;:320,&quot;thumb&quot;:150},&quot;extension&quot;:&quot;.jpg&quot;},&quot;18516191911075627&quot;:{&quot;id&quot;:&quot;657720677_18085157054203871_5111835088202447277_n&quot;,&quot;ratio&quot;:&quot;1.00&quot;,&quot;sizes&quot;:{&quot;full&quot;:640,&quot;low&quot;:320,&quot;thumb&quot;:150},&quot;extension&quot;:&quot;.jpg&quot;},&quot;18113404936606410&quot;:{&quot;id&quot;:&quot;658608070_18085205213203871_1139297076457137082_n&quot;,&quot;ratio&quot;:&quot;1.00&quot;,&quot;sizes&quot;:{&quot;full&quot;:640,&quot;low&quot;:320,&quot;thumb&quot;:150},&quot;extension&quot;:&quot;.jpg&quot;},&quot;18095058608035302&quot;:{&quot;id&quot;:&quot;658608059_18085248404203871_8326321562700674114_n&quot;,&quot;ratio&quot;:&quot;1.00&quot;,&quot;sizes&quot;:{&quot;full&quot;:640,&quot;low&quot;:320,&quot;thumb&quot;:150},&quot;extension&quot;:&quot;.jpg&quot;},&quot;18105737177307690&quot;:{&quot;id&quot;:&quot;662331461_18085370174203871_6820985392812723559_n&quot;,&quot;ratio&quot;:&quot;1.51&quot;,&quot;sizes&quot;:{&quot;full&quot;:640,&quot;low&quot;:320,&quot;thumb&quot;:150},&quot;extension&quot;:&quot;.jpg&quot;},&quot;18044826977532124&quot;:{&quot;id&quot;:&quot;670509956_18085754204203871_4232275432974608610_n&quot;,&quot;ratio&quot;:&quot;1.91&quot;,&quot;sizes&quot;:{&quot;full&quot;:640,&quot;low&quot;:320,&quot;thumb&quot;:150},&quot;extension&quot;:&quot;.webp&quot;},&quot;18053061491507285&quot;:{&quot;id&quot;:&quot;670559411_18086434115203871_7096172229904837926_n&quot;,&quot;ratio&quot;:&quot;0.75&quot;,&quot;sizes&quot;:{&quot;full&quot;:640,&quot;low&quot;:320,&quot;thumb&quot;:150},&quot;extension&quot;:&quot;.webp&quot;}}\">\n\t<\/span>\n\t<\/div>\n\n\t<style type=\"text\/css\">\n\t\t\t\t\t\t#sb_instagram .sbi_follow_btn a:hover,\n\t\t#sb_instagram .sbi_follow_btn a:focus {\n\t\t\toutline: none;\n\t\t\tbox-shadow: inset 0 0 10px 20px#1b1c26;\n\t\t}\n\n\t\t\t<\/style>\n\t<\/div>\n\t\t\t\t\t\t<\/div>\n\t\t\t\t<\/div>\n\t\t\t\t<\/div>\n\t\t\t\t\t<\/div>\n\t\t\t\t<\/div>\n\t\t\t\t<\/div>\n\t\t","protected":false},"excerpt":{"rendered":"<p>Asociaci\u00f3n Espa\u00f1ola de Directores de Coro AEDCORO La Asociaci\u00f3n Espacio de encuentro y comunicaci\u00f3n desde el que dar voz a las inquietudes de los directores de coro. Con\u00f3cenos Nuestros socios [&hellip;]<\/p>\n","protected":false},"author":1,"featured_media":0,"parent":0,"menu_order":0,"comment_status":"closed","ping_status":"closed","template":"elementor_header_footer","meta":{"footnotes":""},"class_list":["post-12","page","type-page","status-publish","hentry"],"yoast_head":"<!-- This site is optimized with the Yoast SEO plugin v27.5 - https:\/\/yoast.com\/product\/yoast-seo-wordpress\/ -->\n<title>Inicio - AEDCORO<\/title>\n<meta name=\"description\" content=\"AEDCORO es un espacio de encuentro y comunicaci\u00f3n desde el que dar voz a las inquietudes de los directores de coro como gremio y, al mismo tiempo, hacer que la m\u00fasica coral tenga el reconocimiento que deber\u00eda ante la sociedad y las instituciones,\" \/>\n<meta name=\"robots\" content=\"index, follow, max-snippet:-1, max-image-preview:large, max-video-preview:-1\" \/>\n<link rel=\"canonical\" href=\"https:\/\/aedcoro.com\/en\/\" \/>\n<meta property=\"og:locale\" content=\"en_GB\" \/>\n<meta property=\"og:type\" content=\"article\" \/>\n<meta property=\"og:title\" content=\"AEDCORO\" \/>\n<meta property=\"og:description\" content=\"Asociaci\u00f3n Espa\u00f1ola de Directores de Coro\" \/>\n<meta property=\"og:url\" content=\"https:\/\/aedcoro.com\/en\/\" \/>\n<meta property=\"og:site_name\" content=\"AEDCORO\" \/>\n<meta property=\"article:publisher\" content=\"https:\/\/www.facebook.com\/aedcoro\/\" \/>\n<meta property=\"article:modified_time\" content=\"2026-03-13T16:18:48+00:00\" \/>\n<meta property=\"og:image\" content=\"https:\/\/aedcoro.com\/wp-content\/uploads\/AEDCoro_logo.webp\" \/>\n\t<meta property=\"og:image:width\" content=\"500\" \/>\n\t<meta property=\"og:image:height\" content=\"395\" \/>\n\t<meta property=\"og:image:type\" content=\"image\/webp\" \/>\n<meta name=\"twitter:card\" content=\"summary_large_image\" \/>\n<meta name=\"twitter:title\" content=\"AEDCORO\" \/>\n<meta name=\"twitter:description\" content=\"Asociaci\u00f3n Espa\u00f1ola de Directores de Coro\" \/>\n<meta name=\"twitter:image\" content=\"https:\/\/aedcoro.com\/wp-content\/uploads\/AEDCoro_logo.webp\" \/>\n<meta name=\"twitter:site\" content=\"@aedcoro\" \/>\n<meta name=\"twitter:label1\" content=\"Estimated reading time\" \/>\n\t<meta name=\"twitter:data1\" content=\"1 minute\" \/>\n<script type=\"application\/ld+json\" class=\"yoast-schema-graph\">{\"@context\":\"https:\\\/\\\/schema.org\",\"@graph\":[{\"@type\":\"WebPage\",\"@id\":\"https:\\\/\\\/aedcoro.com\\\/\",\"url\":\"https:\\\/\\\/aedcoro.com\\\/\",\"name\":\"Inicio - AEDCORO\",\"isPartOf\":{\"@id\":\"https:\\\/\\\/aedcoro.com\\\/#website\"},\"primaryImageOfPage\":{\"@id\":\"https:\\\/\\\/aedcoro.com\\\/#primaryimage\"},\"image\":{\"@id\":\"https:\\\/\\\/aedcoro.com\\\/#primaryimage\"},\"thumbnailUrl\":\"https:\\\/\\\/aedcoro.com\\\/wp-content\\\/uploads\\\/Logo-AEDCORO_10aniversario_color_completo-1024x409.webp\",\"datePublished\":\"2025-08-27T08:47:57+00:00\",\"dateModified\":\"2026-03-13T16:18:48+00:00\",\"description\":\"AEDCORO es un espacio de encuentro y comunicaci\u00f3n desde el que dar voz a las inquietudes de los directores de coro como gremio y, al mismo tiempo, hacer que la m\u00fasica coral tenga el reconocimiento que deber\u00eda ante la sociedad y las instituciones,\",\"breadcrumb\":{\"@id\":\"https:\\\/\\\/aedcoro.com\\\/#breadcrumb\"},\"inLanguage\":\"en-GB\",\"potentialAction\":[{\"@type\":\"ReadAction\",\"target\":[\"https:\\\/\\\/aedcoro.com\\\/\"]}]},{\"@type\":\"ImageObject\",\"inLanguage\":\"en-GB\",\"@id\":\"https:\\\/\\\/aedcoro.com\\\/#primaryimage\",\"url\":\"https:\\\/\\\/aedcoro.com\\\/wp-content\\\/uploads\\\/Logo-AEDCORO_10aniversario_color_completo-1024x409.webp\",\"contentUrl\":\"https:\\\/\\\/aedcoro.com\\\/wp-content\\\/uploads\\\/Logo-AEDCORO_10aniversario_color_completo-1024x409.webp\"},{\"@type\":\"BreadcrumbList\",\"@id\":\"https:\\\/\\\/aedcoro.com\\\/#breadcrumb\",\"itemListElement\":[{\"@type\":\"ListItem\",\"position\":1,\"name\":\"Portada\",\"item\":\"https:\\\/\\\/aedcoro.com\\\/\"},{\"@type\":\"ListItem\",\"position\":2,\"name\":\"Inicio\"}]},{\"@type\":\"WebSite\",\"@id\":\"https:\\\/\\\/aedcoro.com\\\/#website\",\"url\":\"https:\\\/\\\/aedcoro.com\\\/\",\"name\":\"AEDCORO\",\"description\":\"Asociaci\u00f3n Espa\u00f1ola de Directores de Coro\",\"publisher\":{\"@id\":\"https:\\\/\\\/aedcoro.com\\\/#organization\"},\"potentialAction\":[{\"@type\":\"SearchAction\",\"target\":{\"@type\":\"EntryPoint\",\"urlTemplate\":\"https:\\\/\\\/aedcoro.com\\\/?s={search_term_string}\"},\"query-input\":{\"@type\":\"PropertyValueSpecification\",\"valueRequired\":true,\"valueName\":\"search_term_string\"}}],\"inLanguage\":\"en-GB\"},{\"@type\":\"Organization\",\"@id\":\"https:\\\/\\\/aedcoro.com\\\/#organization\",\"name\":\"Asociaci\u00f3n Espa\u00f1ola de Directores de Coro\",\"alternateName\":\"AEDCORO\",\"url\":\"https:\\\/\\\/aedcoro.com\\\/\",\"logo\":{\"@type\":\"ImageObject\",\"inLanguage\":\"en-GB\",\"@id\":\"https:\\\/\\\/aedcoro.com\\\/#\\\/schema\\\/logo\\\/image\\\/\",\"url\":\"https:\\\/\\\/aedcoro.com\\\/wp-content\\\/uploads\\\/AEDCoro_logo.webp\",\"contentUrl\":\"https:\\\/\\\/aedcoro.com\\\/wp-content\\\/uploads\\\/AEDCoro_logo.webp\",\"width\":500,\"height\":395,\"caption\":\"Asociaci\u00f3n Espa\u00f1ola de Directores de Coro\"},\"image\":{\"@id\":\"https:\\\/\\\/aedcoro.com\\\/#\\\/schema\\\/logo\\\/image\\\/\"},\"sameAs\":[\"https:\\\/\\\/www.facebook.com\\\/aedcoro\\\/\",\"https:\\\/\\\/x.com\\\/aedcoro\",\"https:\\\/\\\/www.instagram.com\\\/aedcoro\\\/\",\"https:\\\/\\\/www.youtube.com\\\/channel\\\/UCx3RJQ3BMA4KmkstsrIZk-w\"]}]}<\/script>\n<!-- \/ Yoast SEO plugin. -->","yoast_head_json":{"title":"Inicio - AEDCORO","description":"AEDCORO es un espacio de encuentro y comunicaci\u00f3n desde el que dar voz a las inquietudes de los directores de coro como gremio y, al mismo tiempo, hacer que la m\u00fasica coral tenga el reconocimiento que deber\u00eda ante la sociedad y las instituciones,","robots":{"index":"index","follow":"follow","max-snippet":"max-snippet:-1","max-image-preview":"max-image-preview:large","max-video-preview":"max-video-preview:-1"},"canonical":"https:\/\/aedcoro.com\/en\/","og_locale":"en_GB","og_type":"article","og_title":"AEDCORO","og_description":"Asociaci\u00f3n Espa\u00f1ola de Directores de Coro","og_url":"https:\/\/aedcoro.com\/en\/","og_site_name":"AEDCORO","article_publisher":"https:\/\/www.facebook.com\/aedcoro\/","article_modified_time":"2026-03-13T16:18:48+00:00","og_image":[{"width":500,"height":395,"url":"https:\/\/aedcoro.com\/wp-content\/uploads\/AEDCoro_logo.webp","type":"image\/webp"}],"twitter_card":"summary_large_image","twitter_title":"AEDCORO","twitter_description":"Asociaci\u00f3n Espa\u00f1ola de Directores de Coro","twitter_image":"https:\/\/aedcoro.com\/wp-content\/uploads\/AEDCoro_logo.webp","twitter_site":"@aedcoro","twitter_misc":{"Estimated reading time":"1 minute"},"schema":{"@context":"https:\/\/schema.org","@graph":[{"@type":"WebPage","@id":"https:\/\/aedcoro.com\/","url":"https:\/\/aedcoro.com\/","name":"Inicio - AEDCORO","isPartOf":{"@id":"https:\/\/aedcoro.com\/#website"},"primaryImageOfPage":{"@id":"https:\/\/aedcoro.com\/#primaryimage"},"image":{"@id":"https:\/\/aedcoro.com\/#primaryimage"},"thumbnailUrl":"https:\/\/aedcoro.com\/wp-content\/uploads\/Logo-AEDCORO_10aniversario_color_completo-1024x409.webp","datePublished":"2025-08-27T08:47:57+00:00","dateModified":"2026-03-13T16:18:48+00:00","description":"AEDCORO es un espacio de encuentro y comunicaci\u00f3n desde el que dar voz a las inquietudes de los directores de coro como gremio y, al mismo tiempo, hacer que la m\u00fasica coral tenga el reconocimiento que deber\u00eda ante la sociedad y las instituciones,","breadcrumb":{"@id":"https:\/\/aedcoro.com\/#breadcrumb"},"inLanguage":"en-GB","potentialAction":[{"@type":"ReadAction","target":["https:\/\/aedcoro.com\/"]}]},{"@type":"ImageObject","inLanguage":"en-GB","@id":"https:\/\/aedcoro.com\/#primaryimage","url":"https:\/\/aedcoro.com\/wp-content\/uploads\/Logo-AEDCORO_10aniversario_color_completo-1024x409.webp","contentUrl":"https:\/\/aedcoro.com\/wp-content\/uploads\/Logo-AEDCORO_10aniversario_color_completo-1024x409.webp"},{"@type":"BreadcrumbList","@id":"https:\/\/aedcoro.com\/#breadcrumb","itemListElement":[{"@type":"ListItem","position":1,"name":"Portada","item":"https:\/\/aedcoro.com\/"},{"@type":"ListItem","position":2,"name":"Inicio"}]},{"@type":"WebSite","@id":"https:\/\/aedcoro.com\/#website","url":"https:\/\/aedcoro.com\/","name":"AEDCORO","description":"Spanish Association of Choir Directors","publisher":{"@id":"https:\/\/aedcoro.com\/#organization"},"potentialAction":[{"@type":"SearchAction","target":{"@type":"EntryPoint","urlTemplate":"https:\/\/aedcoro.com\/?s={search_term_string}"},"query-input":{"@type":"PropertyValueSpecification","valueRequired":true,"valueName":"search_term_string"}}],"inLanguage":"en-GB"},{"@type":"Organization","@id":"https:\/\/aedcoro.com\/#organization","name":"Spanish Association of Choir Directors","alternateName":"AEDCORO","url":"https:\/\/aedcoro.com\/","logo":{"@type":"ImageObject","inLanguage":"en-GB","@id":"https:\/\/aedcoro.com\/#\/schema\/logo\/image\/","url":"https:\/\/aedcoro.com\/wp-content\/uploads\/AEDCoro_logo.webp","contentUrl":"https:\/\/aedcoro.com\/wp-content\/uploads\/AEDCoro_logo.webp","width":500,"height":395,"caption":"Asociaci\u00f3n Espa\u00f1ola de Directores de Coro"},"image":{"@id":"https:\/\/aedcoro.com\/#\/schema\/logo\/image\/"},"sameAs":["https:\/\/www.facebook.com\/aedcoro\/","https:\/\/x.com\/aedcoro","https:\/\/www.instagram.com\/aedcoro\/","https:\/\/www.youtube.com\/channel\/UCx3RJQ3BMA4KmkstsrIZk-w"]}]}},"_links":{"self":[{"href":"https:\/\/aedcoro.com\/en\/wp-json\/wp\/v2\/pages\/12","targetHints":{"allow":["GET"]}}],"collection":[{"href":"https:\/\/aedcoro.com\/en\/wp-json\/wp\/v2\/pages"}],"about":[{"href":"https:\/\/aedcoro.com\/en\/wp-json\/wp\/v2\/types\/page"}],"author":[{"embeddable":true,"href":"https:\/\/aedcoro.com\/en\/wp-json\/wp\/v2\/users\/1"}],"replies":[{"embeddable":true,"href":"https:\/\/aedcoro.com\/en\/wp-json\/wp\/v2\/comments?post=12"}],"version-history":[{"count":357,"href":"https:\/\/aedcoro.com\/en\/wp-json\/wp\/v2\/pages\/12\/revisions"}],"predecessor-version":[{"id":11391,"href":"https:\/\/aedcoro.com\/en\/wp-json\/wp\/v2\/pages\/12\/revisions\/11391"}],"wp:attachment":[{"href":"https:\/\/aedcoro.com\/en\/wp-json\/wp\/v2\/media?parent=12"}],"curies":[{"name":"wp","href":"https:\/\/api.w.org\/{rel}","templated":true}]}}