{"id":3,"date":"2023-03-21T09:26:33","date_gmt":"2023-03-21T09:26:33","guid":{"rendered":"https:\/\/aedcoro.com\/?page_id=3"},"modified":"2026-01-21T17:49:08","modified_gmt":"2026-01-21T16:49:08","slug":"politica-de-privacidad","status":"publish","type":"page","link":"https:\/\/aedcoro.com\/en\/politica-de-privacidad\/","title":{"rendered":"Pol\u00edtica de privacidad"},"content":{"rendered":"<div data-elementor-type=\"wp-page\" data-elementor-id=\"3\" class=\"elementor elementor-3\" data-elementor-post-type=\"page\">\n\t\t\t\t<div class=\"elementor-element elementor-element-28bc893 e-flex e-con-boxed e-con e-parent\" data-id=\"28bc893\" data-element_type=\"container\" data-e-type=\"container\" data-settings=\"{&quot;background_background&quot;:&quot;classic&quot;}\">\n\t\t\t\t\t<div class=\"e-con-inner\">\n\t\t<div class=\"elementor-element elementor-element-a6f23c4 e-flex e-con-boxed e-con e-child\" data-id=\"a6f23c4\" data-element_type=\"container\" data-e-type=\"container\">\n\t\t\t\t\t<div class=\"e-con-inner\">\n\t\t\t\t<div class=\"elementor-element elementor-element-c655e89 elementor-invisible elementor-widget elementor-widget-heading\" data-id=\"c655e89\" data-element_type=\"widget\" data-e-type=\"widget\" data-settings=\"{&quot;_animation&quot;:&quot;fadeInUp&quot;}\" data-widget_type=\"heading.default\">\n\t\t\t\t<div class=\"elementor-widget-container\">\n\t\t\t\t\t<h1 class=\"elementor-heading-title elementor-size-default\">Pol\u00edtica de privacidad<\/h1>\t\t\t\t<\/div>\n\t\t\t\t<\/div>\n\t\t\t\t\t<\/div>\n\t\t\t\t<\/div>\n\t\t\t\t\t<\/div>\n\t\t\t\t<\/div>\n\t\t<div class=\"elementor-element elementor-element-f364c5c e-flex e-con-boxed e-con e-parent\" data-id=\"f364c5c\" data-element_type=\"container\" data-e-type=\"container\">\n\t\t\t\t\t<div class=\"e-con-inner\">\n\t\t\t\t<div class=\"elementor-element elementor-element-e4126ba elementor-widget elementor-widget-html\" data-id=\"e4126ba\" data-element_type=\"widget\" data-e-type=\"widget\" data-widget_type=\"html.default\">\n\t\t\t\t<div class=\"elementor-widget-container\">\n\t\t\t\t\t<p>With the aim of making the transparency of information compatible with an easy understanding of the way it is presented to users, <strong>AEDCORO<\/strong>\u00a0presents the privacy policy in two phases (multilevel representation or a <strong>double layer<\/strong>). By means of this system, we offer our visitors and users information about the processing of their data by means of a more summarised and concise information as a first layer of information. If you require more detailed information, a second, more extensive and detailed layer of information is available via the link: <span style=\"color: #d53829;\"><strong>\"+ Informaci\u00f3n\"<\/strong><\/span>. It identifies the different aspects of the treatment carried out by <strong>AEDCORO<\/strong>.\u00a0<\/p>\n<p><\/p>\n<table class=\"privacidad-tabla\">\n<thead>\n<tr>\n<th width=\"150px\">Heading<\/th>\n<th>Description<\/th>\n<th width=\"150px\">Link<\/th>\n<\/tr>\n<\/thead>\n<tbody>\n<tr class=\"titulos\">\n<td data-titulo=\"Ep\u00edgrafe:\">Data controller<\/td>\n<td data-titulo=\"Descripci\u00f3n:\">The data processed are strictly necessary, appropriate and relevant for each purpose.<\/td>\n<td data-titulo=\"Enlace:\"><a href=\"#_Responsable_del_tratamiento\"><strong>+ Information<\/strong><\/a><\/td>\n<\/tr>\n<tr class=\"titulos\">\n<td data-titulo=\"Ep\u00edgrafe:\">Purpose<\/td>\n<td data-titulo=\"Descripci\u00f3n:\">The purpose of the data processing carried out will be in accordance with the activities of the Departments of <strong>AEDCORO<\/strong>\u00a0mainly highlighting: <strong>\u201dAEDCORO is a meeting and communication space from which to give voice to the concerns we may have as a guild and, at the same time, to give choral music the recognition it should have in the eyes of society and institutions\u201d.\u201d<\/strong>.<\/td>\n<td data-titulo=\"Enlace:\"><a href=\"#_Finalidad\"><strong>+ Information<\/strong><\/a><\/td>\n<\/tr>\n<tr class=\"titulos\">\n<td data-titulo=\"Ep\u00edgrafe:\">Legitimation<\/td>\n<td data-titulo=\"Descripci\u00f3n:\">The data processing is based on the assumptions set out in Article 6 of the GDPR. In the case of <strong>AEDCORO<\/strong>\u00a0such processing is normally carried out where the data subject has given his or her consent to the processing of his or her personal data for one or more specific purposes.<\/td>\n<td data-titulo=\"Enlace:\"><a href=\"#_Base_juridica_del_tratamiento\"><strong>+ Information<\/strong><\/a><\/td>\n<\/tr>\n<tr class=\"titulos\">\n<td data-titulo=\"Ep\u00edgrafe:\">Data retention<\/td>\n<td data-titulo=\"Descripci\u00f3n:\">The personal data provided will be kept for the time necessary to fulfil the purpose for which they are collected and to determine any possible liabilities that may arise from the purpose, in addition to the legal retention periods that require them to be kept (e.g. tax obligations).<\/td>\n<td data-titulo=\"Enlace:\"><a href=\"#_Plazo_de_conservacion\"><strong>+ Information<\/strong><\/a><\/td>\n<\/tr>\n<tr class=\"titulos\">\n<td data-titulo=\"Ep\u00edgrafe:\">Data communication<\/td>\n<td data-titulo=\"Descripci\u00f3n:\">In general, personal data will not be disclosed to third parties, unless legally obliged to do so:\n<ul>\n<li>Competent public administration<\/li>\n<li>Banks\/Financial Institutions<\/li>\n<\/ul>\n<\/td>\n<td data-titulo=\"Enlace:\"><a href=\"#_Categorias_de_destinatarios\"><strong>+ Information<\/strong><\/a><\/td>\n<\/tr>\n<tr class=\"titulos\">\n<td data-titulo=\"Ep\u00edgrafe:\">Stakeholders' rights<\/td>\n<td data-titulo=\"Descripci\u00f3n:\">We recognise our visitors and users exercise their rights of access, rectification, erasure and portability of their data, of limitation and opposition to its processing, as well as not to be subject to decisions based solely on the automated processing of their data, where appropriate, before the <a href=\"https:\/\/www.aepd.es\/es\" target=\"_blank\" rel=\"noopener\"><strong>Spanish Data Protection Agency<\/strong><\/a>.<\/td>\n<td data-titulo=\"Enlace:\"><a href=\"#_Ejercer_derechos_de_control\"><strong>+ Information<\/strong><\/a><\/td>\n<\/tr>\n<tr class=\"titulos\">\n<td data-titulo=\"Ep\u00edgrafe:\">Info. Additional<\/td>\n<td data-titulo=\"Descripci\u00f3n:\">This website uses its own and third-party cookies to analyse web traffic, as well as to be able to personalise the information it offers its users or promote its services. Information to change this configuration and obtain more details about our cookies policy on the button. <a href=\"\/en\/politica-de-cookies-ue\/\" target=\"_blank\" rel=\"noopener\"> <strong>\"Pol\u00edtica de Cookies\"<\/strong><\/a>. The website of which it is the owner <strong>AEDCORO<\/strong>\u00a0contains hyperlinks to other third party websites, whose privacy policies are unrelated to that of this administration. By accessing such websites you can decide whether to accept their privacy and cookie policies. In general, if you browse the Internet you can accept or reject third-party cookies from the configuration options of your browser.<\/td>\n<td data-titulo=\"Enlace:\"><a href=\"\/en\/politica-de-cookies-ue\/\" target=\"_blank\" rel=\"noopener\"> <strong>+ Cookie Policy<\/strong><\/a><\/td>\n<\/tr>\n<\/tbody>\n<\/table>\n<p><\/p>\n<br><br>\n<h3 style=\"margin-bottom: 15px;\"><strong>PRIVACY POLICY<\/strong><\/h3>\n<h3><a name=\"_Responsable_del_tratamiento\"><\/a>Data controller<\/h3>\n<ul>\n<li>Responsible: <strong>SPANISH ASSOCIATION OF CHOIR CONDUCTORS (AEDCORO)<\/strong><\/li>\n<li>CIF: <strong>G09587353<\/strong><\/li>\n<li>Address: <strong>Avda. La Ronda, 40 - 09500 Medina de Pomar (Burgos)<\/strong><\/li>\n<li>Telephone: <strong>+34 676 947 202<\/strong><\/li>\n<li>Email: <strong>info@aedcoro.com<\/strong><\/li>\n<\/ul>\n<p><a name=\"_Finalidad\"><\/a><\/p>\n<h3>Purpose<\/h3>\n<ol type=\"a\">\n<li><strong>Provision of services to existing and\/or potential clients<\/strong><\/li>\n<\/ol>\n<p><strong>AEDCORO<\/strong> is a meeting and communication space from which to give voice to the concerns we may have as a guild and, at the same time, to give choral music the recognition it should have in the eyes of society and institutions.<\/p>\n<ol start=\"2\" type=\"a\">\n<li><strong>Suppliers and third parties<\/strong><\/li>\n<\/ol>\n<p>Externalizaci\u00f3n de servicios a terceros (sociedades, aut\u00f3nomos, fundaciones, asociaciones...)<\/p>\n<ol start=\"3\" type=\"a\">\n<li><strong>Human Resources<\/strong><\/li>\n<\/ol>\n<p>Labour personnel management Personnel file. Time and attendance control. Incompatibilities. Training. Pension plans. Prevention of occupational hazards. Issuance of personnel payroll, as well as all the products derived from it. Management of trade union activity (if applicable).<\/p>\n<ol start=\"4\" type=\"a\">\n<li><strong>Video surveillance<\/strong><\/li>\n<\/ol>\n<p>Ensure the safety of people, goods and facilities. \u00a0<\/p>\n<h3><a name=\"_Base_juridica_del_tratamiento\"><\/a> Legal basis for processing<\/h3>\n<ul>\n<li>GDPR: 6.1.a) the data subject consented to the processing of his or her personal data for one or more specified purposes;<\/li>\n<li>GDPR: 6.1.b) Processing necessary for the performance of a contract to which the data subject is party or for the implementation at the request of the data subject of pre-contractual measures;<\/li>\n<li>GDPR: 6.1. c) the processing is necessary for compliance with a legal obligation applicable to the controller;<\/li>\n<li>General Data Protection Regulation;<\/li>\n<li>Organic Law 3\/2018, of 5 December, on the Protection of Personal Data and Guarantee of Digital Rights;<\/li>\n<li>Law 34\/2002, of 11 July, on information society services and electronic commerce (Applicable to messaging, rrss and online sales).<\/li>\n<\/ul>\n<p><span style=\"color: #17365d;\"><strong>*<\/strong><\/span> \"Vd. tiene derecho a retirar el consentimiento prestado\". \u00a0<\/p>\n<h3>Collectives<\/h3>\n<ul>\n<li>Current and potential customers and users<\/li>\n<li>Professionals and partners<\/li>\n<li>Workers and potential candidates<\/li>\n<li>Individuals transiting on the Entity's premises<\/li>\n<\/ul>\n<p><\/p>\n<h3>Categories of personal data<\/h3>\n<ul>\n<li>Identity details (name, surname, ID number, postal address, telephone number, e-mail address, website)<\/li>\n<li>Other personal data<\/li>\n<li>Bank details<\/li>\n<li>Commercial Information<\/li>\n<li>Purchase and sale of goods or services<\/li>\n<\/ul>\n<p><\/p>\n<h3><a name=\"_Categorias_de_destinatarios\"><\/a> Categories of addressees<\/h3>\n<p>The personal data of customers will be communicated to the following recipients:<\/p>\n<ul>\n<li>Public administrations (e.g. Tax Agency; Social Security)<\/li>\n<li>Organismos judiciales \"En su caso\" (Tribunales)<\/li>\n<li>Financial institutions (Banks)<\/li>\n<li>Collaborating entities<\/li>\n<\/ul>\n<p><\/p>\n<h3>International transfers<\/h3>\n<p>No international transfers of data are foreseen. \u00a0<\/p>\n<h3><a name=\"_Plazo_de_conservacion\"><\/a> Data retention period<\/h3>\n<p>They will be kept for the time necessary to fulfil the purpose for which they were collected and to determine any possible liabilities that may arise from that purpose and from the processing of the data. \u00a0<\/p>\n<h3>Security measures<\/h3>\n<p>In compliance with the provisions of Article 32 of the GDPR, <strong>AEDCORO<\/strong>\u00a0ensure the continuing confidentiality, integrity, availability and resilience of processing systems and services. The level of security shall be proportionate to the risk in the processing of each type of personal data. \u00a0<\/p>\n<h3><a name=\"_Ejercer_derechos_de_control\"><\/a> Exercise control rights over your data<\/h3>\n<p>We recognise our visitors and users' rights of access, rectification, deletion and portability of their data, and the limitation or opposition to its processing, which they may exercise in the manner provided for by law at the addresses indicated above. For more information on how to exercise your rights, the Spanish supervisory authority, the Spanish Data Protection Agency, provides you with the following link with its description and a form to send the request to us: <a href=\"https:\/\/www.aepd.es\/es\/derechos-y-deberes\/conoce-tus-derechos\" target=\"_blank\" rel=\"noopener\"><strong>Exercising rights<\/strong><\/a> For any information or queries you may have regarding the processing of your data by <strong>AEDCORO<\/strong>, You can contact us via the e-mail address provided: <strong>info@aedcoro.com.<\/strong>\u00a0\u00a0<\/p>\n<h3>Claim (complaint) to the AEPD<\/h3>\n<p>If you feel, after contacting us, that your data rights are not being respected, you can file a complaint with the <a href=\"https:\/\/www.aepd.es\/\" target=\"_blank\" rel=\"noopener\">AEPD<\/a>.<\/p>\n<p><strong>AEDCORO<\/strong><br \/><strong>Avda. La Ronda, 40 - 09500 Medina de Pomar (Burgos)<\/strong><br \/><strong>Email: info@aedcoro.com<\/strong><\/p>\n<div class=\"enlaces-externos\">\n<p>1.- <a href=\"https:\/\/www.aepd.es\/es\/politica-de-privacidad-y-aviso-legal\" target=\"_blank\" rel=\"noopener\"><em>Spanish Data Protection Agency<\/em><\/a><\/p>\n<p>2.- <a href=\"https:\/\/www.cnil.fr\/fr\/mentions-legales\" target=\"_blank\" rel=\"noopener\"><em>Commission Nationale de L'informatique et des Libert\u00e9s (CNIL)<\/em><\/a><\/p>\n<p>3.- <a href=\"https:\/\/www.ccn-cert.cni.es\/aviso-legal.html\" target=\"_blank\" rel=\"noopener\"><em>National Cryptology Centre<\/em><\/a><\/p>\n<\/div>\t\t\t\t<\/div>\n\t\t\t\t<\/div>\n\t\t\t\t\t<\/div>\n\t\t\t\t<\/div>\n\t\t\t\t<\/div>","protected":false},"excerpt":{"rendered":"<p>Con la finalidad de compatibilizar la transparencia de la informaci\u00f3n, con una f\u00e1cil comprensi\u00f3n en la forma de presentarla a los usuarios, AEDCORO\u00a0presenta la pol\u00edtica de privacidad en dos fases [&hellip;]<\/p>\n","protected":false},"author":1,"featured_media":0,"parent":0,"menu_order":0,"comment_status":"closed","ping_status":"closed","template":"","meta":{"footnotes":""},"class_list":["post-3","page","type-page","status-publish","hentry"],"yoast_head":"<!-- This site is optimized with the Yoast SEO plugin v27.5 - https:\/\/yoast.com\/product\/yoast-seo-wordpress\/ -->\n<title>Pol\u00edtica de privacidad - AEDCORO<\/title>\n<meta name=\"robots\" content=\"index, follow, max-snippet:-1, max-image-preview:large, max-video-preview:-1\" \/>\n<link rel=\"canonical\" href=\"https:\/\/aedcoro.com\/en\/politica-de-privacidad\/\" \/>\n<meta property=\"og:locale\" content=\"en_GB\" \/>\n<meta property=\"og:type\" content=\"article\" \/>\n<meta property=\"og:title\" content=\"Pol\u00edtica de privacidad - AEDCORO\" \/>\n<meta property=\"og:description\" content=\"Con la finalidad de compatibilizar la transparencia de la informaci\u00f3n, con una f\u00e1cil comprensi\u00f3n en la forma de presentarla a los usuarios, AEDCORO\u00a0presenta la pol\u00edtica de privacidad en dos fases [&hellip;]\" \/>\n<meta property=\"og:url\" content=\"https:\/\/aedcoro.com\/en\/politica-de-privacidad\/\" \/>\n<meta property=\"og:site_name\" content=\"AEDCORO\" \/>\n<meta property=\"article:publisher\" content=\"https:\/\/www.facebook.com\/aedcoro\/\" \/>\n<meta property=\"article:modified_time\" content=\"2026-01-21T16:49:08+00:00\" \/>\n<meta name=\"twitter:card\" content=\"summary_large_image\" \/>\n<meta name=\"twitter:site\" content=\"@aedcoro\" \/>\n<meta name=\"twitter:label1\" content=\"Estimated reading time\" \/>\n\t<meta name=\"twitter:data1\" content=\"6 minutes\" \/>\n<script type=\"application\/ld+json\" class=\"yoast-schema-graph\">{\"@context\":\"https:\\\/\\\/schema.org\",\"@graph\":[{\"@type\":\"WebPage\",\"@id\":\"https:\\\/\\\/aedcoro.com\\\/politica-de-privacidad\\\/\",\"url\":\"https:\\\/\\\/aedcoro.com\\\/politica-de-privacidad\\\/\",\"name\":\"Pol\u00edtica de privacidad - AEDCORO\",\"isPartOf\":{\"@id\":\"https:\\\/\\\/aedcoro.com\\\/#website\"},\"datePublished\":\"2023-03-21T09:26:33+00:00\",\"dateModified\":\"2026-01-21T16:49:08+00:00\",\"breadcrumb\":{\"@id\":\"https:\\\/\\\/aedcoro.com\\\/politica-de-privacidad\\\/#breadcrumb\"},\"inLanguage\":\"en-GB\",\"potentialAction\":[{\"@type\":\"ReadAction\",\"target\":[\"https:\\\/\\\/aedcoro.com\\\/politica-de-privacidad\\\/\"]}]},{\"@type\":\"BreadcrumbList\",\"@id\":\"https:\\\/\\\/aedcoro.com\\\/politica-de-privacidad\\\/#breadcrumb\",\"itemListElement\":[{\"@type\":\"ListItem\",\"position\":1,\"name\":\"Portada\",\"item\":\"https:\\\/\\\/aedcoro.com\\\/\"},{\"@type\":\"ListItem\",\"position\":2,\"name\":\"Pol\u00edtica de privacidad\"}]},{\"@type\":\"WebSite\",\"@id\":\"https:\\\/\\\/aedcoro.com\\\/#website\",\"url\":\"https:\\\/\\\/aedcoro.com\\\/\",\"name\":\"AEDCORO\",\"description\":\"Asociaci\u00f3n Espa\u00f1ola de Directores de Coro\",\"publisher\":{\"@id\":\"https:\\\/\\\/aedcoro.com\\\/#organization\"},\"potentialAction\":[{\"@type\":\"SearchAction\",\"target\":{\"@type\":\"EntryPoint\",\"urlTemplate\":\"https:\\\/\\\/aedcoro.com\\\/?s={search_term_string}\"},\"query-input\":{\"@type\":\"PropertyValueSpecification\",\"valueRequired\":true,\"valueName\":\"search_term_string\"}}],\"inLanguage\":\"en-GB\"},{\"@type\":\"Organization\",\"@id\":\"https:\\\/\\\/aedcoro.com\\\/#organization\",\"name\":\"Asociaci\u00f3n Espa\u00f1ola de Directores de Coro\",\"alternateName\":\"AEDCORO\",\"url\":\"https:\\\/\\\/aedcoro.com\\\/\",\"logo\":{\"@type\":\"ImageObject\",\"inLanguage\":\"en-GB\",\"@id\":\"https:\\\/\\\/aedcoro.com\\\/#\\\/schema\\\/logo\\\/image\\\/\",\"url\":\"https:\\\/\\\/aedcoro.com\\\/wp-content\\\/uploads\\\/AEDCoro_logo.webp\",\"contentUrl\":\"https:\\\/\\\/aedcoro.com\\\/wp-content\\\/uploads\\\/AEDCoro_logo.webp\",\"width\":500,\"height\":395,\"caption\":\"Asociaci\u00f3n Espa\u00f1ola de Directores de Coro\"},\"image\":{\"@id\":\"https:\\\/\\\/aedcoro.com\\\/#\\\/schema\\\/logo\\\/image\\\/\"},\"sameAs\":[\"https:\\\/\\\/www.facebook.com\\\/aedcoro\\\/\",\"https:\\\/\\\/x.com\\\/aedcoro\",\"https:\\\/\\\/www.instagram.com\\\/aedcoro\\\/\",\"https:\\\/\\\/www.youtube.com\\\/channel\\\/UCx3RJQ3BMA4KmkstsrIZk-w\"]}]}<\/script>\n<!-- \/ Yoast SEO plugin. -->","yoast_head_json":{"title":"Pol\u00edtica de privacidad - AEDCORO","robots":{"index":"index","follow":"follow","max-snippet":"max-snippet:-1","max-image-preview":"max-image-preview:large","max-video-preview":"max-video-preview:-1"},"canonical":"https:\/\/aedcoro.com\/en\/politica-de-privacidad\/","og_locale":"en_GB","og_type":"article","og_title":"Pol\u00edtica de privacidad - AEDCORO","og_description":"Con la finalidad de compatibilizar la transparencia de la informaci\u00f3n, con una f\u00e1cil comprensi\u00f3n en la forma de presentarla a los usuarios, AEDCORO\u00a0presenta la pol\u00edtica de privacidad en dos fases [&hellip;]","og_url":"https:\/\/aedcoro.com\/en\/politica-de-privacidad\/","og_site_name":"AEDCORO","article_publisher":"https:\/\/www.facebook.com\/aedcoro\/","article_modified_time":"2026-01-21T16:49:08+00:00","twitter_card":"summary_large_image","twitter_site":"@aedcoro","twitter_misc":{"Estimated reading time":"6 minutes"},"schema":{"@context":"https:\/\/schema.org","@graph":[{"@type":"WebPage","@id":"https:\/\/aedcoro.com\/politica-de-privacidad\/","url":"https:\/\/aedcoro.com\/politica-de-privacidad\/","name":"Pol\u00edtica de privacidad - AEDCORO","isPartOf":{"@id":"https:\/\/aedcoro.com\/#website"},"datePublished":"2023-03-21T09:26:33+00:00","dateModified":"2026-01-21T16:49:08+00:00","breadcrumb":{"@id":"https:\/\/aedcoro.com\/politica-de-privacidad\/#breadcrumb"},"inLanguage":"en-GB","potentialAction":[{"@type":"ReadAction","target":["https:\/\/aedcoro.com\/politica-de-privacidad\/"]}]},{"@type":"BreadcrumbList","@id":"https:\/\/aedcoro.com\/politica-de-privacidad\/#breadcrumb","itemListElement":[{"@type":"ListItem","position":1,"name":"Portada","item":"https:\/\/aedcoro.com\/"},{"@type":"ListItem","position":2,"name":"Pol\u00edtica de privacidad"}]},{"@type":"WebSite","@id":"https:\/\/aedcoro.com\/#website","url":"https:\/\/aedcoro.com\/","name":"AEDCORO","description":"Spanish Association of Choir Directors","publisher":{"@id":"https:\/\/aedcoro.com\/#organization"},"potentialAction":[{"@type":"SearchAction","target":{"@type":"EntryPoint","urlTemplate":"https:\/\/aedcoro.com\/?s={search_term_string}"},"query-input":{"@type":"PropertyValueSpecification","valueRequired":true,"valueName":"search_term_string"}}],"inLanguage":"en-GB"},{"@type":"Organization","@id":"https:\/\/aedcoro.com\/#organization","name":"Spanish Association of Choir Directors","alternateName":"AEDCORO","url":"https:\/\/aedcoro.com\/","logo":{"@type":"ImageObject","inLanguage":"en-GB","@id":"https:\/\/aedcoro.com\/#\/schema\/logo\/image\/","url":"https:\/\/aedcoro.com\/wp-content\/uploads\/AEDCoro_logo.webp","contentUrl":"https:\/\/aedcoro.com\/wp-content\/uploads\/AEDCoro_logo.webp","width":500,"height":395,"caption":"Asociaci\u00f3n Espa\u00f1ola de Directores de Coro"},"image":{"@id":"https:\/\/aedcoro.com\/#\/schema\/logo\/image\/"},"sameAs":["https:\/\/www.facebook.com\/aedcoro\/","https:\/\/x.com\/aedcoro","https:\/\/www.instagram.com\/aedcoro\/","https:\/\/www.youtube.com\/channel\/UCx3RJQ3BMA4KmkstsrIZk-w"]}]}},"_links":{"self":[{"href":"https:\/\/aedcoro.com\/en\/wp-json\/wp\/v2\/pages\/3","targetHints":{"allow":["GET"]}}],"collection":[{"href":"https:\/\/aedcoro.com\/en\/wp-json\/wp\/v2\/pages"}],"about":[{"href":"https:\/\/aedcoro.com\/en\/wp-json\/wp\/v2\/types\/page"}],"author":[{"embeddable":true,"href":"https:\/\/aedcoro.com\/en\/wp-json\/wp\/v2\/users\/1"}],"replies":[{"embeddable":true,"href":"https:\/\/aedcoro.com\/en\/wp-json\/wp\/v2\/comments?post=3"}],"version-history":[{"count":8,"href":"https:\/\/aedcoro.com\/en\/wp-json\/wp\/v2\/pages\/3\/revisions"}],"predecessor-version":[{"id":10609,"href":"https:\/\/aedcoro.com\/en\/wp-json\/wp\/v2\/pages\/3\/revisions\/10609"}],"wp:attachment":[{"href":"https:\/\/aedcoro.com\/en\/wp-json\/wp\/v2\/media?parent=3"}],"curies":[{"name":"wp","href":"https:\/\/api.w.org\/{rel}","templated":true}]}}