{"id":9535,"date":"2025-10-29T15:25:01","date_gmt":"2025-10-29T14:25:01","guid":{"rendered":"https:\/\/aedcoro.com\/?page_id=9535"},"modified":"2026-02-10T10:37:03","modified_gmt":"2026-02-10T09:37:03","slug":"in-memoriam","status":"publish","type":"page","link":"https:\/\/aedcoro.com\/en\/in-memoriam\/","title":{"rendered":"In memoriam"},"content":{"rendered":"<div data-elementor-type=\"wp-page\" data-elementor-id=\"9535\" class=\"elementor elementor-9535\" data-elementor-post-type=\"page\">\n\t\t\t\t<div class=\"elementor-element elementor-element-4580992 e-flex e-con-boxed e-con e-parent\" data-id=\"4580992\" data-element_type=\"container\" data-e-type=\"container\" data-settings=\"{&quot;background_background&quot;:&quot;classic&quot;}\">\n\t\t\t\t\t<div class=\"e-con-inner\">\n\t\t<div class=\"elementor-element elementor-element-dfe15ab e-flex e-con-boxed e-con e-child\" data-id=\"dfe15ab\" data-element_type=\"container\" data-e-type=\"container\">\n\t\t\t\t\t<div class=\"e-con-inner\">\n\t\t\t\t<div class=\"elementor-element elementor-element-a09c187 elementor-invisible elementor-widget elementor-widget-heading\" data-id=\"a09c187\" data-element_type=\"widget\" data-e-type=\"widget\" data-settings=\"{&quot;_animation&quot;:&quot;fadeInUp&quot;}\" data-widget_type=\"heading.default\">\n\t\t\t\t<div class=\"elementor-widget-container\">\n\t\t\t\t\t<h1 class=\"elementor-heading-title elementor-size-default\">In memoriam<\/h1>\t\t\t\t<\/div>\n\t\t\t\t<\/div>\n\t\t\t\t\t<\/div>\n\t\t\t\t<\/div>\n\t\t\t\t\t<\/div>\n\t\t\t\t<\/div>\n\t\t<div class=\"elementor-element elementor-element-705061b7 e-flex e-con-boxed e-con e-parent\" data-id=\"705061b7\" data-element_type=\"container\" data-e-type=\"container\" data-settings=\"{&quot;background_background&quot;:&quot;classic&quot;}\">\n\t\t\t\t\t<div class=\"e-con-inner\">\n\t\t<div class=\"elementor-element elementor-element-45a60b2 e-flex e-con-boxed elementor-invisible e-con e-child\" data-id=\"45a60b2\" data-element_type=\"container\" data-e-type=\"container\" data-settings=\"{&quot;animation&quot;:&quot;fadeInDown&quot;}\">\n\t\t\t\t\t<div class=\"e-con-inner\">\n\t\t\t\t<div class=\"elementor-element elementor-element-9f205f8 elementor-widget-divider--separator-type-pattern elementor-widget-divider--view-line elementor-widget elementor-widget-divider\" data-id=\"9f205f8\" data-element_type=\"widget\" data-e-type=\"widget\" data-widget_type=\"divider.default\">\n\t\t\t\t<div class=\"elementor-widget-container\">\n\t\t\t\t\t\t\t<div class=\"elementor-divider\" style=\"--divider-pattern-url: url(&quot;data:image\/svg+xml,%3Csvg xmlns=&#039;http:\/\/www.w3.org\/2000\/svg&#039; preserveAspectRatio=&#039;none&#039; overflow=&#039;visible&#039; height=&#039;100%&#039; viewBox=&#039;0 0 24 24&#039; fill=&#039;none&#039; stroke=&#039;black&#039; stroke-width=&#039;1.2&#039; stroke-linecap=&#039;square&#039; stroke-miterlimit=&#039;10&#039;%3E%3Cpath d=&#039;M0,6c6,0,6,13,12,13S18,6,24,6&#039;\/%3E%3C\/svg%3E&quot;);\">\n\t\t\t<span class=\"elementor-divider-separator\">\n\t\t\t\t\t\t<\/span>\n\t\t<\/div>\n\t\t\t\t\t\t<\/div>\n\t\t\t\t<\/div>\n\t\t\t\t<div class=\"elementor-element elementor-element-2094324 elementor-widget elementor-widget-elementskit-heading\" data-id=\"2094324\" data-element_type=\"widget\" data-e-type=\"widget\" data-widget_type=\"elementskit-heading.default\">\n\t\t\t\t<div class=\"elementor-widget-container\">\n\t\t\t\t\t<div class=\"ekit-wid-con\" ><div class=\"ekit-heading elementskit-section-title-wraper text_center   ekit_heading_tablet-   ekit_heading_mobile-\"><span class=\"ekit-heading--title elementskit-section-title\">Lux aeterna luceat eis<\/span><\/div><\/div>\t\t\t\t<\/div>\n\t\t\t\t<\/div>\n\t\t\t\t<div class=\"elementor-element elementor-element-54fd23c elementor-widget-divider--separator-type-pattern elementor-widget-divider--view-line elementor-widget elementor-widget-divider\" data-id=\"54fd23c\" data-element_type=\"widget\" data-e-type=\"widget\" data-widget_type=\"divider.default\">\n\t\t\t\t<div class=\"elementor-widget-container\">\n\t\t\t\t\t\t\t<div class=\"elementor-divider\" style=\"--divider-pattern-url: url(&quot;data:image\/svg+xml,%3Csvg xmlns=&#039;http:\/\/www.w3.org\/2000\/svg&#039; preserveAspectRatio=&#039;none&#039; overflow=&#039;visible&#039; height=&#039;100%&#039; viewBox=&#039;0 0 24 24&#039; fill=&#039;none&#039; stroke=&#039;black&#039; stroke-width=&#039;1.2&#039; stroke-linecap=&#039;square&#039; stroke-miterlimit=&#039;10&#039;%3E%3Cpath d=&#039;M0,6c6,0,6,13,12,13S18,6,24,6&#039;\/%3E%3C\/svg%3E&quot;);\">\n\t\t\t<span class=\"elementor-divider-separator\">\n\t\t\t\t\t\t<\/span>\n\t\t<\/div>\n\t\t\t\t\t\t<\/div>\n\t\t\t\t<\/div>\n\t\t\t\t\t<\/div>\n\t\t\t\t<\/div>\n\t\t\t\t<div class=\"elementor-element elementor-element-98cfc9a elementor-widget elementor-widget-heading\" data-id=\"98cfc9a\" data-element_type=\"widget\" data-e-type=\"widget\" data-widget_type=\"heading.default\">\n\t\t\t\t<div class=\"elementor-widget-container\">\n\t\t\t\t\t<h2 class=\"elementor-heading-title elementor-size-default\">En recuerdo a los socios de AEDCORO que nos dejaron.\n\n<\/h2>\t\t\t\t<\/div>\n\t\t\t\t<\/div>\n\t\t<div class=\"elementor-element elementor-element-8afbe17 e-con-full e-grid e-con e-child\" data-id=\"8afbe17\" data-element_type=\"container\" data-e-type=\"container\">\n\t\t\t\t<div class=\"elementor-element elementor-element-73a9d7f elementor-widget elementor-widget-elementskit-team\" data-id=\"73a9d7f\" data-element_type=\"widget\" data-e-type=\"widget\" data-widget_type=\"elementskit-team.default\">\n\t\t\t\t<div class=\"elementor-widget-container\">\n\t\t\t\t\t<div class=\"ekit-wid-con\">\t\t\t\t\t\t\t\t\n\t\t<div class=\"profile-card elementor-animation- text-center ekit-team-style-default\">\n\t\t\t\n\t\t\t\t<div class=\"profile-header ekit-team-img ekit-img-overlay ekit-team-img-block\" >\n\t\t\t\t\t<img fetchpriority=\"high\" decoding=\"async\" width=\"800\" height=\"800\" src=\"https:\/\/aedcoro.com\/wp-content\/uploads\/Eusebio-Pita_byn.webp\" class=\"attachment-large size-large wp-image-9911\" alt=\"\" srcset=\"https:\/\/aedcoro.com\/wp-content\/uploads\/Eusebio-Pita_byn.webp 800w, https:\/\/aedcoro.com\/wp-content\/uploads\/Eusebio-Pita_byn-300x300.webp 300w, https:\/\/aedcoro.com\/wp-content\/uploads\/Eusebio-Pita_byn-150x150.webp 150w, https:\/\/aedcoro.com\/wp-content\/uploads\/Eusebio-Pita_byn-768x768.webp 768w, https:\/\/aedcoro.com\/wp-content\/uploads\/Eusebio-Pita_byn-12x12.webp 12w\" sizes=\"(max-width: 800px) 100vw, 800px\" \/>\t\t\t\t<\/div><!-- .profile-header END -->\n\t\t\t\n\n\t\t\t\t<div class=\"profile-body\">\n\t\t\t\t\t\n\t\t\t\t\t<h2 class=\"profile-title\">\n\t\t\t\t\t\t\t\t\t\t\tEusebio Pita\t\t\t\t\t\t\t\t\t\t<\/h2>\n\t\t\t\t\t<p class=\"profile-designation\">1961-2023<\/p>\n\t\t\t\t\t\t\t\t\t<\/div><!-- .profile-body END -->\n\n\t\t\t\t\t\t\t\t<\/div>\n\t\t\t\t\t\t\t\n\t\t\t\n\t\t\t\t<\/div>\t\t\t\t<\/div>\n\t\t\t\t<\/div>\n\t\t\t\t<div class=\"elementor-element elementor-element-9caddee elementor-widget elementor-widget-elementskit-team\" data-id=\"9caddee\" data-element_type=\"widget\" data-e-type=\"widget\" data-widget_type=\"elementskit-team.default\">\n\t\t\t\t<div class=\"elementor-widget-container\">\n\t\t\t\t\t<div class=\"ekit-wid-con\">\t\t\t\t\t\t\t\t\n\t\t<div class=\"profile-card elementor-animation- text-center ekit-team-style-default\">\n\t\t\t\n\t\t\t\t<div class=\"profile-header ekit-team-img ekit-img-overlay ekit-team-img-block\" >\n\t\t\t\t\t<img decoding=\"async\" width=\"800\" height=\"800\" src=\"https:\/\/aedcoro.com\/wp-content\/uploads\/Manuel-Cabero_in-memoriam.jpg\" class=\"attachment-large size-large wp-image-425\" alt=\"\" srcset=\"https:\/\/aedcoro.com\/wp-content\/uploads\/Manuel-Cabero_in-memoriam.jpg 800w, https:\/\/aedcoro.com\/wp-content\/uploads\/Manuel-Cabero_in-memoriam-300x300.jpg 300w, https:\/\/aedcoro.com\/wp-content\/uploads\/Manuel-Cabero_in-memoriam-150x150.jpg 150w, https:\/\/aedcoro.com\/wp-content\/uploads\/Manuel-Cabero_in-memoriam-768x768.jpg 768w\" sizes=\"(max-width: 800px) 100vw, 800px\" \/>\t\t\t\t<\/div><!-- .profile-header END -->\n\t\t\t\n\n\t\t\t\t<div class=\"profile-body\">\n\t\t\t\t\t\n\t\t\t\t\t<h2 class=\"profile-title\">\n\t\t\t\t\t\t\t\t\t\t\tManuel Cabero\t\t\t\t\t\t\t\t\t\t<\/h2>\n\t\t\t\t\t<p class=\"profile-designation\">1926-2022<\/p>\n\t\t\t\t\t\t\t\t\t<\/div><!-- .profile-body END -->\n\n\t\t\t\t\t\t\t\t<\/div>\n\t\t\t\t\t\t\t\n\t\t\t\n\t\t\t\t<\/div>\t\t\t\t<\/div>\n\t\t\t\t<\/div>\n\t\t\t\t<div class=\"elementor-element elementor-element-e92feb4 elementor-widget elementor-widget-elementskit-team\" data-id=\"e92feb4\" data-element_type=\"widget\" data-e-type=\"widget\" data-widget_type=\"elementskit-team.default\">\n\t\t\t\t<div class=\"elementor-widget-container\">\n\t\t\t\t\t<div class=\"ekit-wid-con\">\t\t\t\t\t\t\t\t\n\t\t<div class=\"profile-card elementor-animation- text-center ekit-team-style-default\">\n\t\t\t\t\t\t\t<a aria-label=\"profile\" href=\"javascript:void(0)\" data-mfp-src=\"#ekit_team_modal_e92feb4_9535\" class=\"ekit-team-popup\">\n\t\t\t\n\t\t\t\t<div class=\"profile-header ekit-team-img ekit-img-overlay ekit-team-img-block\"  data-toggle=\"modal\" data-target=\"ekit_team_modal_#e92feb4_9535\" >\n\t\t\t\t\t<img decoding=\"async\" width=\"800\" height=\"800\" src=\"https:\/\/aedcoro.com\/wp-content\/uploads\/Jose-Manuel-Lopez_in-memoriam.jpg\" class=\"attachment-large size-large wp-image-424\" alt=\"\" srcset=\"https:\/\/aedcoro.com\/wp-content\/uploads\/Jose-Manuel-Lopez_in-memoriam.jpg 800w, https:\/\/aedcoro.com\/wp-content\/uploads\/Jose-Manuel-Lopez_in-memoriam-300x300.jpg 300w, https:\/\/aedcoro.com\/wp-content\/uploads\/Jose-Manuel-Lopez_in-memoriam-150x150.jpg 150w, https:\/\/aedcoro.com\/wp-content\/uploads\/Jose-Manuel-Lopez_in-memoriam-768x768.jpg 768w\" sizes=\"(max-width: 800px) 100vw, 800px\" \/>\t\t\t\t<\/div><!-- .profile-header END -->\n\t\t\t\t\t\t\t<\/a>\n\t\t\t\n\n\t\t\t\t<div class=\"profile-body\">\n\t\t\t\t\t\n\t\t\t\t\t<h2 class=\"profile-title\">\n\t\t\t\t\t\t\t\t\t\t\t<a aria-label=\"profile\" href=\"javascript:void(0)\" data-mfp-src=\"#ekit_team_modal_e92feb4_9535\" class=\"ekit-team-popup\">\n\t\t\t\t\t\tJos\u00e9 Manuel L\u00f3pez\t\t\t\t\t\t<\/a>\n\t\t\t\t\t\t\t\t\t\t\t<\/h2>\n\t\t\t\t\t<p class=\"profile-designation\">1967-2022<\/p>\n\t\t\t\t\t\t\t\t\t<\/div><!-- .profile-body END -->\n\n\t\t\t\t\t\t\t\t<\/div>\n\t\t\t\t\t\t\t\n\t\t\t\n\t\t\t\t\t<div class=\"zoom-anim-dialog mfp-hide elementskit-team-popup team-popup-id-e92feb4\" id=\"ekit_team_modal_e92feb4_9535\" tabindex=\"-1\" role=\"dialog\" aria-modal=\"true\">\n\t\t\t\t<div class=\"modal-dialog modal-dialog-centered\" role=\"document\">\n\t\t\t\t\t<div class=\"modal-content\">\n\t\t\t\t\t\t<button type=\"button\" class=\"ekit-team-modal-close\">\n\t\t\t\t\t\t\t<svg aria-hidden=\"true\" class=\"e-font-icon-svg e-fas-times\" viewbox=\"0 0 352 512\" xmlns=\"http:\/\/www.w3.org\/2000\/svg\"><path d=\"M242.72 256l100.07-100.07c12.28-12.28 12.28-32.19 0-44.48l-22.24-22.24c-12.28-12.28-32.19-12.28-44.48 0L176 189.28 75.93 89.21c-12.28-12.28-32.19-12.28-44.48 0L9.21 111.45c-12.28 12.28-12.28 32.19 0 44.48L109.28 256 9.21 356.07c-12.28 12.28-12.28 32.19 0 44.48l22.24 22.24c12.28 12.28 32.2 12.28 44.48 0L176 322.72l100.07 100.07c12.28 12.28 32.2 12.28 44.48 0l22.24-22.24c12.28-12.28 12.28-32.19 0-44.48L242.72 256z\"><\/path><\/svg>\t\t\t\t\t\t<\/button>\n\n\t\t\t\t\t\t<div class=\"modal-body\">\n\t\t\t\t\t\t\t\t\t\t\t\t\t\t\t<div class=\"ekit-team-modal-img\">\n\t\t\t\t\t\t\t\t\t<img decoding=\"async\" width=\"800\" height=\"800\" src=\"https:\/\/aedcoro.com\/wp-content\/uploads\/Jose-Manuel-Lopez_in-memoriam.jpg\" class=\"attachment-large size-large wp-image-424\" alt=\"\" srcset=\"https:\/\/aedcoro.com\/wp-content\/uploads\/Jose-Manuel-Lopez_in-memoriam.jpg 800w, https:\/\/aedcoro.com\/wp-content\/uploads\/Jose-Manuel-Lopez_in-memoriam-300x300.jpg 300w, https:\/\/aedcoro.com\/wp-content\/uploads\/Jose-Manuel-Lopez_in-memoriam-150x150.jpg 150w, https:\/\/aedcoro.com\/wp-content\/uploads\/Jose-Manuel-Lopez_in-memoriam-768x768.jpg 768w\" sizes=\"(max-width: 800px) 100vw, 800px\" \/>\t\t\t\t\t\t\t\t<\/div>\n\t\t\t\t\t\t\t\n\t\t\t\t\t\t\t<div class=\"ekit-team-modal-info has-img\">\n\t\t\t\t\t\t\t\t<h2 class=\"ekit-team-modal-title\">Jos\u00e9 Manuel L\u00f3pez<\/h2>\n\t\t\t\t\t\t\t\t<p class=\"ekit-team-modal-position\">1967-2022<\/p>\n\n\t\t\t\t\t\t\t\t<div class=\"ekit-team-modal-content\">\n\t\t\t\t\t\t\t\t\tUn peque\u00f1o r\u00edo llamado Duden fluye junto a su casa y la abastece de lo necesario\t\t\t\t\t\t\t\t<\/div>\n\n\t\t\t\t\t\t\t\t\n\t\t\t\t\t\t\t\t\t\t\t\t\t\t\t<\/div>\n\t\t\t\t\t\t<\/div>\n\t\t\t\t\t<\/div>\n\t\t\t\t<\/div>\n\t\t\t<\/div>\n\t\t\t\t<\/div>\t\t\t\t<\/div>\n\t\t\t\t<\/div>\n\t\t\t\t<div class=\"elementor-element elementor-element-8abb55a elementor-widget elementor-widget-elementskit-team\" data-id=\"8abb55a\" data-element_type=\"widget\" data-e-type=\"widget\" data-widget_type=\"elementskit-team.default\">\n\t\t\t\t<div class=\"elementor-widget-container\">\n\t\t\t\t\t<div class=\"ekit-wid-con\">\t\t\t\t\t\t\t\t\n\t\t<div class=\"profile-card elementor-animation- text-center ekit-team-style-default\">\n\t\t\t\n\t\t\t\t<div class=\"profile-header ekit-team-img ekit-img-overlay ekit-team-img-block\" >\n\t\t\t\t\t<img loading=\"lazy\" decoding=\"async\" width=\"800\" height=\"800\" src=\"https:\/\/aedcoro.com\/wp-content\/uploads\/Alejandro-Yague_in-memoriam.jpg\" class=\"attachment-large size-large wp-image-423\" alt=\"\" srcset=\"https:\/\/aedcoro.com\/wp-content\/uploads\/Alejandro-Yague_in-memoriam.jpg 800w, https:\/\/aedcoro.com\/wp-content\/uploads\/Alejandro-Yague_in-memoriam-300x300.jpg 300w, https:\/\/aedcoro.com\/wp-content\/uploads\/Alejandro-Yague_in-memoriam-150x150.jpg 150w, https:\/\/aedcoro.com\/wp-content\/uploads\/Alejandro-Yague_in-memoriam-768x768.jpg 768w\" sizes=\"(max-width: 800px) 100vw, 800px\" \/>\t\t\t\t<\/div><!-- .profile-header END -->\n\t\t\t\n\n\t\t\t\t<div class=\"profile-body\">\n\t\t\t\t\t\n\t\t\t\t\t<h2 class=\"profile-title\">\n\t\t\t\t\t\t\t\t\t\t\tAlejandro Yag\u00fce\t\t\t\t\t\t\t\t\t\t<\/h2>\n\t\t\t\t\t<p class=\"profile-designation\">1947-2017<\/p>\n\t\t\t\t\t\t\t\t\t<\/div><!-- .profile-body END -->\n\n\t\t\t\t\t\t\t\t<\/div>\n\t\t\t\t\t\t\t\n\t\t\t\n\t\t\t\t<\/div>\t\t\t\t<\/div>\n\t\t\t\t<\/div>\n\t\t\t\t<\/div>\n\t\t\t\t\t<\/div>\n\t\t\t\t<\/div>\n\t\t\t\t<\/div>","protected":false},"excerpt":{"rendered":"<p>Lux aeterna luceat eis En recuerdo a los socios de AEDCORO que nos dejaron. Eusebio Pita 1961-2023 Manuel Cabero 1926-2022 Jos\u00e9 Manuel L\u00f3pez 1967-2022 Jos\u00e9 Manuel L\u00f3pez 1967-2022 Un peque\u00f1o [&hellip;]<\/p>\n","protected":false},"author":1,"featured_media":0,"parent":0,"menu_order":0,"comment_status":"closed","ping_status":"closed","template":"","meta":{"footnotes":""},"class_list":["post-9535","page","type-page","status-publish","hentry"],"yoast_head":"<!-- This site is optimized with the Yoast SEO plugin v27.5 - https:\/\/yoast.com\/product\/yoast-seo-wordpress\/ -->\n<title>In memoriam - AEDCORO<\/title>\n<meta name=\"robots\" content=\"index, follow, max-snippet:-1, max-image-preview:large, max-video-preview:-1\" \/>\n<link rel=\"canonical\" href=\"https:\/\/aedcoro.com\/en\/in-memoriam\/\" \/>\n<meta property=\"og:locale\" content=\"en_GB\" \/>\n<meta property=\"og:type\" content=\"article\" \/>\n<meta property=\"og:title\" content=\"In memoriam - AEDCORO\" \/>\n<meta property=\"og:description\" content=\"Lux aeterna luceat eis En recuerdo a los socios de AEDCORO que nos dejaron. Eusebio Pita 1961-2023 Manuel Cabero 1926-2022 Jos\u00e9 Manuel L\u00f3pez 1967-2022 Jos\u00e9 Manuel L\u00f3pez 1967-2022 Un peque\u00f1o [&hellip;]\" \/>\n<meta property=\"og:url\" content=\"https:\/\/aedcoro.com\/en\/in-memoriam\/\" \/>\n<meta property=\"og:site_name\" content=\"AEDCORO\" \/>\n<meta property=\"article:publisher\" content=\"https:\/\/www.facebook.com\/aedcoro\/\" \/>\n<meta property=\"article:modified_time\" content=\"2026-02-10T09:37:03+00:00\" \/>\n<meta property=\"og:image\" content=\"https:\/\/aedcoro.com\/wp-content\/uploads\/Eusebio-Pita_byn.webp\" \/>\n\t<meta property=\"og:image:width\" content=\"800\" \/>\n\t<meta property=\"og:image:height\" content=\"800\" \/>\n\t<meta property=\"og:image:type\" content=\"image\/webp\" \/>\n<meta name=\"twitter:card\" content=\"summary_large_image\" \/>\n<meta name=\"twitter:site\" content=\"@aedcoro\" \/>\n<meta name=\"twitter:label1\" content=\"Estimated reading time\" \/>\n\t<meta name=\"twitter:data1\" content=\"2 minutes\" \/>\n<script type=\"application\/ld+json\" class=\"yoast-schema-graph\">{\"@context\":\"https:\\\/\\\/schema.org\",\"@graph\":[{\"@type\":\"WebPage\",\"@id\":\"https:\\\/\\\/aedcoro.com\\\/in-memoriam\\\/\",\"url\":\"https:\\\/\\\/aedcoro.com\\\/in-memoriam\\\/\",\"name\":\"In memoriam - AEDCORO\",\"isPartOf\":{\"@id\":\"https:\\\/\\\/aedcoro.com\\\/#website\"},\"primaryImageOfPage\":{\"@id\":\"https:\\\/\\\/aedcoro.com\\\/in-memoriam\\\/#primaryimage\"},\"image\":{\"@id\":\"https:\\\/\\\/aedcoro.com\\\/in-memoriam\\\/#primaryimage\"},\"thumbnailUrl\":\"https:\\\/\\\/aedcoro.com\\\/wp-content\\\/uploads\\\/Eusebio-Pita_byn.webp\",\"datePublished\":\"2025-10-29T14:25:01+00:00\",\"dateModified\":\"2026-02-10T09:37:03+00:00\",\"breadcrumb\":{\"@id\":\"https:\\\/\\\/aedcoro.com\\\/in-memoriam\\\/#breadcrumb\"},\"inLanguage\":\"en-GB\",\"potentialAction\":[{\"@type\":\"ReadAction\",\"target\":[\"https:\\\/\\\/aedcoro.com\\\/in-memoriam\\\/\"]}]},{\"@type\":\"ImageObject\",\"inLanguage\":\"en-GB\",\"@id\":\"https:\\\/\\\/aedcoro.com\\\/in-memoriam\\\/#primaryimage\",\"url\":\"https:\\\/\\\/aedcoro.com\\\/wp-content\\\/uploads\\\/Eusebio-Pita_byn.webp\",\"contentUrl\":\"https:\\\/\\\/aedcoro.com\\\/wp-content\\\/uploads\\\/Eusebio-Pita_byn.webp\"},{\"@type\":\"BreadcrumbList\",\"@id\":\"https:\\\/\\\/aedcoro.com\\\/in-memoriam\\\/#breadcrumb\",\"itemListElement\":[{\"@type\":\"ListItem\",\"position\":1,\"name\":\"Portada\",\"item\":\"https:\\\/\\\/aedcoro.com\\\/\"},{\"@type\":\"ListItem\",\"position\":2,\"name\":\"In memoriam\"}]},{\"@type\":\"WebSite\",\"@id\":\"https:\\\/\\\/aedcoro.com\\\/#website\",\"url\":\"https:\\\/\\\/aedcoro.com\\\/\",\"name\":\"AEDCORO\",\"description\":\"Asociaci\u00f3n Espa\u00f1ola de Directores de Coro\",\"publisher\":{\"@id\":\"https:\\\/\\\/aedcoro.com\\\/#organization\"},\"potentialAction\":[{\"@type\":\"SearchAction\",\"target\":{\"@type\":\"EntryPoint\",\"urlTemplate\":\"https:\\\/\\\/aedcoro.com\\\/?s={search_term_string}\"},\"query-input\":{\"@type\":\"PropertyValueSpecification\",\"valueRequired\":true,\"valueName\":\"search_term_string\"}}],\"inLanguage\":\"en-GB\"},{\"@type\":\"Organization\",\"@id\":\"https:\\\/\\\/aedcoro.com\\\/#organization\",\"name\":\"Asociaci\u00f3n Espa\u00f1ola de Directores de Coro\",\"alternateName\":\"AEDCORO\",\"url\":\"https:\\\/\\\/aedcoro.com\\\/\",\"logo\":{\"@type\":\"ImageObject\",\"inLanguage\":\"en-GB\",\"@id\":\"https:\\\/\\\/aedcoro.com\\\/#\\\/schema\\\/logo\\\/image\\\/\",\"url\":\"https:\\\/\\\/aedcoro.com\\\/wp-content\\\/uploads\\\/AEDCoro_logo.webp\",\"contentUrl\":\"https:\\\/\\\/aedcoro.com\\\/wp-content\\\/uploads\\\/AEDCoro_logo.webp\",\"width\":500,\"height\":395,\"caption\":\"Asociaci\u00f3n Espa\u00f1ola de Directores de Coro\"},\"image\":{\"@id\":\"https:\\\/\\\/aedcoro.com\\\/#\\\/schema\\\/logo\\\/image\\\/\"},\"sameAs\":[\"https:\\\/\\\/www.facebook.com\\\/aedcoro\\\/\",\"https:\\\/\\\/x.com\\\/aedcoro\",\"https:\\\/\\\/www.instagram.com\\\/aedcoro\\\/\",\"https:\\\/\\\/www.youtube.com\\\/channel\\\/UCx3RJQ3BMA4KmkstsrIZk-w\"]}]}<\/script>\n<!-- \/ Yoast SEO plugin. -->","yoast_head_json":{"title":"In memoriam - AEDCORO","robots":{"index":"index","follow":"follow","max-snippet":"max-snippet:-1","max-image-preview":"max-image-preview:large","max-video-preview":"max-video-preview:-1"},"canonical":"https:\/\/aedcoro.com\/en\/in-memoriam\/","og_locale":"en_GB","og_type":"article","og_title":"In memoriam - AEDCORO","og_description":"Lux aeterna luceat eis En recuerdo a los socios de AEDCORO que nos dejaron. Eusebio Pita 1961-2023 Manuel Cabero 1926-2022 Jos\u00e9 Manuel L\u00f3pez 1967-2022 Jos\u00e9 Manuel L\u00f3pez 1967-2022 Un peque\u00f1o [&hellip;]","og_url":"https:\/\/aedcoro.com\/en\/in-memoriam\/","og_site_name":"AEDCORO","article_publisher":"https:\/\/www.facebook.com\/aedcoro\/","article_modified_time":"2026-02-10T09:37:03+00:00","og_image":[{"width":800,"height":800,"url":"https:\/\/aedcoro.com\/wp-content\/uploads\/Eusebio-Pita_byn.webp","type":"image\/webp"}],"twitter_card":"summary_large_image","twitter_site":"@aedcoro","twitter_misc":{"Estimated reading time":"2 minutes"},"schema":{"@context":"https:\/\/schema.org","@graph":[{"@type":"WebPage","@id":"https:\/\/aedcoro.com\/in-memoriam\/","url":"https:\/\/aedcoro.com\/in-memoriam\/","name":"In memoriam - AEDCORO","isPartOf":{"@id":"https:\/\/aedcoro.com\/#website"},"primaryImageOfPage":{"@id":"https:\/\/aedcoro.com\/in-memoriam\/#primaryimage"},"image":{"@id":"https:\/\/aedcoro.com\/in-memoriam\/#primaryimage"},"thumbnailUrl":"https:\/\/aedcoro.com\/wp-content\/uploads\/Eusebio-Pita_byn.webp","datePublished":"2025-10-29T14:25:01+00:00","dateModified":"2026-02-10T09:37:03+00:00","breadcrumb":{"@id":"https:\/\/aedcoro.com\/in-memoriam\/#breadcrumb"},"inLanguage":"en-GB","potentialAction":[{"@type":"ReadAction","target":["https:\/\/aedcoro.com\/in-memoriam\/"]}]},{"@type":"ImageObject","inLanguage":"en-GB","@id":"https:\/\/aedcoro.com\/in-memoriam\/#primaryimage","url":"https:\/\/aedcoro.com\/wp-content\/uploads\/Eusebio-Pita_byn.webp","contentUrl":"https:\/\/aedcoro.com\/wp-content\/uploads\/Eusebio-Pita_byn.webp"},{"@type":"BreadcrumbList","@id":"https:\/\/aedcoro.com\/in-memoriam\/#breadcrumb","itemListElement":[{"@type":"ListItem","position":1,"name":"Portada","item":"https:\/\/aedcoro.com\/"},{"@type":"ListItem","position":2,"name":"In memoriam"}]},{"@type":"WebSite","@id":"https:\/\/aedcoro.com\/#website","url":"https:\/\/aedcoro.com\/","name":"AEDCORO","description":"Spanish Association of Choir Directors","publisher":{"@id":"https:\/\/aedcoro.com\/#organization"},"potentialAction":[{"@type":"SearchAction","target":{"@type":"EntryPoint","urlTemplate":"https:\/\/aedcoro.com\/?s={search_term_string}"},"query-input":{"@type":"PropertyValueSpecification","valueRequired":true,"valueName":"search_term_string"}}],"inLanguage":"en-GB"},{"@type":"Organization","@id":"https:\/\/aedcoro.com\/#organization","name":"Spanish Association of Choir Directors","alternateName":"AEDCORO","url":"https:\/\/aedcoro.com\/","logo":{"@type":"ImageObject","inLanguage":"en-GB","@id":"https:\/\/aedcoro.com\/#\/schema\/logo\/image\/","url":"https:\/\/aedcoro.com\/wp-content\/uploads\/AEDCoro_logo.webp","contentUrl":"https:\/\/aedcoro.com\/wp-content\/uploads\/AEDCoro_logo.webp","width":500,"height":395,"caption":"Asociaci\u00f3n Espa\u00f1ola de Directores de Coro"},"image":{"@id":"https:\/\/aedcoro.com\/#\/schema\/logo\/image\/"},"sameAs":["https:\/\/www.facebook.com\/aedcoro\/","https:\/\/x.com\/aedcoro","https:\/\/www.instagram.com\/aedcoro\/","https:\/\/www.youtube.com\/channel\/UCx3RJQ3BMA4KmkstsrIZk-w"]}]}},"_links":{"self":[{"href":"https:\/\/aedcoro.com\/en\/wp-json\/wp\/v2\/pages\/9535","targetHints":{"allow":["GET"]}}],"collection":[{"href":"https:\/\/aedcoro.com\/en\/wp-json\/wp\/v2\/pages"}],"about":[{"href":"https:\/\/aedcoro.com\/en\/wp-json\/wp\/v2\/types\/page"}],"author":[{"embeddable":true,"href":"https:\/\/aedcoro.com\/en\/wp-json\/wp\/v2\/users\/1"}],"replies":[{"embeddable":true,"href":"https:\/\/aedcoro.com\/en\/wp-json\/wp\/v2\/comments?post=9535"}],"version-history":[{"count":92,"href":"https:\/\/aedcoro.com\/en\/wp-json\/wp\/v2\/pages\/9535\/revisions"}],"predecessor-version":[{"id":11139,"href":"https:\/\/aedcoro.com\/en\/wp-json\/wp\/v2\/pages\/9535\/revisions\/11139"}],"wp:attachment":[{"href":"https:\/\/aedcoro.com\/en\/wp-json\/wp\/v2\/media?parent=9535"}],"curies":[{"name":"wp","href":"https:\/\/api.w.org\/{rel}","templated":true}]}}